{"id":7689,"date":"2023-06-26T19:42:02","date_gmt":"2023-06-26T17:42:02","guid":{"rendered":"https:\/\/boldmedia.es\/lacultivada\/termini-e-condizioni-di-acquisto\/"},"modified":"2024-11-21T22:22:32","modified_gmt":"2024-11-21T21:22:32","slug":"termini-e-condizioni-di-acquisto","status":"publish","type":"page","link":"https:\/\/lacultivada.com\/it\/termini-e-condizioni-di-acquisto\/","title":{"rendered":"Termini e condizioni di acquisto"},"content":{"rendered":"\t\t<div data-elementor-type=\"wp-page\" data-elementor-id=\"7689\" class=\"elementor elementor-7689 elementor-7367\" data-elementor-post-type=\"page\">\n\t\t\t\t\t\t<section class=\"elementor-section elementor-top-section elementor-element elementor-element-26c1ee7 elementor-section-content-middle elementor-section-full_width elementor-section-height-default elementor-section-height-default\" data-id=\"26c1ee7\" data-element_type=\"section\" data-e-type=\"section\" data-settings=\"{&quot;background_background&quot;:&quot;classic&quot;}\">\n\t\t\t\t\t\t\t<div class=\"elementor-background-overlay\"><\/div>\n\t\t\t\t\t\t\t<div class=\"elementor-container elementor-column-gap-default\">\n\t\t\t\t\t<div class=\"elementor-column elementor-col-100 elementor-top-column elementor-element elementor-element-26445d7\" data-id=\"26445d7\" data-element_type=\"column\" data-e-type=\"column\">\n\t\t\t<div class=\"elementor-widget-wrap elementor-element-populated\">\n\t\t\t\t\t\t<div class=\"elementor-element elementor-element-13fa4a3 elementor-widget elementor-widget-heading\" data-id=\"13fa4a3\" data-element_type=\"widget\" data-e-type=\"widget\" data-widget_type=\"heading.default\">\n\t\t\t\t<div class=\"elementor-widget-container\">\n\t\t\t\t\t<h1 class=\"elementor-heading-title elementor-size-default\">Termini e condizioni di acquisto<\/h1>\t\t\t\t<\/div>\n\t\t\t\t<\/div>\n\t\t\t\t<div class=\"elementor-element elementor-element-6ed096c elementor-widget elementor-widget-text-editor\" data-id=\"6ed096c\" data-element_type=\"widget\" data-e-type=\"widget\" data-widget_type=\"text-editor.default\">\n\t\t\t\t<div class=\"elementor-widget-container\">\n\t\t\t\t\t\t\t\t\t<ol>\n<li>Ambito e mutuatario<\/li>\n<\/ol>\n\t\t\t\t\t\t\t\t<\/div>\n\t\t\t\t<\/div>\n\t\t\t\t<div class=\"elementor-element elementor-element-cbed788 elementor-widget elementor-widget-text-editor\" data-id=\"cbed788\" data-element_type=\"widget\" data-e-type=\"widget\" data-widget_type=\"text-editor.default\">\n\t\t\t\t<div class=\"elementor-widget-container\">\n\t\t\t\t\t\t\t\t\t<p>Le Condizioni generali di contratto si applicano ai contratti di vendita stipulati per via elettronica, attraverso il sito web www.lacultivada.com, tra Agraria Vecino Hens, S.L. e i consumatori e gli utenti che desiderano acquistare i prodotti ivi esposti.<\/p>\n\t\t\t\t\t\t\t\t<\/div>\n\t\t\t\t<\/div>\n\t\t\t\t<div class=\"elementor-element elementor-element-067d64f elementor-widget elementor-widget-text-editor\" data-id=\"067d64f\" data-element_type=\"widget\" data-e-type=\"widget\" data-widget_type=\"text-editor.default\">\n\t\t\t\t<div class=\"elementor-widget-container\">\n\t\t\t\t\t\t\t\t\t<p>2. Perfezionamento del contratto<\/p>\n\t\t\t\t\t\t\t\t<\/div>\n\t\t\t\t<\/div>\n\t\t\t\t<div class=\"elementor-element elementor-element-4b34272 elementor-widget elementor-widget-text-editor\" data-id=\"4b34272\" data-element_type=\"widget\" data-e-type=\"widget\" data-widget_type=\"text-editor.default\">\n\t\t\t\t<div class=\"elementor-widget-container\">\n\t\t\t\t\t\t\t\t\t<p>In conformit\u00e0 alle disposizioni del Codice Civile, il contratto si intende perfezionato dal momento in cui Agraria Vecino Hens, S.L. viene a conoscenza dell&#8217;accettazione dell&#8217;offerta da parte del cliente.<\/p>\n\t\t\t\t\t\t\t\t<\/div>\n\t\t\t\t<\/div>\n\t\t\t\t<div class=\"elementor-element elementor-element-53e21cf elementor-widget elementor-widget-text-editor\" data-id=\"53e21cf\" data-element_type=\"widget\" data-e-type=\"widget\" data-widget_type=\"text-editor.default\">\n\t\t\t\t<div class=\"elementor-widget-container\">\n\t\t\t\t\t\t\t\t\t<p>3. Accettazione delle Condizioni Generali di Acquisto<\/p>\n\t\t\t\t\t\t\t\t<\/div>\n\t\t\t\t<\/div>\n\t\t\t\t<div class=\"elementor-element elementor-element-2852202 elementor-widget elementor-widget-text-editor\" data-id=\"2852202\" data-element_type=\"widget\" data-e-type=\"widget\" data-widget_type=\"text-editor.default\">\n\t\t\t\t<div class=\"elementor-widget-container\">\n\t\t\t\t\t\t\t\t\t<p>Prima di concludere il contratto, il cliente deve leggere le Condizioni Generali di Acquisto e accettarle selezionando la casella corrispondente durante il processo di ordinazione.<\/p>\n\t\t\t\t\t\t\t\t<\/div>\n\t\t\t\t<\/div>\n\t\t\t\t<div class=\"elementor-element elementor-element-7f37930 elementor-widget elementor-widget-text-editor\" data-id=\"7f37930\" data-element_type=\"widget\" data-e-type=\"widget\" data-widget_type=\"text-editor.default\">\n\t\t\t\t<div class=\"elementor-widget-container\">\n\t\t\t\t\t\t\t\t\t<p>4. Archiviazione \/ Protezione dei dati<\/p>\n\t\t\t\t\t\t\t\t<\/div>\n\t\t\t\t<\/div>\n\t\t\t\t<div class=\"elementor-element elementor-element-607145f elementor-widget elementor-widget-text-editor\" data-id=\"607145f\" data-element_type=\"widget\" data-e-type=\"widget\" data-widget_type=\"text-editor.default\">\n\t\t\t\t<div class=\"elementor-widget-container\">\n\t\t\t\t\t\t\t\t\t<p>I dati personali che ci fornirete, cos\u00ec come quelli generati durante l&#8217;utilizzo dei nostri servizi, saranno inseriti in un archivio sotto la responsabilit\u00e0 di Agraria Vecino Hens, S.L., al fine di fornirvi le informazioni richieste, gestire i prodotti o i servizi contrattati e tenervi informati sui prodotti, sempre che abbiate dato il vostro consenso preventivo a tal fine, sui servizi o sulle novit\u00e0, relative al settore della sicurezza informatica, che potrebbero interessarvi. L&#8217;utente autorizza Agraria Vecino Hens, S.L. a ricevere la conferma di ricezione e lettura delle comunicazioni inviate via e-mail.<\/p>\n<p>In ogni caso, \u00e8 garantita la possibilit\u00e0 di esercitare i diritti di accesso, rettifica, cancellazione e opposizione al trattamento dei propri dati, inviando una comunicazione scritta all&#8217;indirizzo indicato o all&#8217;indirizzo e-mail hola@lacultivada.com.<\/p>\n\t\t\t\t\t\t\t\t<\/div>\n\t\t\t\t<\/div>\n\t\t\t\t<div class=\"elementor-element elementor-element-e153936 elementor-widget elementor-widget-text-editor\" data-id=\"e153936\" data-element_type=\"widget\" data-e-type=\"widget\" data-widget_type=\"text-editor.default\">\n\t\t\t\t<div class=\"elementor-widget-container\">\n\t\t\t\t\t\t\t\t\t<p>5. Il prezzo<\/p>\n\t\t\t\t\t\t\t\t<\/div>\n\t\t\t\t<\/div>\n\t\t\t\t<div class=\"elementor-element elementor-element-362f351 elementor-widget elementor-widget-text-editor\" data-id=\"362f351\" data-element_type=\"widget\" data-e-type=\"widget\" data-widget_type=\"text-editor.default\">\n\t\t\t\t<div class=\"elementor-widget-container\">\n\t\t\t\t\t\t\t\t\t<p>I prezzi dei nostri prodotti contengono l&#8217;IVA applicabile secondo la legislazione vigente. I prezzi indicati sul nostro sito, compresi gli altri articoli, sono espressi in euro. Le spese di spedizione non sono incluse nei prezzi indicati sul nostro sito web, salvo alcune eccezioni. Qualsiasi altro costo aggiuntivo che possa sorgere \u00e8 a carico dell&#8217;acquirente, che sar\u00e0 informato di tutti gli importi e del conseguente prezzo finale prima della conclusione del contratto.<\/p>\n<p>Le consegne verso destinazioni al di fuori dell&#8217;Unione Europea possono comportare costi aggiuntivi e possono essere soggette a tasse e imposte, in particolare imposte doganali e sul valore aggiunto all&#8217;importazione. Tutti i costi derivanti dalla destinazione al di fuori dell&#8217;UE sono a carico dell&#8217;acquirente.<\/p>\n\t\t\t\t\t\t\t\t<\/div>\n\t\t\t\t<\/div>\n\t\t\t\t<div class=\"elementor-element elementor-element-fbbe6c6 elementor-widget elementor-widget-text-editor\" data-id=\"fbbe6c6\" data-element_type=\"widget\" data-e-type=\"widget\" data-widget_type=\"text-editor.default\">\n\t\t\t\t<div class=\"elementor-widget-container\">\n\t\t\t\t\t\t\t\t\t<p>6. Spedizione e consegna<\/p>\n\t\t\t\t\t\t\t\t<\/div>\n\t\t\t\t<\/div>\n\t\t\t\t<div class=\"elementor-element elementor-element-a9f5663 elementor-widget-laptop__width-initial elementor-widget elementor-widget-text-editor\" data-id=\"a9f5663\" data-element_type=\"widget\" data-e-type=\"widget\" data-widget_type=\"text-editor.default\">\n\t\t\t\t<div class=\"elementor-widget-container\">\n\t\t\t\t\t\t\t\t\t<p>Gli ordini de La Cultivada vengono spediti il venerd\u00ec. Gli ordini ricevuti il venerd\u00ec dopo le 12.00 saranno spediti il venerd\u00ec della settimana successiva. Non effettuiamo spedizioni nei giorni festivi e in altri giorni non lavorativi.<\/p>\n<p>Consegne nella Spagna continentale: i tempi di consegna sono di circa 3 o 4 giorni lavorativi. Questo periodo pu\u00f2 essere aumentato di 1 giorno lavorativo supplementare quando la consegna deve essere effettuata in aree molto remote.<\/p>\n<p>Consegne alle Isole Baleari: Le consegne alle Isole Baleari richiedono 24 ore in pi\u00f9 rispetto alla Spagna continentale.<\/p>\n<p>Consegne in altri Paesi europei: i tempi di consegna in altre destinazioni europee variano a seconda della destinazione in questione, con tempi di consegna abituali compresi tra 5 e 7 giorni lavorativi circa.<\/p>\n<p>Se volete essere informati sullo stato di consegna del vostro ordine, \u00e8 importante che ci forniate il vostro numero di cellulare e il vostro indirizzo e-mail.<\/p>\n<p>Non effettuiamo spedizioni verso le Isole Canarie, Ceuta e Melilla.<\/p>\n<p>L&#8217;importo esatto delle spese di spedizione \u00e8 indicato nel Mio carrello durante il processo di acquisto, a seconda del peso totale dell&#8217;ordine e della destinazione.<\/p>\n<p>La consegna dell&#8217;articolo avverr\u00e0 all&#8217;indirizzo indicato dal cliente al momento dell&#8217;acquisto. Se si desidera ricevere i prodotti La Cultivada a pi\u00f9 indirizzi diversi, si dovranno effettuare tanti processi di acquisto quanti sono gli indirizzi, non potendo scegliere pi\u00f9 di una destinazione nello stesso processo di acquisto.<\/p>\n<p>Il cliente deve verificare che la merce che arriva dopo l&#8217;acquisto corrisponda a quella ordinata.<\/p>\n<p>*\u00c8 consigliabile aprire l&#8217;imballaggio in presenza dell&#8217;addetto alla consegna prima di firmare la bolla di consegna, nel caso in cui il prodotto abbia subito danni o sia in cattive condizioni.<\/p>\n<p>Se non \u00e8 possibile, anche se il pacco sembra in perfette condizioni, chiedete al corriere di aggiungere una nota con la dicitura &#8220;In attesa di verifica dei danni nascosti&#8221;.<\/p>\n<p>In caso di segni di urti o danni esterni al pacco, dovete assicurarvi che il fattorino ne prenda nota sulla bolla di consegna.<\/p>\n<p>Se un prodotto arriva danneggiato a causa del trasporto, ne invieremo uno nuovo o rimborseremo l&#8217;importo corrispondente, a seconda di quanto concordato con il cliente. In caso di danneggiamento di uno o pi\u00f9 prodotti, \u00e8 essenziale che ci inviate, entro 24 ore dal ricevimento, le fotografie del prodotto danneggiato e del suo imballaggio a hola@lacultivada.com. Lacultivada.com si far\u00e0 carico delle spese di trasporto, tenendo conto dei motivi sopra indicati. Non si applica se la merce si \u00e8 deteriorata perch\u00e9 il destinatario non era disponibile a ricevere il pacco e ha dovuto portarlo in magazzino. Per maggiori informazioni su questo aspetto, si veda il punto 7.<\/p>\n<p>Se uno dei prodotti non corrisponde all&#8217;acquisto effettuato tramite il nostro sito web, vi invieremo i prodotti corretti o vi rimborseremo l&#8217;importo corrispondente. Lacultivada.com sar\u00e0 responsabile di eventuali costi di trasporto aggiuntivi.<\/p>\n\t\t\t\t\t\t\t\t<\/div>\n\t\t\t\t<\/div>\n\t\t\t\t<div class=\"elementor-element elementor-element-2d29552 elementor-widget elementor-widget-text-editor\" data-id=\"2d29552\" data-element_type=\"widget\" data-e-type=\"widget\" data-widget_type=\"text-editor.default\">\n\t\t\t\t<div class=\"elementor-widget-container\">\n\t\t\t\t\t\t\t\t\t<p>7. Restituzione<\/p>\n\t\t\t\t\t\t\t\t<\/div>\n\t\t\t\t<\/div>\n\t\t\t\t<div class=\"elementor-element elementor-element-059e703 elementor-widget elementor-widget-text-editor\" data-id=\"059e703\" data-element_type=\"widget\" data-e-type=\"widget\" data-widget_type=\"text-editor.default\">\n\t\t\t\t<div class=\"elementor-widget-container\">\n\t\t\t\t\t\t\t\t\t<p>Dal punto 6 si evince che il reso sar\u00e0 accettato solo se il prodotto \u00e8 stato danneggiato durante il trasporto o non corrisponde all&#8217;ordine. Nel caso in cui il prodotto sia danneggiato durante il trasporto, il cliente avr\u00e0 24 ore di tempo dalla data di ricevimento del prodotto per segnalare l&#8217;incidente. Dopo tale data, il diritto di recesso non pu\u00f2 essere esercitato.<\/p>\n<p>I passi da compiere in caso di danneggiamento di un articolo sono:<\/p>\n<p>7.1. Annotate l&#8217;incidente sulla bolla di consegna del corriere quando la ricevete. Questo vale solo nel caso in cui l&#8217;anomalia venga rilevata subito dopo la ricezione dell&#8217;ordine.<\/p>\n<p>7.2. Contattateci via e-mail il giorno stesso in cui ricevete la merce. \u00c8 &#8220;conditio sine qua non&#8221; per esercitare questo diritto che il danno venga segnalato entro 24 ore dalla consegna, inviando una e-mail a hola@lacultivada.com.<\/p>\n<p>7.3. Inviare fotografie via e-mail a hola@lacultivada.com, entro 24 ore dal ricevimento dell&#8217;ordine, mostrando il danno al prodotto, nonch\u00e9 le condizioni della scatola\/imballaggio insieme alle etichette di spedizione.<\/p>\n<p>7.4. Dopo aver ricevuto la foto, sarete informati via e-mail dei passi successivi da compiere.<\/p>\n<p>7.5. La Cultivada si far\u00e0 carico delle spese di restituzione del prodotto.<\/p>\n<p>7.6. Riceverete il prodotto indietro senza alcun costo, a condizione che ci abbiate informato il giorno della consegna del difetto, altrimenti non potremo occuparcene.<\/p>\n\t\t\t\t\t\t\t\t<\/div>\n\t\t\t\t<\/div>\n\t\t\t\t<div class=\"elementor-element elementor-element-2cea639 elementor-widget elementor-widget-text-editor\" data-id=\"2cea639\" data-element_type=\"widget\" data-e-type=\"widget\" data-widget_type=\"text-editor.default\">\n\t\t\t\t<div class=\"elementor-widget-container\">\n\t\t\t\t\t\t\t\t\t<p>8. Pagamento<\/p>\n\t\t\t\t\t\t\t\t<\/div>\n\t\t\t\t<\/div>\n\t\t\t\t<div class=\"elementor-element elementor-element-ae22845 elementor-widget elementor-widget-text-editor\" data-id=\"ae22845\" data-element_type=\"widget\" data-e-type=\"widget\" data-widget_type=\"text-editor.default\">\n\t\t\t\t<div class=\"elementor-widget-container\">\n\t\t\t\t\t\t\t\t\t<p>Per effettuare i vostri acquisti sul nostro sito web vi offriamo i seguenti metodi di pagamento: Carta bancaria (Visa, Mastercard, American Express); Paypal; bonifico bancario.<\/p>\n<p>Si prega di notare che la merce verr\u00e0 consegnata non appena il pagamento sar\u00e0 stato ricevuto. Vi consigliamo di pagare con carta di credito, in modo da ricevere il prodotto nel pi\u00f9 breve tempo possibile.<\/p>\n<p>I pagamenti con carta di credito saranno effettuati tramite la piattaforma Stripe, leader mondiale nei pagamenti online.<br \/>Stripe sar\u00e0 l&#8217;unico ad avere i vostri dati bancari, essendo un intermediario tra voi e AGRARIA VECINO HENS, S.L. Questo metodo di pagamento \u00e8 immediato: nel momento in cui effettuerete il pagamento, lo riceveremo e processeremo il vostro ordine il giorno lavorativo successivo.<\/p>\n<p>Stripe supporta VISA, MasterCard e American Express. Si tratta di un sistema molto semplice che offre le migliori garanzie di sicurezza disponibili.<br \/>Per motivi di sicurezza, se riceviamo un pagamento per un ordine il cui indirizzo di consegna non \u00e8 verificato da Stripe, rimborseremo e annulleremo l&#8217;ordine.<\/p>\n<p>AGRARIA VECINO HENS, S.L., \u00e8 un utente verificato di Stripe. Per maggiori informazioni visitate il sito https:\/\/stripe.com Si tratta di collegamenti esterni a siti con proprie condizioni d&#8217;uso e\/o politiche sulla privacy.<\/p>\n<p>I costi della transazione saranno a carico di AGRARIA VECINO HENS, S.L.<\/p>\n\t\t\t\t\t\t\t\t<\/div>\n\t\t\t\t<\/div>\n\t\t\t\t<div class=\"elementor-element elementor-element-fc9e714 elementor-widget elementor-widget-text-editor\" data-id=\"fc9e714\" data-element_type=\"widget\" data-e-type=\"widget\" data-widget_type=\"text-editor.default\">\n\t\t\t\t<div class=\"elementor-widget-container\">\n\t\t\t\t\t\t\t\t\t<p>9. Cancellazione dell&#8217;ordine<\/p>\n\t\t\t\t\t\t\t\t<\/div>\n\t\t\t\t<\/div>\n\t\t\t\t<div class=\"elementor-element elementor-element-14906fe elementor-widget elementor-widget-text-editor\" data-id=\"14906fe\" data-element_type=\"widget\" data-e-type=\"widget\" data-widget_type=\"text-editor.default\">\n\t\t\t\t<div class=\"elementor-widget-container\">\n\t\t\t\t\t\t\t\t\t<p>Il cliente pu\u00f2 annullare l&#8217;ordine scrivendo al nostro indirizzo hola@lacultivada.com entro 12 ore consecutive dall&#8217;ordine, a condizione che l&#8217;ordine non sia gi\u00e0 stato spedito a destinazione.<\/p>\n\t\t\t\t\t\t\t\t<\/div>\n\t\t\t\t<\/div>\n\t\t\t\t<div class=\"elementor-element elementor-element-2863bcd elementor-widget elementor-widget-text-editor\" data-id=\"2863bcd\" data-element_type=\"widget\" data-e-type=\"widget\" data-widget_type=\"text-editor.default\">\n\t\t\t\t<div class=\"elementor-widget-container\">\n\t\t\t\t\t\t\t\t\t<p>10. Ritiro<\/p>\n\t\t\t\t\t\t\t\t<\/div>\n\t\t\t\t<\/div>\n\t\t\t\t<div class=\"elementor-element elementor-element-4bf2530 elementor-widget elementor-widget-text-editor\" data-id=\"4bf2530\" data-element_type=\"widget\" data-e-type=\"widget\" data-widget_type=\"text-editor.default\">\n\t\t\t\t<div class=\"elementor-widget-container\">\n\t\t\t\t\t\t\t\t\tA causa del tipo di prodotti offerti su questo sito web, questo diritto non pu\u00f2 essere applicato, in quanto rientrano nelle eccezioni definite dalla legge. \t\t\t\t\t\t\t\t<\/div>\n\t\t\t\t<\/div>\n\t\t\t\t<div class=\"elementor-element elementor-element-5a6dfce elementor-widget elementor-widget-text-editor\" data-id=\"5a6dfce\" data-element_type=\"widget\" data-e-type=\"widget\" data-widget_type=\"text-editor.default\">\n\t\t\t\t<div class=\"elementor-widget-container\">\n\t\t\t\t\t\t\t\t\t<p>11. Reclami<\/p>\n\t\t\t\t\t\t\t\t<\/div>\n\t\t\t\t<\/div>\n\t\t\t\t<div class=\"elementor-element elementor-element-3953fb5 elementor-widget elementor-widget-text-editor\" data-id=\"3953fb5\" data-element_type=\"widget\" data-e-type=\"widget\" data-widget_type=\"text-editor.default\">\n\t\t\t\t<div class=\"elementor-widget-container\">\n\t\t\t\t\t\t\t\t\t<p>Il nostro servizio clienti \u00e8 a vostra disposizione per qualsiasi reclamo. \u00c8 possibile accedervi inviando un&#8217;e-mail a hola@lacultivada.com o per posta al seguente indirizzo La Cultivada Calle Reyes Cat\u00f3licos 11, 41001 Siviglia, Spagna.<\/p>\n\t\t\t\t\t\t\t\t<\/div>\n\t\t\t\t<\/div>\n\t\t\t\t\t<\/div>\n\t\t<\/div>\n\t\t\t\t\t<\/div>\n\t\t<\/section>\n\t\t\t\t<section class=\"elementor-section elementor-top-section elementor-element elementor-element-bbed09f elementor-section-boxed elementor-section-height-default elementor-section-height-default elementor-invisible\" data-id=\"bbed09f\" data-element_type=\"section\" data-e-type=\"section\" data-settings=\"{&quot;background_background&quot;:&quot;classic&quot;,&quot;animation&quot;:&quot;fadeInUp&quot;}\">\n\t\t\t\t\t\t<div class=\"elementor-container elementor-column-gap-default\">\n\t\t\t\t\t<div class=\"elementor-column elementor-col-100 elementor-top-column elementor-element elementor-element-6bc2392\" data-id=\"6bc2392\" data-element_type=\"column\" data-e-type=\"column\">\n\t\t\t<div class=\"elementor-widget-wrap elementor-element-populated\">\n\t\t\t\t\t\t<div class=\"elementor-element elementor-element-42676c1 elementor-invisible elementor-widget elementor-widget-heading\" data-id=\"42676c1\" data-element_type=\"widget\" data-e-type=\"widget\" data-settings=\"{&quot;_animation&quot;:&quot;fadeInUp&quot;}\" data-widget_type=\"heading.default\">\n\t\t\t\t<div class=\"elementor-widget-container\">\n\t\t\t\t\t<h2 class=\"elementor-heading-title elementor-size-default\">acquistare olio d'oliva biologico la cultivada<\/h2>\t\t\t\t<\/div>\n\t\t\t\t<\/div>\n\t\t\t\t<section class=\"elementor-section elementor-inner-section elementor-element elementor-element-aed516a elementor-section-full_width elementor-section-height-default elementor-section-height-default\" data-id=\"aed516a\" data-element_type=\"section\" data-e-type=\"section\">\n\t\t\t\t\t\t<div class=\"elementor-container elementor-column-gap-default\">\n\t\t\t\t\t<div class=\"elementor-column elementor-col-25 elementor-inner-column elementor-element elementor-element-1daa65e\" data-id=\"1daa65e\" data-element_type=\"column\" data-e-type=\"column\">\n\t\t\t<div class=\"elementor-widget-wrap elementor-element-populated\">\n\t\t\t\t\t\t<div class=\"elementor-element elementor-element-75a1d18 elementor-widget elementor-widget-image\" data-id=\"75a1d18\" data-element_type=\"widget\" data-e-type=\"widget\" data-widget_type=\"image.default\">\n\t\t\t\t<div class=\"elementor-widget-container\">\n\t\t\t\t\t\t\t\t\t\t\t\t\t\t\t\t<a href=\"https:\/\/lacultivada.com\/comprar-aove\/aove-arbequina-aceite-oliva-virgen-extra\/\">\n\t\t\t\t\t\t\t<img fetchpriority=\"high\" decoding=\"async\" width=\"450\" height=\"783\" src=\"https:\/\/lacultivada.com\/wp-content\/uploads\/2023\/04\/AOVE-Eco-Arbequina-premium-01.jpg\" class=\"elementor-animation-grow attachment-large size-large wp-image-3213\" alt=\"\" srcset=\"https:\/\/lacultivada.com\/wp-content\/uploads\/2023\/04\/AOVE-Eco-Arbequina-premium-01.jpg 450w, https:\/\/lacultivada.com\/wp-content\/uploads\/2023\/04\/AOVE-Eco-Arbequina-premium-01-172x300.jpg 172w, https:\/\/lacultivada.com\/wp-content\/uploads\/2023\/04\/AOVE-Eco-Arbequina-premium-01-400x696.jpg 400w\" sizes=\"(max-width: 450px) 100vw, 450px\" \/>\t\t\t\t\t\t\t\t<\/a>\n\t\t\t\t\t\t\t\t\t\t\t\t\t\t\t<\/div>\n\t\t\t\t<\/div>\n\t\t\t\t<div class=\"elementor-element elementor-element-7de79a2 premium-header-block premium-lq__none premium-box-lq__none elementor-widget elementor-widget-premium-addon-dual-header\" data-id=\"7de79a2\" data-element_type=\"widget\" data-e-type=\"widget\" data-widget_type=\"premium-addon-dual-header.default\">\n\t\t\t\t\t\n\t\t<div class=\"elementor-widget-container\">\n\t\t\t\t\t<h3 class=\"premium-dual-header-first-header \"><span class=\"premium-dual-header-first-span\">Arbequina <\/span><span class=\"premium-dual-header-second-header \">Profumato e sincero<\/span><\/h3> \t\t\t\t<\/div>\n\n\t\t\t\t\t\t<\/div>\n\t\t\t\t<div class=\"elementor-element elementor-element-e673389 elementor-align-center elementor-invisible elementor-widget elementor-widget-button\" data-id=\"e673389\" data-element_type=\"widget\" data-e-type=\"widget\" data-settings=\"{&quot;_animation&quot;:&quot;fadeInUp&quot;}\" data-widget_type=\"button.default\">\n\t\t\t\t<div class=\"elementor-widget-container\">\n\t\t\t\t\t\t\t\t\t<div class=\"elementor-button-wrapper\">\n\t\t\t\t\t<a class=\"elementor-button elementor-button-link elementor-size-md elementor-animation-grow\" href=\"https:\/\/lacultivada.com\/it\/comprar-aove\/aove-arbequina-olio-vergine-extra\/\">\n\t\t\t\t\t\t<span class=\"elementor-button-content-wrapper\">\n\t\t\t\t\t\t\t\t\t<span class=\"elementor-button-text\">Acquista<\/span>\n\t\t\t\t\t<\/span>\n\t\t\t\t\t<\/a>\n\t\t\t\t<\/div>\n\t\t\t\t\t\t\t\t<\/div>\n\t\t\t\t<\/div>\n\t\t\t\t\t<\/div>\n\t\t<\/div>\n\t\t\t\t<div class=\"elementor-column elementor-col-25 elementor-inner-column elementor-element elementor-element-c857da6\" data-id=\"c857da6\" data-element_type=\"column\" data-e-type=\"column\">\n\t\t\t<div class=\"elementor-widget-wrap elementor-element-populated\">\n\t\t\t\t\t\t<div class=\"elementor-element elementor-element-703030b elementor-widget elementor-widget-image\" data-id=\"703030b\" data-element_type=\"widget\" data-e-type=\"widget\" data-widget_type=\"image.default\">\n\t\t\t\t<div class=\"elementor-widget-container\">\n\t\t\t\t\t\t\t\t\t\t\t\t\t\t\t\t<a href=\"https:\/\/lacultivada.com\/comprar-aove\/aove-hojiblanca\/\">\n\t\t\t\t\t\t\t<img decoding=\"async\" width=\"450\" height=\"783\" src=\"https:\/\/lacultivada.com\/wp-content\/uploads\/2023\/04\/AOVE-Eco-Hojiblanca-premium-01.jpg\" class=\"elementor-animation-grow attachment-large size-large wp-image-3209\" alt=\"\" srcset=\"https:\/\/lacultivada.com\/wp-content\/uploads\/2023\/04\/AOVE-Eco-Hojiblanca-premium-01.jpg 450w, https:\/\/lacultivada.com\/wp-content\/uploads\/2023\/04\/AOVE-Eco-Hojiblanca-premium-01-172x300.jpg 172w, https:\/\/lacultivada.com\/wp-content\/uploads\/2023\/04\/AOVE-Eco-Hojiblanca-premium-01-400x696.jpg 400w\" sizes=\"(max-width: 450px) 100vw, 450px\" \/>\t\t\t\t\t\t\t\t<\/a>\n\t\t\t\t\t\t\t\t\t\t\t\t\t\t\t<\/div>\n\t\t\t\t<\/div>\n\t\t\t\t<div class=\"elementor-element elementor-element-976def4 premium-header-block premium-lq__none premium-box-lq__none elementor-widget elementor-widget-premium-addon-dual-header\" data-id=\"976def4\" data-element_type=\"widget\" data-e-type=\"widget\" data-widget_type=\"premium-addon-dual-header.default\">\n\t\t\t\t\t\n\t\t<div class=\"elementor-widget-container\">\n\t\t\t\t\t<h3 class=\"premium-dual-header-first-header \"><span class=\"premium-dual-header-first-span\">Hojiblanca <\/span><span class=\"premium-dual-header-second-header \">Espressivo e distinto<\/span><\/h3> \t\t\t\t<\/div>\n\n\t\t\t\t\t\t<\/div>\n\t\t\t\t<div class=\"elementor-element elementor-element-531cfd2 elementor-align-center elementor-invisible elementor-widget elementor-widget-button\" data-id=\"531cfd2\" data-element_type=\"widget\" data-e-type=\"widget\" data-settings=\"{&quot;_animation&quot;:&quot;fadeInUp&quot;}\" data-widget_type=\"button.default\">\n\t\t\t\t<div class=\"elementor-widget-container\">\n\t\t\t\t\t\t\t\t\t<div class=\"elementor-button-wrapper\">\n\t\t\t\t\t<a class=\"elementor-button elementor-button-link elementor-size-md elementor-animation-grow\" href=\"https:\/\/lacultivada.com\/it\/comprar-aove\/aove-hojiblanca\/\">\n\t\t\t\t\t\t<span class=\"elementor-button-content-wrapper\">\n\t\t\t\t\t\t\t\t\t<span class=\"elementor-button-text\">Acquista<\/span>\n\t\t\t\t\t<\/span>\n\t\t\t\t\t<\/a>\n\t\t\t\t<\/div>\n\t\t\t\t\t\t\t\t<\/div>\n\t\t\t\t<\/div>\n\t\t\t\t\t<\/div>\n\t\t<\/div>\n\t\t\t\t<div class=\"elementor-column elementor-col-25 elementor-inner-column elementor-element elementor-element-dcf82d7\" data-id=\"dcf82d7\" data-element_type=\"column\" data-e-type=\"column\">\n\t\t\t<div class=\"elementor-widget-wrap elementor-element-populated\">\n\t\t\t\t\t\t<div class=\"elementor-element elementor-element-518dd7b elementor-widget elementor-widget-image\" data-id=\"518dd7b\" data-element_type=\"widget\" data-e-type=\"widget\" data-widget_type=\"image.default\">\n\t\t\t\t<div class=\"elementor-widget-container\">\n\t\t\t\t\t\t\t\t\t\t\t\t\t\t\t\t<a href=\"https:\/\/lacultivada.com\/comprar-aove\/aove-picual\/\">\n\t\t\t\t\t\t\t<img decoding=\"async\" width=\"450\" height=\"783\" src=\"https:\/\/lacultivada.com\/wp-content\/uploads\/2023\/04\/AOVE-Eco-Picual-premium-01.jpg\" class=\"elementor-animation-grow attachment-large size-large wp-image-3205\" alt=\"\" srcset=\"https:\/\/lacultivada.com\/wp-content\/uploads\/2023\/04\/AOVE-Eco-Picual-premium-01.jpg 450w, https:\/\/lacultivada.com\/wp-content\/uploads\/2023\/04\/AOVE-Eco-Picual-premium-01-172x300.jpg 172w, https:\/\/lacultivada.com\/wp-content\/uploads\/2023\/04\/AOVE-Eco-Picual-premium-01-400x696.jpg 400w\" sizes=\"(max-width: 450px) 100vw, 450px\" \/>\t\t\t\t\t\t\t\t<\/a>\n\t\t\t\t\t\t\t\t\t\t\t\t\t\t\t<\/div>\n\t\t\t\t<\/div>\n\t\t\t\t<div class=\"elementor-element elementor-element-71b7065 premium-header-block premium-lq__none premium-box-lq__none elementor-widget elementor-widget-premium-addon-dual-header\" data-id=\"71b7065\" data-element_type=\"widget\" data-e-type=\"widget\" data-widget_type=\"premium-addon-dual-header.default\">\n\t\t\t\t\t\n\t\t<div class=\"elementor-widget-container\">\n\t\t\t\t\t<h3 class=\"premium-dual-header-first-header \"><span class=\"premium-dual-header-first-span\">Picual <\/span><span class=\"premium-dual-header-second-header \">Succulento e sensuale<\/span><\/h3> \t\t\t\t<\/div>\n\n\t\t\t\t\t\t<\/div>\n\t\t\t\t<div class=\"elementor-element elementor-element-db440c3 elementor-align-center elementor-invisible elementor-widget elementor-widget-button\" data-id=\"db440c3\" data-element_type=\"widget\" data-e-type=\"widget\" data-settings=\"{&quot;_animation&quot;:&quot;fadeInUp&quot;}\" data-widget_type=\"button.default\">\n\t\t\t\t<div class=\"elementor-widget-container\">\n\t\t\t\t\t\t\t\t\t<div class=\"elementor-button-wrapper\">\n\t\t\t\t\t<a class=\"elementor-button elementor-button-link elementor-size-md elementor-animation-grow\" href=\"https:\/\/lacultivada.com\/it\/comprar-aove\/aove-picual\/\">\n\t\t\t\t\t\t<span class=\"elementor-button-content-wrapper\">\n\t\t\t\t\t\t\t\t\t<span class=\"elementor-button-text\">Acquista<\/span>\n\t\t\t\t\t<\/span>\n\t\t\t\t\t<\/a>\n\t\t\t\t<\/div>\n\t\t\t\t\t\t\t\t<\/div>\n\t\t\t\t<\/div>\n\t\t\t\t\t<\/div>\n\t\t<\/div>\n\t\t\t\t<div class=\"elementor-column elementor-col-25 elementor-inner-column elementor-element elementor-element-18fb51e\" data-id=\"18fb51e\" data-element_type=\"column\" data-e-type=\"column\">\n\t\t\t<div class=\"elementor-widget-wrap elementor-element-populated\">\n\t\t\t\t\t\t<div class=\"elementor-element elementor-element-83a3748 elementor-widget elementor-widget-image\" data-id=\"83a3748\" data-element_type=\"widget\" data-e-type=\"widget\" data-widget_type=\"image.default\">\n\t\t\t\t<div class=\"elementor-widget-container\">\n\t\t\t\t\t\t\t\t\t\t\t\t\t\t\t\t<a href=\"https:\/\/lacultivada.com\/comprar-aove\/aove-quintaesencia\/\">\n\t\t\t\t\t\t\t<img loading=\"lazy\" decoding=\"async\" width=\"450\" height=\"783\" src=\"https:\/\/lacultivada.com\/wp-content\/uploads\/2023\/04\/AOVE-Eco-Quintaesencia-premium-01.jpg\" class=\"elementor-animation-grow attachment-large size-large wp-image-3201\" alt=\"\" srcset=\"https:\/\/lacultivada.com\/wp-content\/uploads\/2023\/04\/AOVE-Eco-Quintaesencia-premium-01.jpg 450w, https:\/\/lacultivada.com\/wp-content\/uploads\/2023\/04\/AOVE-Eco-Quintaesencia-premium-01-172x300.jpg 172w, https:\/\/lacultivada.com\/wp-content\/uploads\/2023\/04\/AOVE-Eco-Quintaesencia-premium-01-400x696.jpg 400w\" sizes=\"(max-width: 450px) 100vw, 450px\" \/>\t\t\t\t\t\t\t\t<\/a>\n\t\t\t\t\t\t\t\t\t\t\t\t\t\t\t<\/div>\n\t\t\t\t<\/div>\n\t\t\t\t<div class=\"elementor-element elementor-element-730c699 premium-header-block premium-lq__none premium-box-lq__none elementor-widget elementor-widget-premium-addon-dual-header\" data-id=\"730c699\" data-element_type=\"widget\" data-e-type=\"widget\" data-widget_type=\"premium-addon-dual-header.default\">\n\t\t\t\t\t\n\t\t<div class=\"elementor-widget-container\">\n\t\t\t\t\t<h3 class=\"premium-dual-header-first-header \"><span class=\"premium-dual-header-first-span\">Quintessenza <\/span><span class=\"premium-dual-header-second-header \">Etereo e persistente<\/span><\/h3> \t\t\t\t<\/div>\n\n\t\t\t\t\t\t<\/div>\n\t\t\t\t<div class=\"elementor-element elementor-element-d6cfa8a elementor-align-center elementor-invisible elementor-widget elementor-widget-button\" data-id=\"d6cfa8a\" data-element_type=\"widget\" data-e-type=\"widget\" data-settings=\"{&quot;_animation&quot;:&quot;fadeInUp&quot;}\" data-widget_type=\"button.default\">\n\t\t\t\t<div class=\"elementor-widget-container\">\n\t\t\t\t\t\t\t\t\t<div class=\"elementor-button-wrapper\">\n\t\t\t\t\t<a class=\"elementor-button elementor-button-link elementor-size-md elementor-animation-grow\" href=\"https:\/\/lacultivada.com\/it\/comprar-aove\/aove-quintaesencia\/\">\n\t\t\t\t\t\t<span class=\"elementor-button-content-wrapper\">\n\t\t\t\t\t\t\t\t\t<span class=\"elementor-button-text\">Acquista<\/span>\n\t\t\t\t\t<\/span>\n\t\t\t\t\t<\/a>\n\t\t\t\t<\/div>\n\t\t\t\t\t\t\t\t<\/div>\n\t\t\t\t<\/div>\n\t\t\t\t\t<\/div>\n\t\t<\/div>\n\t\t\t\t\t<\/div>\n\t\t<\/section>\n\t\t\t\t\t<\/div>\n\t\t<\/div>\n\t\t\t\t\t<\/div>\n\t\t<\/section>\n\t\t\t\t<\/div>\n\t\t","protected":false},"excerpt":{"rendered":"<p>Termini e condizioni di acquisto Ambito e mutuatario Le Condizioni generali di contratto si applicano ai contratti di vendita stipulati per via elettronica, attraverso il sito web www.lacultivada.com, tra Agraria Vecino Hens, S.L. e i consumatori e gli utenti che desiderano acquistare i prodotti ivi esposti. 2. Perfezionamento del contratto In conformit\u00e0 alle disposizioni del [&hellip;]<\/p>\n","protected":false},"author":1,"featured_media":3005,"parent":0,"menu_order":0,"comment_status":"closed","ping_status":"closed","template":"elementor_header_footer","meta":{"ocean_post_layout":"","ocean_both_sidebars_style":"","ocean_both_sidebars_content_width":0,"ocean_both_sidebars_sidebars_width":0,"ocean_sidebar":"0","ocean_second_sidebar":"0","ocean_disable_margins":"enable","ocean_add_body_class":"","ocean_shortcode_before_top_bar":"","ocean_shortcode_after_top_bar":"","ocean_shortcode_before_header":"","ocean_shortcode_after_header":"","ocean_has_shortcode":"","ocean_shortcode_after_title":"","ocean_shortcode_before_footer_widgets":"","ocean_shortcode_after_footer_widgets":"","ocean_shortcode_before_footer_bottom":"","ocean_shortcode_after_footer_bottom":"","ocean_display_top_bar":"default","ocean_display_header":"default","ocean_header_style":"","ocean_center_header_left_menu":"0","ocean_custom_header_template":"0","ocean_custom_logo":0,"ocean_custom_retina_logo":0,"ocean_custom_logo_max_width":0,"ocean_custom_logo_tablet_max_width":0,"ocean_custom_logo_mobile_max_width":0,"ocean_custom_logo_max_height":0,"ocean_custom_logo_tablet_max_height":0,"ocean_custom_logo_mobile_max_height":0,"ocean_header_custom_menu":"0","ocean_menu_typo_font_family":"0","ocean_menu_typo_font_subset":"","ocean_menu_typo_font_size":0,"ocean_menu_typo_font_size_tablet":0,"ocean_menu_typo_font_size_mobile":0,"ocean_menu_typo_font_size_unit":"px","ocean_menu_typo_font_weight":"","ocean_menu_typo_font_weight_tablet":"","ocean_menu_typo_font_weight_mobile":"","ocean_menu_typo_transform":"","ocean_menu_typo_transform_tablet":"","ocean_menu_typo_transform_mobile":"","ocean_menu_typo_line_height":0,"ocean_menu_typo_line_height_tablet":0,"ocean_menu_typo_line_height_mobile":0,"ocean_menu_typo_line_height_unit":"","ocean_menu_typo_spacing":0,"ocean_menu_typo_spacing_tablet":0,"ocean_menu_typo_spacing_mobile":0,"ocean_menu_typo_spacing_unit":"","ocean_menu_link_color":"","ocean_menu_link_color_hover":"","ocean_menu_link_color_active":"","ocean_menu_link_background":"","ocean_menu_link_hover_background":"","ocean_menu_link_active_background":"","ocean_menu_social_links_bg":"","ocean_menu_social_hover_links_bg":"","ocean_menu_social_links_color":"","ocean_menu_social_hover_links_color":"","ocean_disable_title":"default","ocean_disable_heading":"default","ocean_post_title":"","ocean_post_subheading":"","ocean_post_title_style":"","ocean_post_title_background_color":"","ocean_post_title_background":0,"ocean_post_title_bg_image_position":"","ocean_post_title_bg_image_attachment":"","ocean_post_title_bg_image_repeat":"","ocean_post_title_bg_image_size":"","ocean_post_title_height":0,"ocean_post_title_bg_overlay":0.5,"ocean_post_title_bg_overlay_color":"","ocean_disable_breadcrumbs":"default","ocean_breadcrumbs_color":"","ocean_breadcrumbs_separator_color":"","ocean_breadcrumbs_links_color":"","ocean_breadcrumbs_links_hover_color":"","ocean_display_footer_widgets":"default","ocean_display_footer_bottom":"default","ocean_custom_footer_template":"0","footnotes":""},"class_list":["post-7689","page","type-page","status-publish","has-post-thumbnail","hentry","entry","has-media","owp-thumbs-layout-horizontal","owp-btn-normal","owp-tabs-layout-horizontal","has-no-thumbnails","has-product-nav"],"yoast_head":"<!-- This site is optimized with the Yoast SEO plugin v27.4 - https:\/\/yoast.com\/product\/yoast-seo-wordpress\/ -->\n<title>Termini e condizioni di acquisto &#187; La Cultivada<\/title>\n<meta name=\"robots\" content=\"noindex, follow\" \/>\n<meta property=\"og:locale\" content=\"it_IT\" \/>\n<meta property=\"og:type\" content=\"article\" \/>\n<meta property=\"og:title\" content=\"Termini e condizioni di acquisto &#187; La Cultivada\" \/>\n<meta property=\"og:description\" content=\"Termini e condizioni di acquisto Ambito e mutuatario Le Condizioni generali di contratto si applicano ai contratti di vendita stipulati per via elettronica, attraverso il sito web www.lacultivada.com, tra Agraria Vecino Hens, S.L. e i consumatori e gli utenti che desiderano acquistare i prodotti ivi esposti. 2. Perfezionamento del contratto In conformit\u00e0 alle disposizioni del [&hellip;]\" \/>\n<meta property=\"og:url\" content=\"https:\/\/lacultivada.com\/it\/termini-e-condizioni-di-acquisto\/\" \/>\n<meta property=\"og:site_name\" content=\"La Cultivada\" \/>\n<meta property=\"article:publisher\" content=\"https:\/\/www.facebook.com\/lacultivadaaceitedeolivavirgenextra\/\" \/>\n<meta property=\"article:modified_time\" content=\"2024-11-21T21:22:32+00:00\" \/>\n<meta property=\"og:image\" content=\"https:\/\/lacultivada.com\/wp-content\/uploads\/2022\/12\/cata-aove-aceite-oliva-virgen-extra.jpg\" \/>\n\t<meta property=\"og:image:width\" content=\"1170\" \/>\n\t<meta property=\"og:image:height\" content=\"592\" \/>\n\t<meta property=\"og:image:type\" content=\"image\/jpeg\" \/>\n<meta name=\"twitter:card\" content=\"summary_large_image\" \/>\n<meta name=\"twitter:label1\" content=\"Tempo di lettura stimato\" \/>\n\t<meta name=\"twitter:data1\" content=\"7 minuti\" \/>\n<script type=\"application\/ld+json\" class=\"yoast-schema-graph\">{\"@context\":\"https:\\\/\\\/schema.org\",\"@graph\":[{\"@type\":\"WebPage\",\"@id\":\"https:\\\/\\\/lacultivada.com\\\/it\\\/termini-e-condizioni-di-acquisto\\\/\",\"url\":\"https:\\\/\\\/lacultivada.com\\\/it\\\/termini-e-condizioni-di-acquisto\\\/\",\"name\":\"Termini e condizioni di acquisto &#187; La Cultivada\",\"isPartOf\":{\"@id\":\"https:\\\/\\\/lacultivada.com\\\/it\\\/#website\"},\"primaryImageOfPage\":{\"@id\":\"https:\\\/\\\/lacultivada.com\\\/it\\\/termini-e-condizioni-di-acquisto\\\/#primaryimage\"},\"image\":{\"@id\":\"https:\\\/\\\/lacultivada.com\\\/it\\\/termini-e-condizioni-di-acquisto\\\/#primaryimage\"},\"thumbnailUrl\":\"https:\\\/\\\/lacultivada.com\\\/wp-content\\\/uploads\\\/2022\\\/12\\\/cata-aove-aceite-oliva-virgen-extra.jpg\",\"datePublished\":\"2023-06-26T17:42:02+00:00\",\"dateModified\":\"2024-11-21T21:22:32+00:00\",\"breadcrumb\":{\"@id\":\"https:\\\/\\\/lacultivada.com\\\/it\\\/termini-e-condizioni-di-acquisto\\\/#breadcrumb\"},\"inLanguage\":\"it-IT\",\"potentialAction\":[{\"@type\":\"ReadAction\",\"target\":[\"https:\\\/\\\/lacultivada.com\\\/it\\\/termini-e-condizioni-di-acquisto\\\/\"]}]},{\"@type\":\"ImageObject\",\"inLanguage\":\"it-IT\",\"@id\":\"https:\\\/\\\/lacultivada.com\\\/it\\\/termini-e-condizioni-di-acquisto\\\/#primaryimage\",\"url\":\"https:\\\/\\\/lacultivada.com\\\/wp-content\\\/uploads\\\/2022\\\/12\\\/cata-aove-aceite-oliva-virgen-extra.jpg\",\"contentUrl\":\"https:\\\/\\\/lacultivada.com\\\/wp-content\\\/uploads\\\/2022\\\/12\\\/cata-aove-aceite-oliva-virgen-extra.jpg\",\"width\":1170,\"height\":592},{\"@type\":\"BreadcrumbList\",\"@id\":\"https:\\\/\\\/lacultivada.com\\\/it\\\/termini-e-condizioni-di-acquisto\\\/#breadcrumb\",\"itemListElement\":[{\"@type\":\"ListItem\",\"position\":1,\"name\":\"Portada\",\"item\":\"https:\\\/\\\/lacultivada.com\\\/it\\\/casa\\\/\"},{\"@type\":\"ListItem\",\"position\":2,\"name\":\"Termini e condizioni di acquisto\"}]},{\"@type\":\"WebSite\",\"@id\":\"https:\\\/\\\/lacultivada.com\\\/it\\\/#website\",\"url\":\"https:\\\/\\\/lacultivada.com\\\/it\\\/\",\"name\":\"La Cultivada\",\"description\":\"AOVE Ecol\u00f3gico y Premium\",\"publisher\":{\"@id\":\"https:\\\/\\\/lacultivada.com\\\/it\\\/#organization\"},\"potentialAction\":[{\"@type\":\"SearchAction\",\"target\":{\"@type\":\"EntryPoint\",\"urlTemplate\":\"https:\\\/\\\/lacultivada.com\\\/it\\\/?s={search_term_string}\"},\"query-input\":{\"@type\":\"PropertyValueSpecification\",\"valueRequired\":true,\"valueName\":\"search_term_string\"}}],\"inLanguage\":\"it-IT\"},{\"@type\":\"Organization\",\"@id\":\"https:\\\/\\\/lacultivada.com\\\/it\\\/#organization\",\"name\":\"La Cultivada\",\"alternateName\":\"La Cultivada\",\"url\":\"https:\\\/\\\/lacultivada.com\\\/it\\\/\",\"logo\":{\"@type\":\"ImageObject\",\"inLanguage\":\"it-IT\",\"@id\":\"https:\\\/\\\/lacultivada.com\\\/it\\\/#\\\/schema\\\/logo\\\/image\\\/\",\"url\":\"https:\\\/\\\/lacultivada.com\\\/wp-content\\\/uploads\\\/2022\\\/12\\\/la-cultivada-aceites-aove.png\",\"contentUrl\":\"https:\\\/\\\/lacultivada.com\\\/wp-content\\\/uploads\\\/2022\\\/12\\\/la-cultivada-aceites-aove.png\",\"width\":726,\"height\":171,\"caption\":\"La Cultivada\"},\"image\":{\"@id\":\"https:\\\/\\\/lacultivada.com\\\/it\\\/#\\\/schema\\\/logo\\\/image\\\/\"},\"sameAs\":[\"https:\\\/\\\/www.facebook.com\\\/lacultivadaaceitedeolivavirgenextra\\\/\",\"https:\\\/\\\/www.instagram.com\\\/lacultivada\\\/\",\"https:\\\/\\\/www.youtube.com\\\/channel\\\/UCBEydcW4H3FqXkBMAaueJ9A\"]}]}<\/script>\n<!-- \/ Yoast SEO plugin. -->","yoast_head_json":{"title":"Termini e condizioni di acquisto &#187; La Cultivada","robots":{"index":"noindex","follow":"follow"},"og_locale":"it_IT","og_type":"article","og_title":"Termini e condizioni di acquisto &#187; La Cultivada","og_description":"Termini e condizioni di acquisto Ambito e mutuatario Le Condizioni generali di contratto si applicano ai contratti di vendita stipulati per via elettronica, attraverso il sito web www.lacultivada.com, tra Agraria Vecino Hens, S.L. e i consumatori e gli utenti che desiderano acquistare i prodotti ivi esposti. 2. Perfezionamento del contratto In conformit\u00e0 alle disposizioni del [&hellip;]","og_url":"https:\/\/lacultivada.com\/it\/termini-e-condizioni-di-acquisto\/","og_site_name":"La Cultivada","article_publisher":"https:\/\/www.facebook.com\/lacultivadaaceitedeolivavirgenextra\/","article_modified_time":"2024-11-21T21:22:32+00:00","og_image":[{"width":1170,"height":592,"url":"https:\/\/lacultivada.com\/wp-content\/uploads\/2022\/12\/cata-aove-aceite-oliva-virgen-extra.jpg","type":"image\/jpeg"}],"twitter_card":"summary_large_image","twitter_misc":{"Tempo di lettura stimato":"7 minuti"},"schema":{"@context":"https:\/\/schema.org","@graph":[{"@type":"WebPage","@id":"https:\/\/lacultivada.com\/it\/termini-e-condizioni-di-acquisto\/","url":"https:\/\/lacultivada.com\/it\/termini-e-condizioni-di-acquisto\/","name":"Termini e condizioni di acquisto &#187; La Cultivada","isPartOf":{"@id":"https:\/\/lacultivada.com\/it\/#website"},"primaryImageOfPage":{"@id":"https:\/\/lacultivada.com\/it\/termini-e-condizioni-di-acquisto\/#primaryimage"},"image":{"@id":"https:\/\/lacultivada.com\/it\/termini-e-condizioni-di-acquisto\/#primaryimage"},"thumbnailUrl":"https:\/\/lacultivada.com\/wp-content\/uploads\/2022\/12\/cata-aove-aceite-oliva-virgen-extra.jpg","datePublished":"2023-06-26T17:42:02+00:00","dateModified":"2024-11-21T21:22:32+00:00","breadcrumb":{"@id":"https:\/\/lacultivada.com\/it\/termini-e-condizioni-di-acquisto\/#breadcrumb"},"inLanguage":"it-IT","potentialAction":[{"@type":"ReadAction","target":["https:\/\/lacultivada.com\/it\/termini-e-condizioni-di-acquisto\/"]}]},{"@type":"ImageObject","inLanguage":"it-IT","@id":"https:\/\/lacultivada.com\/it\/termini-e-condizioni-di-acquisto\/#primaryimage","url":"https:\/\/lacultivada.com\/wp-content\/uploads\/2022\/12\/cata-aove-aceite-oliva-virgen-extra.jpg","contentUrl":"https:\/\/lacultivada.com\/wp-content\/uploads\/2022\/12\/cata-aove-aceite-oliva-virgen-extra.jpg","width":1170,"height":592},{"@type":"BreadcrumbList","@id":"https:\/\/lacultivada.com\/it\/termini-e-condizioni-di-acquisto\/#breadcrumb","itemListElement":[{"@type":"ListItem","position":1,"name":"Portada","item":"https:\/\/lacultivada.com\/it\/casa\/"},{"@type":"ListItem","position":2,"name":"Termini e condizioni di acquisto"}]},{"@type":"WebSite","@id":"https:\/\/lacultivada.com\/it\/#website","url":"https:\/\/lacultivada.com\/it\/","name":"La Cultivada","description":"AOVE Ecol\u00f3gico y Premium","publisher":{"@id":"https:\/\/lacultivada.com\/it\/#organization"},"potentialAction":[{"@type":"SearchAction","target":{"@type":"EntryPoint","urlTemplate":"https:\/\/lacultivada.com\/it\/?s={search_term_string}"},"query-input":{"@type":"PropertyValueSpecification","valueRequired":true,"valueName":"search_term_string"}}],"inLanguage":"it-IT"},{"@type":"Organization","@id":"https:\/\/lacultivada.com\/it\/#organization","name":"La Cultivada","alternateName":"La Cultivada","url":"https:\/\/lacultivada.com\/it\/","logo":{"@type":"ImageObject","inLanguage":"it-IT","@id":"https:\/\/lacultivada.com\/it\/#\/schema\/logo\/image\/","url":"https:\/\/lacultivada.com\/wp-content\/uploads\/2022\/12\/la-cultivada-aceites-aove.png","contentUrl":"https:\/\/lacultivada.com\/wp-content\/uploads\/2022\/12\/la-cultivada-aceites-aove.png","width":726,"height":171,"caption":"La Cultivada"},"image":{"@id":"https:\/\/lacultivada.com\/it\/#\/schema\/logo\/image\/"},"sameAs":["https:\/\/www.facebook.com\/lacultivadaaceitedeolivavirgenextra\/","https:\/\/www.instagram.com\/lacultivada\/","https:\/\/www.youtube.com\/channel\/UCBEydcW4H3FqXkBMAaueJ9A"]}]}},"_links":{"self":[{"href":"https:\/\/lacultivada.com\/it\/wp-json\/wp\/v2\/pages\/7689","targetHints":{"allow":["GET"]}}],"collection":[{"href":"https:\/\/lacultivada.com\/it\/wp-json\/wp\/v2\/pages"}],"about":[{"href":"https:\/\/lacultivada.com\/it\/wp-json\/wp\/v2\/types\/page"}],"author":[{"embeddable":true,"href":"https:\/\/lacultivada.com\/it\/wp-json\/wp\/v2\/users\/1"}],"replies":[{"embeddable":true,"href":"https:\/\/lacultivada.com\/it\/wp-json\/wp\/v2\/comments?post=7689"}],"version-history":[{"count":6,"href":"https:\/\/lacultivada.com\/it\/wp-json\/wp\/v2\/pages\/7689\/revisions"}],"predecessor-version":[{"id":27718,"href":"https:\/\/lacultivada.com\/it\/wp-json\/wp\/v2\/pages\/7689\/revisions\/27718"}],"wp:featuredmedia":[{"embeddable":true,"href":"https:\/\/lacultivada.com\/it\/wp-json\/wp\/v2\/media\/3005"}],"wp:attachment":[{"href":"https:\/\/lacultivada.com\/it\/wp-json\/wp\/v2\/media?parent=7689"}],"curies":[{"name":"wp","href":"https:\/\/api.w.org\/{rel}","templated":true}]}}