{"id":7041,"date":"2023-06-08T13:16:23","date_gmt":"2023-06-08T11:16:23","guid":{"rendered":"https:\/\/boldmedia.es\/lacultivada\/chi-siamo\/"},"modified":"2026-03-10T19:19:22","modified_gmt":"2026-03-10T18:19:22","slug":"chi-siamo","status":"publish","type":"page","link":"https:\/\/lacultivada.com\/it\/chi-siamo\/","title":{"rendered":"Chi siamo"},"content":{"rendered":"\t\t<div data-elementor-type=\"wp-page\" data-elementor-id=\"7041\" class=\"elementor elementor-7041 elementor-5635\" data-elementor-post-type=\"page\">\n\t\t\t\t\t\t<section class=\"elementor-section elementor-top-section elementor-element elementor-element-bd99f55 elementor-section-full_width elementor-section-height-default elementor-section-height-default\" data-id=\"bd99f55\" data-element_type=\"section\" data-e-type=\"section\">\n\t\t\t\t\t\t<div class=\"elementor-container elementor-column-gap-default\">\n\t\t\t\t\t<div class=\"elementor-column elementor-col-100 elementor-top-column elementor-element elementor-element-e5b89e7\" data-id=\"e5b89e7\" data-element_type=\"column\" data-e-type=\"column\">\n\t\t\t<div class=\"elementor-widget-wrap elementor-element-populated\">\n\t\t\t\t\t\t<div class=\"elementor-element elementor-element-ef89492 elementor-widget elementor-widget-video\" data-id=\"ef89492\" data-element_type=\"widget\" data-e-type=\"widget\" data-settings=\"{&quot;video_type&quot;:&quot;vimeo&quot;,&quot;loop&quot;:&quot;yes&quot;,&quot;show_image_overlay&quot;:&quot;yes&quot;,&quot;image_overlay&quot;:{&quot;url&quot;:&quot;https:\\\/\\\/lacultivada.com\\\/wp-content\\\/uploads\\\/2022\\\/12\\\/lechuzas-en-los-olivos.jpg&quot;,&quot;id&quot;:3065,&quot;size&quot;:&quot;&quot;,&quot;alt&quot;:&quot;&quot;,&quot;source&quot;:&quot;library&quot;},&quot;_animation&quot;:&quot;none&quot;}\" data-widget_type=\"video.default\">\n\t\t\t\t<div class=\"elementor-widget-container\">\n\t\t\t\t\t\t\t<div class=\"elementor-wrapper elementor-open-inline\">\n\t\t\t<iframe class=\"elementor-video-iframe\" allowfullscreen allow=\"clipboard-write\" title=\"vimeo Video Player\" src=\"https:\/\/player.vimeo.com\/video\/837608365?color=90DACF&amp;autopause=0&amp;loop=1&amp;muted=0&amp;title=0&amp;portrait=0&amp;byline=0#t=\"><\/iframe>\t\t\t\t<div class=\"elementor-custom-embed-image-overlay\" style=\"background-image: url(https:\/\/lacultivada.com\/wp-content\/uploads\/2022\/12\/lechuzas-en-los-olivos-768x618.jpg);\">\n\t\t\t\t\t\t\t\t\t\t\t\t\t\t\t\t<div class=\"elementor-custom-embed-play\" role=\"button\" aria-label=\"Riproduci video\" tabindex=\"0\">\n\t\t\t\t\t\t\t<svg aria-hidden=\"true\" class=\"e-font-icon-svg e-eicon-play\" viewBox=\"0 0 1000 1000\" xmlns=\"http:\/\/www.w3.org\/2000\/svg\"><path d=\"M838 162C746 71 633 25 500 25 371 25 258 71 163 162 71 254 25 367 25 500 25 633 71 746 163 837 254 929 367 979 500 979 633 979 746 933 838 837 929 746 975 633 975 500 975 367 929 254 838 162M808 192C892 279 933 379 933 500 933 621 892 725 808 808 725 892 621 938 500 938 379 938 279 896 196 808 113 725 67 621 67 500 67 379 108 279 196 192 279 108 383 62 500 62 621 62 721 108 808 192M438 392V642L642 517 438 392Z\"><\/path><\/svg>\t\t\t\t\t\t<\/div>\n\t\t\t\t\t\t\t\t\t<\/div>\n\t\t\t\t\t<\/div>\n\t\t\t\t\t\t<\/div>\n\t\t\t\t<\/div>\n\t\t\t\t<div class=\"elementor-element elementor-element-c705bd6 elementor-widget__width-initial elementor-invisible elementor-widget elementor-widget-text-editor\" data-id=\"c705bd6\" data-element_type=\"widget\" data-e-type=\"widget\" data-settings=\"{&quot;_animation&quot;:&quot;fadeInDown&quot;}\" data-widget_type=\"text-editor.default\">\n\t\t\t\t<div class=\"elementor-widget-container\">\n\t\t\t\t\t\t\t\t\t<p>\u00ab Il nostro sogno non \u00e8 quello di produrre il miglior olio di oliva del mondo,<br>ma per migliorare il mondo con il nostro olio di oliva. \u00bb<\/p>\t\t\t\t\t\t\t\t<\/div>\n\t\t\t\t<\/div>\n\t\t\t\t\t<\/div>\n\t\t<\/div>\n\t\t\t\t\t<\/div>\n\t\t<\/section>\n\t\t\t\t<section class=\"elementor-section elementor-top-section elementor-element elementor-element-26c1ee7 elementor-section-content-middle elementor-section-boxed elementor-section-height-default elementor-section-height-default\" data-id=\"26c1ee7\" data-element_type=\"section\" data-e-type=\"section\" data-settings=\"{&quot;background_background&quot;:&quot;classic&quot;}\">\n\t\t\t\t\t\t\t<div class=\"elementor-background-overlay\"><\/div>\n\t\t\t\t\t\t\t<div class=\"elementor-container elementor-column-gap-default\">\n\t\t\t\t\t<div class=\"elementor-column elementor-col-50 elementor-top-column elementor-element elementor-element-26445d7\" data-id=\"26445d7\" data-element_type=\"column\" data-e-type=\"column\">\n\t\t\t<div class=\"elementor-widget-wrap elementor-element-populated\">\n\t\t\t\t\t\t<div class=\"elementor-element elementor-element-c4dcd68 premium-header-block premium-lq__none premium-box-lq__none elementor-widget elementor-widget-premium-addon-dual-header\" data-id=\"c4dcd68\" data-element_type=\"widget\" data-e-type=\"widget\" data-widget_type=\"premium-addon-dual-header.default\">\n\t\t\t\t\t\n\t\t<div class=\"elementor-widget-container\">\n\t\t\t\t\t<h2 class=\"premium-dual-header-first-header \"><span class=\"premium-dual-header-first-span\">La nostra terra <\/span><span class=\"premium-dual-header-second-header \">La gioia nasce dalla Coltivazione<\/span><\/h2> \t\t\t\t<\/div>\n\n\t\t\t\t\t\t<\/div>\n\t\t\t\t<div class=\"elementor-element elementor-element-6ed096c elementor-widget elementor-widget-text-editor\" data-id=\"6ed096c\" data-element_type=\"widget\" data-e-type=\"widget\" data-widget_type=\"text-editor.default\">\n\t\t\t\t<div class=\"elementor-widget-container\">\n\t\t\t\t\t\t\t\t\t<p>Siamo un&#8217;<strong>azienda familiare<\/strong> che si ispira all&#8217;esempio dei nostri genitori che ci hanno lasciato in eredit\u00e0 questa terra. Nostro padre, Pedro Vecino Riera, ha rivitalizzato l&#8217;oliveto che un tempo si trovava nel <strong>Molino de Santa Ana<\/strong>, ereditato dai nostri nonni materni.<\/p><p>Il nostro albero genealogico materno \u00e8 ricco di cognomi tedeschi, italiani e francesi, a causa della colonizzazione avvenuta nella nostra regione sotto il regno di Carlo III, un episodio emozionante della nostra storia. Sappiamo che i coloni coltivavano frutteti, viti e ulivi.<\/p>\t\t\t\t\t\t\t\t<\/div>\n\t\t\t\t<\/div>\n\t\t\t\t\t<\/div>\n\t\t<\/div>\n\t\t\t\t<div class=\"elementor-column elementor-col-50 elementor-top-column elementor-element elementor-element-acd3352\" data-id=\"acd3352\" data-element_type=\"column\" data-e-type=\"column\">\n\t\t\t<div class=\"elementor-widget-wrap elementor-element-populated\">\n\t\t\t\t\t\t<div class=\"elementor-element elementor-element-607a581 elementor-widget elementor-widget-image-carousel\" data-id=\"607a581\" data-element_type=\"widget\" data-e-type=\"widget\" data-settings=\"{&quot;slides_to_show&quot;:&quot;1&quot;,&quot;navigation&quot;:&quot;none&quot;,&quot;autoplay&quot;:&quot;yes&quot;,&quot;pause_on_hover&quot;:&quot;yes&quot;,&quot;pause_on_interaction&quot;:&quot;yes&quot;,&quot;autoplay_speed&quot;:5000,&quot;infinite&quot;:&quot;yes&quot;,&quot;effect&quot;:&quot;slide&quot;,&quot;speed&quot;:500}\" data-widget_type=\"image-carousel.default\">\n\t\t\t\t<div class=\"elementor-widget-container\">\n\t\t\t\t\t\t\t<div class=\"elementor-image-carousel-wrapper swiper\" role=\"region\" aria-roledescription=\"carousel\" aria-label=\"Carrusel de im\u00e1genes\" dir=\"ltr\">\n\t\t\t<div class=\"elementor-image-carousel swiper-wrapper\" aria-live=\"off\">\n\t\t\t\t\t\t\t\t<div class=\"swiper-slide\" role=\"group\" aria-roledescription=\"slide\" aria-label=\"1 di 3\"><figure class=\"swiper-slide-inner\"><img decoding=\"async\" class=\"swiper-slide-image\" src=\"https:\/\/lacultivada.com\/wp-content\/uploads\/2023\/06\/ancestras-olivos.jpg\" alt=\"ancestras olivos\" \/><\/figure><\/div><div class=\"swiper-slide\" role=\"group\" aria-roledescription=\"slide\" aria-label=\"2 di 3\"><figure class=\"swiper-slide-inner\"><img decoding=\"async\" class=\"swiper-slide-image\" src=\"https:\/\/lacultivada.com\/wp-content\/uploads\/2023\/06\/quienes-somos-la-cultivada-aove.jpg\" alt=\"quienes somos La Cultivada Aove\" \/><\/figure><\/div><div class=\"swiper-slide\" role=\"group\" aria-roledescription=\"slide\" aria-label=\"3 di 3\"><figure class=\"swiper-slide-inner\"><img decoding=\"async\" class=\"swiper-slide-image\" src=\"https:\/\/lacultivada.com\/wp-content\/uploads\/2023\/06\/proxima-generacion-la-cultivada.jpg\" alt=\"pr\u00f3xima generaci\u00f3n la cultivada\" \/><\/figure><\/div>\t\t\t<\/div>\n\t\t\t\t\t\t\t\n\t\t\t\t\t\t\t\t\t<\/div>\n\t\t\t\t\t\t<\/div>\n\t\t\t\t<\/div>\n\t\t\t\t\t<\/div>\n\t\t<\/div>\n\t\t\t\t\t<\/div>\n\t\t<\/section>\n\t\t\t\t<section class=\"elementor-section elementor-top-section elementor-element elementor-element-95aae4b elementor-section-boxed elementor-section-height-default elementor-section-height-default\" data-id=\"95aae4b\" data-element_type=\"section\" data-e-type=\"section\" data-settings=\"{&quot;background_background&quot;:&quot;video&quot;,&quot;background_video_link&quot;:&quot;https:\\\/\\\/vimeo.com\\\/834694650?share=copy&quot;,&quot;background_video_start&quot;:1,&quot;background_play_on_mobile&quot;:&quot;yes&quot;}\">\n\t\t\t\t\t\t\t\t<div class=\"elementor-background-video-container\">\n\t\t\t\t\t\t\t\t\t\t\t\t\t<div class=\"elementor-background-video-embed\" role=\"presentation\"><\/div>\n\t\t\t\t\t\t\t\t\t\t\t\t<\/div>\n\t\t\t\t\t\t\t\t\t<div class=\"elementor-background-overlay\"><\/div>\n\t\t\t\t\t\t\t<div class=\"elementor-container elementor-column-gap-default\">\n\t\t\t\t\t<div class=\"elementor-column elementor-col-100 elementor-top-column elementor-element elementor-element-492fc15\" data-id=\"492fc15\" data-element_type=\"column\" data-e-type=\"column\">\n\t\t\t<div class=\"elementor-widget-wrap elementor-element-populated\">\n\t\t\t\t\t\t<div class=\"elementor-element elementor-element-77ead95 elementor-widget__width-initial elementor-invisible elementor-widget elementor-widget-text-editor\" data-id=\"77ead95\" data-element_type=\"widget\" data-e-type=\"widget\" data-settings=\"{&quot;_animation&quot;:&quot;fadeInDown&quot;}\" data-widget_type=\"text-editor.default\">\n\t\t\t\t<div class=\"elementor-widget-container\">\n\t\t\t\t\t\t\t\t\t<p>Il nostro trisnonno materno amava cos\u00ec tanto gli ulivi e l&#8217;olio che scambi\u00f2 importanti case coloniche con uliveti e frantoi. A lui dobbiamo il nostro amore per l&#8217;ulivo.<\/p>\t\t\t\t\t\t\t\t<\/div>\n\t\t\t\t<\/div>\n\t\t\t\t<div class=\"elementor-element elementor-element-ea8d55a elementor-widget elementor-widget-text-editor\" data-id=\"ea8d55a\" data-element_type=\"widget\" data-e-type=\"widget\" data-widget_type=\"text-editor.default\">\n\t\t\t\t<div class=\"elementor-widget-container\">\n\t\t\t\t\t\t\t\t\t<p>Le terre de La Cultivada si trovano nella campagna sud-occidentale di Cordoba, all&#8217;interno del famoso triangolo da cui provenivano gli oli pi\u00f9 prestigiosi dell&#8217;Impero Romano.<\/p>\t\t\t\t\t\t\t\t<\/div>\n\t\t\t\t<\/div>\n\t\t\t\t<div class=\"elementor-element elementor-element-051cb53 elementor-widget elementor-widget-text-editor\" data-id=\"051cb53\" data-element_type=\"widget\" data-e-type=\"widget\" data-widget_type=\"text-editor.default\">\n\t\t\t\t<div class=\"elementor-widget-container\">\n\t\t\t\t\t\t\t\t\t<p>Il nostro amato Molino de Santa Ana risale alla fine del 1800 ed \u00e8 conosciuto come &#8220;Molino Moderno&#8221; per l&#8217;avanzata tecnologia utilizzata in passato. Dalla tenuta si gode di una bella vista sul castello di Almod\u00f3var, legato al Califfato di Cordova, un periodo in cui la coltivazione dell&#8217;olivo veniva elogiata e l&#8217;olivo era addirittura nominato bene culturale.<\/p>\t\t\t\t\t\t\t\t<\/div>\n\t\t\t\t<\/div>\n\t\t\t\t\t<\/div>\n\t\t<\/div>\n\t\t\t\t\t<\/div>\n\t\t<\/section>\n\t\t\t\t<section class=\"elementor-section elementor-top-section elementor-element elementor-element-4792248 elementor-section-height-min-height elementor-section-boxed elementor-section-height-default elementor-section-items-middle\" data-id=\"4792248\" data-element_type=\"section\" data-e-type=\"section\" data-settings=\"{&quot;background_background&quot;:&quot;slideshow&quot;,&quot;background_slideshow_gallery&quot;:[{&quot;id&quot;:5831,&quot;url&quot;:&quot;https:\\\/\\\/lacultivada.com\\\/wp-content\\\/uploads\\\/2023\\\/06\\\/molino-de-santa-ana-cordoba-andalucia-02.jpg&quot;},{&quot;id&quot;:5740,&quot;url&quot;:&quot;https:\\\/\\\/lacultivada.com\\\/wp-content\\\/uploads\\\/2023\\\/06\\\/campo-olivos-cordoba-cultivo-biodinamico-eco.jpg&quot;},{&quot;id&quot;:6336,&quot;url&quot;:&quot;https:\\\/\\\/lacultivada.com\\\/wp-content\\\/uploads\\\/2023\\\/06\\\/cordoba-olivos-castillo-almodovar-01.jpg&quot;},{&quot;id&quot;:6330,&quot;url&quot;:&quot;https:\\\/\\\/lacultivada.com\\\/wp-content\\\/uploads\\\/2023\\\/06\\\/aceite-oliva-virgen-extra-la-cultivada.jpg&quot;}],&quot;background_slideshow_loop&quot;:&quot;yes&quot;,&quot;background_slideshow_slide_duration&quot;:5000,&quot;background_slideshow_slide_transition&quot;:&quot;fade&quot;,&quot;background_slideshow_transition_duration&quot;:500}\">\n\t\t\t\t\t\t<div class=\"elementor-container elementor-column-gap-default\">\n\t\t\t\t\t<div class=\"elementor-column elementor-col-100 elementor-top-column elementor-element elementor-element-bf309d5\" data-id=\"bf309d5\" data-element_type=\"column\" data-e-type=\"column\">\n\t\t\t<div class=\"elementor-widget-wrap\">\n\t\t\t\t\t\t\t<\/div>\n\t\t<\/div>\n\t\t\t\t\t<\/div>\n\t\t<\/section>\n\t\t\t\t<section class=\"elementor-section elementor-top-section elementor-element elementor-element-2b18100 elementor-section-boxed elementor-section-height-default elementor-section-height-default\" data-id=\"2b18100\" data-element_type=\"section\" data-e-type=\"section\" data-settings=\"{&quot;background_background&quot;:&quot;classic&quot;}\">\n\t\t\t\t\t\t<div class=\"elementor-container elementor-column-gap-default\">\n\t\t\t\t\t<div class=\"elementor-column elementor-col-100 elementor-top-column elementor-element elementor-element-5fffba2\" data-id=\"5fffba2\" data-element_type=\"column\" data-e-type=\"column\">\n\t\t\t<div class=\"elementor-widget-wrap elementor-element-populated\">\n\t\t\t\t\t\t<div class=\"elementor-element elementor-element-89393b1 premium-header-inline premium-lq__none premium-box-lq__none elementor-invisible elementor-widget elementor-widget-premium-addon-dual-header\" data-id=\"89393b1\" data-element_type=\"widget\" data-e-type=\"widget\" data-settings=\"{&quot;_animation&quot;:&quot;fadeInUp&quot;}\" data-widget_type=\"premium-addon-dual-header.default\">\n\t\t\t\t\t\n\t\t<div class=\"elementor-widget-container\">\n\t\t\t\t\t<h2 class=\"premium-dual-header-first-header \"><span class=\"premium-dual-header-first-span\">L'amore non domina; <\/span><span class=\"premium-dual-header-second-header \">Coltiva<\/span><\/h2> \t\t\t\t<\/div>\n\n\t\t\t\t\t\t<\/div>\n\t\t\t\t<div class=\"elementor-element elementor-element-5f4a3ab elementor-widget__width-initial elementor-widget elementor-widget-text-editor\" data-id=\"5f4a3ab\" data-element_type=\"widget\" data-e-type=\"widget\" data-widget_type=\"text-editor.default\">\n\t\t\t\t<div class=\"elementor-widget-container\">\n\t\t\t\t\t\t\t\t\t<p>La Cultivada \u00e8 nata da un sogno che voleva diventare realt\u00e0.<\/p><p>Nel 2007 sono tornato al sud, avvicinandomi alle terre coltivate dai miei antenati con l&#8217;intenzione di dare un nome all&#8217;olio di famiglia.<\/p><p>Un olio la cui eccellenza riechegger\u00e0 i valori di un&#8217;agricoltura civilizzata e del suo patto ancestrale con la natura. Divento un devoto dell&#8217;albero, un imprenditore e un ambasciatore di un succo che afferma l&#8217;identit\u00e0 del Mediterraneo, un patrimonio immemorabile e uno stile di vita sano.<\/p><p>La Cultivada esprime il sapore del suo ambiente, ci invita a essere consapevoli e creativi in cucina e nell&#8217;atto di mangiare, nutrendo i sensi, l&#8217;anima e il cuore. La Cultivada \u00e8 estetica ed etica; \u00e8 salute e ringraziamento; \u00e8 ascolto della natura ed esperienza mitologica.<\/p>\t\t\t\t\t\t\t\t<\/div>\n\t\t\t\t<\/div>\n\t\t\t\t<div class=\"elementor-element elementor-element-5148a8b elementor-widget elementor-widget-text-editor\" data-id=\"5148a8b\" data-element_type=\"widget\" data-e-type=\"widget\" data-widget_type=\"text-editor.default\">\n\t\t\t\t<div class=\"elementor-widget-container\">\n\t\t\t\t\t\t\t\t\tLa fondatrice de La Cultivada, Elena Vecino.\t\t\t\t\t\t\t\t<\/div>\n\t\t\t\t<\/div>\n\t\t\t\t\t<\/div>\n\t\t<\/div>\n\t\t\t\t\t<\/div>\n\t\t<\/section>\n\t\t\t\t<section class=\"elementor-section elementor-top-section elementor-element elementor-element-573b587 elementor-section-content-middle elementor-section-items-top elementor-section-full_width elementor-hidden-mobile elementor-section-height-min-height elementor-hidden-laptop elementor-hidden-tablet elementor-section-height-default\" data-id=\"573b587\" data-element_type=\"section\" data-e-type=\"section\" data-settings=\"{&quot;background_background&quot;:&quot;classic&quot;}\">\n\t\t\t\t\t\t\t<div class=\"elementor-background-overlay\"><\/div>\n\t\t\t\t\t\t\t<div class=\"elementor-container elementor-column-gap-default\">\n\t\t\t\t\t<div class=\"elementor-column elementor-col-50 elementor-top-column elementor-element elementor-element-67f1b28\" data-id=\"67f1b28\" data-element_type=\"column\" data-e-type=\"column\">\n\t\t\t<div class=\"elementor-widget-wrap\">\n\t\t\t\t\t\t\t<\/div>\n\t\t<\/div>\n\t\t\t\t<div class=\"elementor-column elementor-col-50 elementor-top-column elementor-element elementor-element-48eb80f\" data-id=\"48eb80f\" data-element_type=\"column\" data-e-type=\"column\" data-settings=\"{&quot;background_background&quot;:&quot;classic&quot;}\">\n\t\t\t<div class=\"elementor-widget-wrap elementor-element-populated\">\n\t\t\t\t\t\t<div class=\"elementor-element elementor-element-78da70a e-transform elementor-view-default elementor-widget elementor-widget-icon\" data-id=\"78da70a\" data-element_type=\"widget\" data-e-type=\"widget\" data-settings=\"{&quot;_transform_flipX_effect&quot;:&quot;transform&quot;}\" data-widget_type=\"icon.default\">\n\t\t\t\t<div class=\"elementor-widget-container\">\n\t\t\t\t\t\t\t<div class=\"elementor-icon-wrapper\">\n\t\t\t<div class=\"elementor-icon\">\n\t\t\t<svg xmlns=\"http:\/\/www.w3.org\/2000\/svg\" xmlns:xlink=\"http:\/\/www.w3.org\/1999\/xlink\" id=\"Capa_1\" x=\"0px\" y=\"0px\" width=\"76.3px\" height=\"48.7px\" viewBox=\"0 0 76.3 48.7\" style=\"enable-background:new 0 0 76.3 48.7;\" xml:space=\"preserve\"> <path d=\"M45.7,48.7c-0.5-0.5,1.9-4.7,3-6.3c1.2-1.6,9.1-9.8,9.6-9.3c0.5,0.6-3.4,8.3-6.2,11.3C49.3,47.4,46,48.9,45.7,48.7z M42.9,2.8c0.4-0.3,5,1.8,8.8,5.9c3.9,4.1,9.3,14.8,8.5,15.5C59.6,24.9,49.5,13.2,47.9,11C46.4,8.7,42.5,3.3,42.9,2.8z M29.3,45.8 c-1.3,0,6.5-11.5,13.9-15.2c1.9-0.9,4.9-2.1,5.5-1.5c0.4,0.4-4.9,5.7-7.2,7.4C39.3,38.1,31.2,45.8,29.3,45.8z M22.8,0.6 c0.3-0.3,3.6,0.4,9.4,4.2c4.3,2.8,11.6,11.9,10.8,12.7c-0.8,0.8-13.5-9.6-15.5-11.5C23.7,2.6,22.4,0.9,22.8,0.6z M14.8,41 c-1,0,3.3-7.1,10.4-11.3c3.6-2,8.6-4.1,9.1-3.5c0.5,0.4-1.5,2.6-3.8,4.2C28.3,32.1,15.8,41,14.8,41z M7.7,7.2c0.5-0.4,4,0.2,9.6,1.9 c6.9,2,13.2,8.1,12.5,8.8c-0.5,0.5-10-3.2-14.1-5.2C11.7,10.6,7.3,7.6,7.7,7.2z M0,24.6c0-0.7,2.4-1.9,8.9-3.3 c5.7-1.2,15.7-0.7,15.7,0.3c0,0.8-9.8,2.8-14.8,3.5C4.6,25.8,0,25.1,0,24.6z M75.4,37.3c0.8,0.7-1.7,2.9-2.2,2.4 C54.2,20.6,29.8,22.9,29.8,22.1C29.8,21.4,55.9,17.8,75.4,37.3z\"><\/path> <\/svg>\t\t\t<\/div>\n\t\t<\/div>\n\t\t\t\t\t\t<\/div>\n\t\t\t\t<\/div>\n\t\t\t\t<div class=\"elementor-element elementor-element-a9ea573 premium-header-block premium-lq__none premium-box-lq__none elementor-widget elementor-widget-premium-addon-dual-header\" data-id=\"a9ea573\" data-element_type=\"widget\" data-e-type=\"widget\" data-widget_type=\"premium-addon-dual-header.default\">\n\t\t\t\t\t\n\t\t<div class=\"elementor-widget-container\">\n\t\t\t\t\t<h2 class=\"premium-dual-header-first-header \"><span class=\"premium-dual-header-first-span\">Coltivare <\/span><span class=\"premium-dual-header-second-header \">un mondo migliore.<\/span><\/h2> \t\t\t\t<\/div>\n\n\t\t\t\t\t\t<\/div>\n\t\t\t\t<div class=\"elementor-element elementor-element-ee9de47 elementor-widget elementor-widget-text-editor\" data-id=\"ee9de47\" data-element_type=\"widget\" data-e-type=\"widget\" data-widget_type=\"text-editor.default\">\n\t\t\t\t<div class=\"elementor-widget-container\">\n\t\t\t\t\t\t\t\t\t<p>Siamo un piccolo team con forti legami personali e un alto grado di impegno. Il nostro obiettivo \u00e8 la qualit\u00e0, non la quantit\u00e0.<\/p><p><em><strong>Trattiamo chi compra una lattina come chi ne compra mille.<\/strong><\/em><\/p><p>Crediamo in ci\u00f2 che facciamo ed \u00e8 per questo che poniamo tanta cura nel processo di coltivazione, produzione e selezione dei nostri eccellenti oli.<\/p><p>Conosciamo i nostri clienti, i loro gusti, le loro esigenze e forniamo loro informazioni e formazione.<\/p>\t\t\t\t\t\t\t\t<\/div>\n\t\t\t\t<\/div>\n\t\t\t\t\t<\/div>\n\t\t<\/div>\n\t\t\t\t\t<\/div>\n\t\t<\/section>\n\t\t\t\t<section class=\"elementor-section elementor-top-section elementor-element elementor-element-59aed9f elementor-section-height-min-height elementor-section-full_width elementor-hidden-desktop elementor-section-height-default elementor-section-items-middle\" data-id=\"59aed9f\" data-element_type=\"section\" data-e-type=\"section\" data-settings=\"{&quot;background_background&quot;:&quot;classic&quot;}\">\n\t\t\t\t\t\t<div class=\"elementor-container elementor-column-gap-default\">\n\t\t\t\t\t<div class=\"elementor-column elementor-col-100 elementor-top-column elementor-element elementor-element-f07ba73\" data-id=\"f07ba73\" data-element_type=\"column\" data-e-type=\"column\">\n\t\t\t<div class=\"elementor-widget-wrap elementor-element-populated\">\n\t\t\t\t\t\t<div class=\"elementor-element elementor-element-f957364 elementor-widget elementor-widget-image\" data-id=\"f957364\" data-element_type=\"widget\" data-e-type=\"widget\" data-widget_type=\"image.default\">\n\t\t\t\t<div class=\"elementor-widget-container\">\n\t\t\t\t\t\t\t\t\t\t\t\t\t\t\t<img fetchpriority=\"high\" decoding=\"async\" width=\"1024\" height=\"741\" src=\"https:\/\/lacultivada.com\/wp-content\/uploads\/2023\/05\/cata-aceite-olive-virgen-extra-equipo-cultivado-1024x741.jpg\" class=\"attachment-large size-large wp-image-3835\" alt=\"cata aceite olive virgen extra La Cultivada\" srcset=\"https:\/\/lacultivada.com\/wp-content\/uploads\/2023\/05\/cata-aceite-olive-virgen-extra-equipo-cultivado-1024x741.jpg 1024w, https:\/\/lacultivada.com\/wp-content\/uploads\/2023\/05\/cata-aceite-olive-virgen-extra-equipo-cultivado-300x217.jpg 300w, https:\/\/lacultivada.com\/wp-content\/uploads\/2023\/05\/cata-aceite-olive-virgen-extra-equipo-cultivado-768x556.jpg 768w, https:\/\/lacultivada.com\/wp-content\/uploads\/2023\/05\/cata-aceite-olive-virgen-extra-equipo-cultivado-1536x1111.jpg 1536w, https:\/\/lacultivada.com\/wp-content\/uploads\/2023\/05\/cata-aceite-olive-virgen-extra-equipo-cultivado-400x289.jpg 400w, https:\/\/lacultivada.com\/wp-content\/uploads\/2023\/05\/cata-aceite-olive-virgen-extra-equipo-cultivado-800x579.jpg 800w, https:\/\/lacultivada.com\/wp-content\/uploads\/2023\/05\/cata-aceite-olive-virgen-extra-equipo-cultivado.jpg 1887w\" sizes=\"(max-width: 1024px) 100vw, 1024px\" \/>\t\t\t\t\t\t\t\t\t\t\t\t\t\t\t<\/div>\n\t\t\t\t<\/div>\n\t\t\t\t\t<\/div>\n\t\t<\/div>\n\t\t\t\t\t<\/div>\n\t\t<\/section>\n\t\t\t\t<section class=\"elementor-section elementor-top-section elementor-element elementor-element-d099d87 elementor-section-full_width elementor-hidden-desktop elementor-section-height-default elementor-section-height-default\" data-id=\"d099d87\" data-element_type=\"section\" data-e-type=\"section\" data-settings=\"{&quot;background_background&quot;:&quot;classic&quot;}\">\n\t\t\t\t\t\t<div class=\"elementor-container elementor-column-gap-default\">\n\t\t\t\t\t<div class=\"elementor-column elementor-col-100 elementor-top-column elementor-element elementor-element-1aca6c6\" data-id=\"1aca6c6\" data-element_type=\"column\" data-e-type=\"column\">\n\t\t\t<div class=\"elementor-widget-wrap elementor-element-populated\">\n\t\t\t\t\t\t<div class=\"elementor-element elementor-element-18877df e-transform elementor-view-default elementor-widget elementor-widget-icon\" data-id=\"18877df\" data-element_type=\"widget\" data-e-type=\"widget\" data-settings=\"{&quot;_transform_flipX_effect&quot;:&quot;transform&quot;}\" data-widget_type=\"icon.default\">\n\t\t\t\t<div class=\"elementor-widget-container\">\n\t\t\t\t\t\t\t<div class=\"elementor-icon-wrapper\">\n\t\t\t<div class=\"elementor-icon\">\n\t\t\t<svg xmlns=\"http:\/\/www.w3.org\/2000\/svg\" xmlns:xlink=\"http:\/\/www.w3.org\/1999\/xlink\" id=\"Capa_1\" x=\"0px\" y=\"0px\" width=\"76.3px\" height=\"48.7px\" viewBox=\"0 0 76.3 48.7\" style=\"enable-background:new 0 0 76.3 48.7;\" xml:space=\"preserve\"> <path d=\"M45.7,48.7c-0.5-0.5,1.9-4.7,3-6.3c1.2-1.6,9.1-9.8,9.6-9.3c0.5,0.6-3.4,8.3-6.2,11.3C49.3,47.4,46,48.9,45.7,48.7z M42.9,2.8c0.4-0.3,5,1.8,8.8,5.9c3.9,4.1,9.3,14.8,8.5,15.5C59.6,24.9,49.5,13.2,47.9,11C46.4,8.7,42.5,3.3,42.9,2.8z M29.3,45.8 c-1.3,0,6.5-11.5,13.9-15.2c1.9-0.9,4.9-2.1,5.5-1.5c0.4,0.4-4.9,5.7-7.2,7.4C39.3,38.1,31.2,45.8,29.3,45.8z M22.8,0.6 c0.3-0.3,3.6,0.4,9.4,4.2c4.3,2.8,11.6,11.9,10.8,12.7c-0.8,0.8-13.5-9.6-15.5-11.5C23.7,2.6,22.4,0.9,22.8,0.6z M14.8,41 c-1,0,3.3-7.1,10.4-11.3c3.6-2,8.6-4.1,9.1-3.5c0.5,0.4-1.5,2.6-3.8,4.2C28.3,32.1,15.8,41,14.8,41z M7.7,7.2c0.5-0.4,4,0.2,9.6,1.9 c6.9,2,13.2,8.1,12.5,8.8c-0.5,0.5-10-3.2-14.1-5.2C11.7,10.6,7.3,7.6,7.7,7.2z M0,24.6c0-0.7,2.4-1.9,8.9-3.3 c5.7-1.2,15.7-0.7,15.7,0.3c0,0.8-9.8,2.8-14.8,3.5C4.6,25.8,0,25.1,0,24.6z M75.4,37.3c0.8,0.7-1.7,2.9-2.2,2.4 C54.2,20.6,29.8,22.9,29.8,22.1C29.8,21.4,55.9,17.8,75.4,37.3z\"><\/path> <\/svg>\t\t\t<\/div>\n\t\t<\/div>\n\t\t\t\t\t\t<\/div>\n\t\t\t\t<\/div>\n\t\t\t\t<div class=\"elementor-element elementor-element-b01049f premium-header-block premium-lq__none premium-box-lq__none elementor-widget elementor-widget-premium-addon-dual-header\" data-id=\"b01049f\" data-element_type=\"widget\" data-e-type=\"widget\" data-widget_type=\"premium-addon-dual-header.default\">\n\t\t\t\t\t\n\t\t<div class=\"elementor-widget-container\">\n\t\t\t\t\t<h2 class=\"premium-dual-header-first-header \"><span class=\"premium-dual-header-first-span\">Coltivare <\/span><span class=\"premium-dual-header-second-header \">un mondo migliore.<\/span><\/h2> \t\t\t\t<\/div>\n\n\t\t\t\t\t\t<\/div>\n\t\t\t\t<div class=\"elementor-element elementor-element-117c155 elementor-widget elementor-widget-text-editor\" data-id=\"117c155\" data-element_type=\"widget\" data-e-type=\"widget\" data-widget_type=\"text-editor.default\">\n\t\t\t\t<div class=\"elementor-widget-container\">\n\t\t\t\t\t\t\t\t\t<p>Siamo un piccolo team con forti legami personali e un alto grado di impegno. Il nostro obiettivo \u00e8 la qualit\u00e0, non la quantit\u00e0.<\/p><p><em><strong>Trattiamo chi compra una lattina come chi ne compra mille.<\/strong><\/em><\/p><p>Crediamo in ci\u00f2 che facciamo ed \u00e8 per questo che poniamo tanta cura nel processo di coltivazione, produzione e selezione dei nostri eccellenti oli.<\/p><p>Conosciamo i nostri clienti, i loro gusti, le loro esigenze e forniamo loro informazioni e formazione.<\/p>\t\t\t\t\t\t\t\t<\/div>\n\t\t\t\t<\/div>\n\t\t\t\t\t<\/div>\n\t\t<\/div>\n\t\t\t\t\t<\/div>\n\t\t<\/section>\n\t\t\t\t<section class=\"elementor-section elementor-top-section elementor-element elementor-element-2684d93 elementor-section-boxed elementor-section-height-default elementor-section-height-default\" data-id=\"2684d93\" data-element_type=\"section\" data-e-type=\"section\">\n\t\t\t\t\t\t<div class=\"elementor-container elementor-column-gap-default\">\n\t\t\t\t\t<div class=\"elementor-column elementor-col-100 elementor-top-column elementor-element elementor-element-b2564eb\" data-id=\"b2564eb\" data-element_type=\"column\" data-e-type=\"column\">\n\t\t\t<div class=\"elementor-widget-wrap elementor-element-populated\">\n\t\t\t\t\t\t<div class=\"elementor-element elementor-element-a20ce16 premium-header-inline premium-lq__none premium-box-lq__none elementor-invisible elementor-widget elementor-widget-premium-addon-dual-header\" data-id=\"a20ce16\" data-element_type=\"widget\" data-e-type=\"widget\" data-settings=\"{&quot;_animation&quot;:&quot;fadeInUp&quot;}\" data-widget_type=\"premium-addon-dual-header.default\">\n\t\t\t\t\t\n\t\t<div class=\"elementor-widget-container\">\n\t\t\t\t\t<h2 class=\"premium-dual-header-first-header \"><span class=\"premium-dual-header-first-span\">Squadra <\/span><span class=\"premium-dual-header-second-header \">La Cultivada<\/span><\/h2> \t\t\t\t<\/div>\n\n\t\t\t\t\t\t<\/div>\n\t\t\t\t\t<\/div>\n\t\t<\/div>\n\t\t\t\t\t<\/div>\n\t\t<\/section>\n\t\t\t\t<section class=\"elementor-section elementor-top-section elementor-element elementor-element-6cf25200 elementor-section-content-middle elementor-section-boxed elementor-section-height-default elementor-section-height-default\" data-id=\"6cf25200\" data-element_type=\"section\" data-e-type=\"section\">\n\t\t\t\t\t\t<div class=\"elementor-container elementor-column-gap-no\">\n\t\t\t\t\t<div class=\"elementor-column elementor-col-33 elementor-top-column elementor-element elementor-element-9363c92\" data-id=\"9363c92\" data-element_type=\"column\" data-e-type=\"column\">\n\t\t\t<div class=\"elementor-widget-wrap elementor-element-populated\">\n\t\t\t\t\t\t<div class=\"elementor-element elementor-element-24b0e283 elementor-position-top elementor-widget elementor-widget-image-box\" data-id=\"24b0e283\" data-element_type=\"widget\" data-e-type=\"widget\" data-widget_type=\"image-box.default\">\n\t\t\t\t<div class=\"elementor-widget-container\">\n\t\t\t\t\t<div class=\"elementor-image-box-wrapper\"><figure class=\"elementor-image-box-img\"><img decoding=\"async\" width=\"500\" height=\"621\" src=\"https:\/\/lacultivada.com\/wp-content\/uploads\/2023\/06\/elena-vecino.jpg\" class=\"attachment-full size-full wp-image-5887\" alt=\"elena vecino\" srcset=\"https:\/\/lacultivada.com\/wp-content\/uploads\/2023\/06\/elena-vecino.jpg 500w, https:\/\/lacultivada.com\/wp-content\/uploads\/2023\/06\/elena-vecino-242x300.jpg 242w, https:\/\/lacultivada.com\/wp-content\/uploads\/2023\/06\/elena-vecino-400x497.jpg 400w\" sizes=\"(max-width: 500px) 100vw, 500px\" \/><\/figure><div class=\"elementor-image-box-content\"><h3 class=\"elementor-image-box-title\">elena vecino<\/h3><p class=\"elementor-image-box-description\">Fondatrice e CEO La Cultivada<\/p><\/div><\/div>\t\t\t\t<\/div>\n\t\t\t\t<\/div>\n\t\t\t\t<div class=\"elementor-element elementor-element-30b8668 elementor-widget elementor-widget-text-editor\" data-id=\"30b8668\" data-element_type=\"widget\" data-e-type=\"widget\" data-widget_type=\"text-editor.default\">\n\t\t\t\t<div class=\"elementor-widget-container\">\n\t\t\t\t\t\t\t\t\tLa donna olivo, amante della terra e della conoscenza.  \t\t\t\t\t\t\t\t<\/div>\n\t\t\t\t<\/div>\n\t\t\t\t<div class=\"elementor-element elementor-element-de1cc60 elementor-icon-list--layout-traditional elementor-list-item-link-full_width elementor-widget elementor-widget-icon-list\" data-id=\"de1cc60\" data-element_type=\"widget\" data-e-type=\"widget\" data-widget_type=\"icon-list.default\">\n\t\t\t\t<div class=\"elementor-widget-container\">\n\t\t\t\t\t\t\t<ul class=\"elementor-icon-list-items\">\n\t\t\t\t\t\t\t<li class=\"elementor-icon-list-item\">\n\t\t\t\t\t\t\t\t\t\t\t<a href=\"mailto:elena@lacultivada.com\">\n\n\t\t\t\t\t\t\t\t\t\t\t<span class=\"elementor-icon-list-text\">elena@lacultivada.com<\/span>\n\t\t\t\t\t\t\t\t\t\t\t<\/a>\n\t\t\t\t\t\t\t\t\t<\/li>\n\t\t\t\t\t\t\t\t<li class=\"elementor-icon-list-item\">\n\t\t\t\t\t\t\t\t\t\t\t<a href=\"https:\/\/api.whatsapp.com\/send?phone=+34667725825\">\n\n\t\t\t\t\t\t\t\t\t\t\t<span class=\"elementor-icon-list-text\">+34 667 725 825<br>(operativo solo tramite WhatsApp)<\/span>\n\t\t\t\t\t\t\t\t\t\t\t<\/a>\n\t\t\t\t\t\t\t\t\t<\/li>\n\t\t\t\t\t\t<\/ul>\n\t\t\t\t\t\t<\/div>\n\t\t\t\t<\/div>\n\t\t\t\t\t<\/div>\n\t\t<\/div>\n\t\t\t\t<div class=\"elementor-column elementor-col-33 elementor-top-column elementor-element elementor-element-69b8500\" data-id=\"69b8500\" data-element_type=\"column\" data-e-type=\"column\">\n\t\t\t<div class=\"elementor-widget-wrap elementor-element-populated\">\n\t\t\t\t\t\t<div class=\"elementor-element elementor-element-abf33df elementor-position-top elementor-widget elementor-widget-image-box\" data-id=\"abf33df\" data-element_type=\"widget\" data-e-type=\"widget\" data-widget_type=\"image-box.default\">\n\t\t\t\t<div class=\"elementor-widget-container\">\n\t\t\t\t\t<div class=\"elementor-image-box-wrapper\"><figure class=\"elementor-image-box-img\"><img decoding=\"async\" width=\"500\" height=\"621\" src=\"https:\/\/lacultivada.com\/wp-content\/uploads\/2023\/06\/sharon-page.jpg\" class=\"attachment-full size-full wp-image-5892\" alt=\"sharon page\" srcset=\"https:\/\/lacultivada.com\/wp-content\/uploads\/2023\/06\/sharon-page.jpg 500w, https:\/\/lacultivada.com\/wp-content\/uploads\/2023\/06\/sharon-page-242x300.jpg 242w, https:\/\/lacultivada.com\/wp-content\/uploads\/2023\/06\/sharon-page-400x497.jpg 400w\" sizes=\"(max-width: 500px) 100vw, 500px\" \/><\/figure><div class=\"elementor-image-box-content\"><h3 class=\"elementor-image-box-title\">sharon page<\/h3><p class=\"elementor-image-box-description\">Responsabile dell'esportazione<\/p><\/div><\/div>\t\t\t\t<\/div>\n\t\t\t\t<\/div>\n\t\t\t\t<div class=\"elementor-element elementor-element-5994553 elementor-widget elementor-widget-text-editor\" data-id=\"5994553\" data-element_type=\"widget\" data-e-type=\"widget\" data-widget_type=\"text-editor.default\">\n\t\t\t\t<div class=\"elementor-widget-container\">\n\t\t\t\t\t\t\t\t\tEsperta di degustazione di EVOO, organizza spedizioni de La Cultivada attraverso i mari.\t\t\t\t\t\t\t\t<\/div>\n\t\t\t\t<\/div>\n\t\t\t\t<div class=\"elementor-element elementor-element-59172f5 elementor-icon-list--layout-traditional elementor-list-item-link-full_width elementor-widget elementor-widget-icon-list\" data-id=\"59172f5\" data-element_type=\"widget\" data-e-type=\"widget\" data-widget_type=\"icon-list.default\">\n\t\t\t\t<div class=\"elementor-widget-container\">\n\t\t\t\t\t\t\t<ul class=\"elementor-icon-list-items\">\n\t\t\t\t\t\t\t<li class=\"elementor-icon-list-item\">\n\t\t\t\t\t\t\t\t\t\t\t<a href=\"mailto:sharon@lacultivada.com\">\n\n\t\t\t\t\t\t\t\t\t\t\t<span class=\"elementor-icon-list-text\">sharon@lacultivada.com<\/span>\n\t\t\t\t\t\t\t\t\t\t\t<\/a>\n\t\t\t\t\t\t\t\t\t<\/li>\n\t\t\t\t\t\t\t\t<li class=\"elementor-icon-list-item\">\n\t\t\t\t\t\t\t\t\t\t\t<a href=\"tel:+34687592170\">\n\n\t\t\t\t\t\t\t\t\t\t\t<span class=\"elementor-icon-list-text\">+34 687 592 170<\/span>\n\t\t\t\t\t\t\t\t\t\t\t<\/a>\n\t\t\t\t\t\t\t\t\t<\/li>\n\t\t\t\t\t\t<\/ul>\n\t\t\t\t\t\t<\/div>\n\t\t\t\t<\/div>\n\t\t\t\t\t<\/div>\n\t\t<\/div>\n\t\t\t\t<div class=\"elementor-column elementor-col-33 elementor-top-column elementor-element elementor-element-d9d6bc3\" data-id=\"d9d6bc3\" data-element_type=\"column\" data-e-type=\"column\">\n\t\t\t<div class=\"elementor-widget-wrap elementor-element-populated\">\n\t\t\t\t\t\t<div class=\"elementor-element elementor-element-870a571 elementor-position-top elementor-widget elementor-widget-image-box\" data-id=\"870a571\" data-element_type=\"widget\" data-e-type=\"widget\" data-widget_type=\"image-box.default\">\n\t\t\t\t<div class=\"elementor-widget-container\">\n\t\t\t\t\t<div class=\"elementor-image-box-wrapper\"><figure class=\"elementor-image-box-img\"><img loading=\"lazy\" decoding=\"async\" width=\"500\" height=\"621\" src=\"https:\/\/lacultivada.com\/wp-content\/uploads\/2024\/11\/mangeles-bermudo.jpg\" class=\"attachment-full size-full wp-image-27663\" alt=\"M.\u00c1ngeles Bermudo\" srcset=\"https:\/\/lacultivada.com\/wp-content\/uploads\/2024\/11\/mangeles-bermudo.jpg 500w, https:\/\/lacultivada.com\/wp-content\/uploads\/2024\/11\/mangeles-bermudo-242x300.jpg 242w, https:\/\/lacultivada.com\/wp-content\/uploads\/2024\/11\/mangeles-bermudo-400x497.jpg 400w\" sizes=\"(max-width: 500px) 100vw, 500px\" \/><\/figure><div class=\"elementor-image-box-content\"><h3 class=\"elementor-image-box-title\">Mari Angeles Bermudo<\/h3><p class=\"elementor-image-box-description\">Amministrazione logistica<\/p><\/div><\/div>\t\t\t\t<\/div>\n\t\t\t\t<\/div>\n\t\t\t\t<div class=\"elementor-element elementor-element-f391e55 elementor-widget elementor-widget-text-editor\" data-id=\"f391e55\" data-element_type=\"widget\" data-e-type=\"widget\" data-widget_type=\"text-editor.default\">\n\t\t\t\t<div class=\"elementor-widget-container\">\n\t\t\t\t\t\t\t\t\tPianifica con efficienza e prepara con amore gli ordini di La Cultivada.\t\t\t\t\t\t\t\t<\/div>\n\t\t\t\t<\/div>\n\t\t\t\t<div class=\"elementor-element elementor-element-70fe280 elementor-icon-list--layout-traditional elementor-list-item-link-full_width elementor-widget elementor-widget-icon-list\" data-id=\"70fe280\" data-element_type=\"widget\" data-e-type=\"widget\" data-widget_type=\"icon-list.default\">\n\t\t\t\t<div class=\"elementor-widget-container\">\n\t\t\t\t\t\t\t<ul class=\"elementor-icon-list-items\">\n\t\t\t\t\t\t\t<li class=\"elementor-icon-list-item\">\n\t\t\t\t\t\t\t\t\t\t\t<a href=\"mailto:elena@lacultivada.com\">\n\n\t\t\t\t\t\t\t\t\t\t\t<span class=\"elementor-icon-list-text\">hola@lacultivada.com<\/span>\n\t\t\t\t\t\t\t\t\t\t\t<\/a>\n\t\t\t\t\t\t\t\t\t<\/li>\n\t\t\t\t\t\t\t\t<li class=\"elementor-icon-list-item\">\n\t\t\t\t\t\t\t\t\t\t\t<a href=\"tel:+34672106981\">\n\n\t\t\t\t\t\t\t\t\t\t\t<span class=\"elementor-icon-list-text\">+34 672 106 981<\/span>\n\t\t\t\t\t\t\t\t\t\t\t<\/a>\n\t\t\t\t\t\t\t\t\t<\/li>\n\t\t\t\t\t\t<\/ul>\n\t\t\t\t\t\t<\/div>\n\t\t\t\t<\/div>\n\t\t\t\t\t<\/div>\n\t\t<\/div>\n\t\t\t\t\t<\/div>\n\t\t<\/section>\n\t\t\t\t<section class=\"elementor-section elementor-top-section elementor-element elementor-element-8730a80 elementor-section-content-middle elementor-section-boxed elementor-section-height-default elementor-section-height-default\" data-id=\"8730a80\" data-element_type=\"section\" data-e-type=\"section\">\n\t\t\t\t\t\t<div class=\"elementor-container elementor-column-gap-no\">\n\t\t\t\t\t<div class=\"elementor-column elementor-col-33 elementor-top-column elementor-element elementor-element-e687c77\" data-id=\"e687c77\" data-element_type=\"column\" data-e-type=\"column\">\n\t\t\t<div class=\"elementor-widget-wrap elementor-element-populated\">\n\t\t\t\t\t\t<div class=\"elementor-element elementor-element-57265c6 elementor-position-top elementor-widget elementor-widget-image-box\" data-id=\"57265c6\" data-element_type=\"widget\" data-e-type=\"widget\" data-widget_type=\"image-box.default\">\n\t\t\t\t<div class=\"elementor-widget-container\">\n\t\t\t\t\t<div class=\"elementor-image-box-wrapper\"><figure class=\"elementor-image-box-img\"><img loading=\"lazy\" decoding=\"async\" width=\"500\" height=\"621\" src=\"https:\/\/lacultivada.com\/wp-content\/uploads\/2023\/06\/pedro-vecino.jpg\" class=\"attachment-full size-full wp-image-5902\" alt=\"pedro vecino\" srcset=\"https:\/\/lacultivada.com\/wp-content\/uploads\/2023\/06\/pedro-vecino.jpg 500w, https:\/\/lacultivada.com\/wp-content\/uploads\/2023\/06\/pedro-vecino-242x300.jpg 242w, https:\/\/lacultivada.com\/wp-content\/uploads\/2023\/06\/pedro-vecino-400x497.jpg 400w\" sizes=\"(max-width: 500px) 100vw, 500px\" \/><\/figure><div class=\"elementor-image-box-content\"><h3 class=\"elementor-image-box-title\">pedro vecino<\/h3><p class=\"elementor-image-box-description\">Responsabile della produzione agricola<\/p><\/div><\/div>\t\t\t\t<\/div>\n\t\t\t\t<\/div>\n\t\t\t\t<div class=\"elementor-element elementor-element-df9178d elementor-widget elementor-widget-text-editor\" data-id=\"df9178d\" data-element_type=\"widget\" data-e-type=\"widget\" data-widget_type=\"text-editor.default\">\n\t\t\t\t<div class=\"elementor-widget-container\">\n\t\t\t\t\t\t\t\t\tColtiva la sostenibilit\u00e0 dell&#8217;azienda e del paesaggio.\t\t\t\t\t\t\t\t<\/div>\n\t\t\t\t<\/div>\n\t\t\t\t\t<\/div>\n\t\t<\/div>\n\t\t\t\t<div class=\"elementor-column elementor-col-33 elementor-top-column elementor-element elementor-element-7572696\" data-id=\"7572696\" data-element_type=\"column\" data-e-type=\"column\">\n\t\t\t<div class=\"elementor-widget-wrap elementor-element-populated\">\n\t\t\t\t\t\t<div class=\"elementor-element elementor-element-2c97045 elementor-position-top elementor-widget elementor-widget-image-box\" data-id=\"2c97045\" data-element_type=\"widget\" data-e-type=\"widget\" data-widget_type=\"image-box.default\">\n\t\t\t\t<div class=\"elementor-widget-container\">\n\t\t\t\t\t<div class=\"elementor-image-box-wrapper\"><figure class=\"elementor-image-box-img\"><img loading=\"lazy\" decoding=\"async\" width=\"500\" height=\"621\" src=\"https:\/\/lacultivada.com\/wp-content\/uploads\/2023\/06\/ramon-sanchez-ostos.jpg\" class=\"attachment-full size-full wp-image-5907\" alt=\"ramon sanchez ostos\" srcset=\"https:\/\/lacultivada.com\/wp-content\/uploads\/2023\/06\/ramon-sanchez-ostos.jpg 500w, https:\/\/lacultivada.com\/wp-content\/uploads\/2023\/06\/ramon-sanchez-ostos-242x300.jpg 242w, https:\/\/lacultivada.com\/wp-content\/uploads\/2023\/06\/ramon-sanchez-ostos-400x497.jpg 400w\" sizes=\"(max-width: 500px) 100vw, 500px\" \/><\/figure><div class=\"elementor-image-box-content\"><h3 class=\"elementor-image-box-title\">ram\u00f3n s\u00e1nchez<\/h3><p class=\"elementor-image-box-description\">Caposquadra agricolo<\/p><\/div><\/div>\t\t\t\t<\/div>\n\t\t\t\t<\/div>\n\t\t\t\t<div class=\"elementor-element elementor-element-a15af7f elementor-widget elementor-widget-text-editor\" data-id=\"a15af7f\" data-element_type=\"widget\" data-e-type=\"widget\" data-widget_type=\"text-editor.default\">\n\t\t\t\t<div class=\"elementor-widget-container\">\n\t\t\t\t\t\t\t\t\tConosce tutti i segreti del Mulino di Santa Ana e ha la forza di un superuomo.\t\t\t\t\t\t\t\t<\/div>\n\t\t\t\t<\/div>\n\t\t\t\t\t<\/div>\n\t\t<\/div>\n\t\t\t\t<div class=\"elementor-column elementor-col-33 elementor-top-column elementor-element elementor-element-e6efe12\" data-id=\"e6efe12\" data-element_type=\"column\" data-e-type=\"column\">\n\t\t\t<div class=\"elementor-widget-wrap elementor-element-populated\">\n\t\t\t\t\t\t<div class=\"elementor-element elementor-element-a508c07 elementor-position-top elementor-widget elementor-widget-image-box\" data-id=\"a508c07\" data-element_type=\"widget\" data-e-type=\"widget\" data-widget_type=\"image-box.default\">\n\t\t\t\t<div class=\"elementor-widget-container\">\n\t\t\t\t\t<div class=\"elementor-image-box-wrapper\"><figure class=\"elementor-image-box-img\"><img loading=\"lazy\" decoding=\"async\" width=\"500\" height=\"621\" src=\"https:\/\/lacultivada.com\/wp-content\/uploads\/2023\/06\/antonio-murillo.jpg\" class=\"attachment-full size-full wp-image-5882\" alt=\"Antonio Murillo\" srcset=\"https:\/\/lacultivada.com\/wp-content\/uploads\/2023\/06\/antonio-murillo.jpg 500w, https:\/\/lacultivada.com\/wp-content\/uploads\/2023\/06\/antonio-murillo-242x300.jpg 242w, https:\/\/lacultivada.com\/wp-content\/uploads\/2023\/06\/antonio-murillo-400x497.jpg 400w\" sizes=\"(max-width: 500px) 100vw, 500px\" \/><\/figure><div class=\"elementor-image-box-content\"><h3 class=\"elementor-image-box-title\">antonio murillo<\/h3><p class=\"elementor-image-box-description\">Agricoltore Molino de Santa Ana<\/p><\/div><\/div>\t\t\t\t<\/div>\n\t\t\t\t<\/div>\n\t\t\t\t<div class=\"elementor-element elementor-element-0b2e049 elementor-widget elementor-widget-text-editor\" data-id=\"0b2e049\" data-element_type=\"widget\" data-e-type=\"widget\" data-widget_type=\"text-editor.default\">\n\t\t\t\t<div class=\"elementor-widget-container\">\n\t\t\t\t\t\t\t\t\tTuttofare. Sempre allegra e con un grande spirito di squadra.\t\t\t\t\t\t\t\t<\/div>\n\t\t\t\t<\/div>\n\t\t\t\t\t<\/div>\n\t\t<\/div>\n\t\t\t\t\t<\/div>\n\t\t<\/section>\n\t\t\t\t<section class=\"elementor-section elementor-top-section elementor-element elementor-element-89f53aa elementor-section-boxed elementor-section-height-default elementor-section-height-default\" data-id=\"89f53aa\" data-element_type=\"section\" data-e-type=\"section\" data-settings=\"{&quot;background_background&quot;:&quot;classic&quot;}\">\n\t\t\t\t\t\t\t<div class=\"elementor-background-overlay\"><\/div>\n\t\t\t\t\t\t\t<div class=\"elementor-container elementor-column-gap-default\">\n\t\t\t\t\t<div class=\"elementor-column elementor-col-100 elementor-top-column elementor-element elementor-element-5fc4c18\" data-id=\"5fc4c18\" data-element_type=\"column\" data-e-type=\"column\">\n\t\t\t<div class=\"elementor-widget-wrap elementor-element-populated\">\n\t\t\t\t\t\t<div class=\"elementor-element elementor-element-bf1e81b elementor-widget__width-auto elementor-hidden-mobile elementor-view-default elementor-invisible elementor-widget elementor-widget-icon\" data-id=\"bf1e81b\" data-element_type=\"widget\" data-e-type=\"widget\" data-settings=\"{&quot;_animation&quot;:&quot;fadeInLeft&quot;}\" data-widget_type=\"icon.default\">\n\t\t\t\t<div class=\"elementor-widget-container\">\n\t\t\t\t\t\t\t<div class=\"elementor-icon-wrapper\">\n\t\t\t<div class=\"elementor-icon\">\n\t\t\t<svg xmlns=\"http:\/\/www.w3.org\/2000\/svg\" xmlns:xlink=\"http:\/\/www.w3.org\/1999\/xlink\" id=\"Capa_1\" x=\"0px\" y=\"0px\" width=\"76.3px\" height=\"48.7px\" viewBox=\"0 0 76.3 48.7\" style=\"enable-background:new 0 0 76.3 48.7;\" xml:space=\"preserve\"> <path d=\"M45.7,48.7c-0.5-0.5,1.9-4.7,3-6.3c1.2-1.6,9.1-9.8,9.6-9.3c0.5,0.6-3.4,8.3-6.2,11.3C49.3,47.4,46,48.9,45.7,48.7z M42.9,2.8c0.4-0.3,5,1.8,8.8,5.9c3.9,4.1,9.3,14.8,8.5,15.5C59.6,24.9,49.5,13.2,47.9,11C46.4,8.7,42.5,3.3,42.9,2.8z M29.3,45.8 c-1.3,0,6.5-11.5,13.9-15.2c1.9-0.9,4.9-2.1,5.5-1.5c0.4,0.4-4.9,5.7-7.2,7.4C39.3,38.1,31.2,45.8,29.3,45.8z M22.8,0.6 c0.3-0.3,3.6,0.4,9.4,4.2c4.3,2.8,11.6,11.9,10.8,12.7c-0.8,0.8-13.5-9.6-15.5-11.5C23.7,2.6,22.4,0.9,22.8,0.6z M14.8,41 c-1,0,3.3-7.1,10.4-11.3c3.6-2,8.6-4.1,9.1-3.5c0.5,0.4-1.5,2.6-3.8,4.2C28.3,32.1,15.8,41,14.8,41z M7.7,7.2c0.5-0.4,4,0.2,9.6,1.9 c6.9,2,13.2,8.1,12.5,8.8c-0.5,0.5-10-3.2-14.1-5.2C11.7,10.6,7.3,7.6,7.7,7.2z M0,24.6c0-0.7,2.4-1.9,8.9-3.3 c5.7-1.2,15.7-0.7,15.7,0.3c0,0.8-9.8,2.8-14.8,3.5C4.6,25.8,0,25.1,0,24.6z M75.4,37.3c0.8,0.7-1.7,2.9-2.2,2.4 C54.2,20.6,29.8,22.9,29.8,22.1C29.8,21.4,55.9,17.8,75.4,37.3z\"><\/path> <\/svg>\t\t\t<\/div>\n\t\t<\/div>\n\t\t\t\t\t\t<\/div>\n\t\t\t\t<\/div>\n\t\t\t\t<div class=\"elementor-element elementor-element-7ea1d42 elementor-widget__width-auto elementor-invisible elementor-widget elementor-widget-heading\" data-id=\"7ea1d42\" data-element_type=\"widget\" data-e-type=\"widget\" data-settings=\"{&quot;_animation&quot;:&quot;fadeInUp&quot;}\" data-widget_type=\"heading.default\">\n\t\t\t\t<div class=\"elementor-widget-container\">\n\t\t\t\t\t<p class=\"elementor-heading-title elementor-size-default\">I NOSTRI VALORI<\/p>\t\t\t\t<\/div>\n\t\t\t\t<\/div>\n\t\t\t\t<div class=\"elementor-element elementor-element-bc5008b elementor-widget__width-auto e-transform elementor-hidden-mobile elementor-view-default elementor-invisible elementor-widget elementor-widget-icon\" data-id=\"bc5008b\" data-element_type=\"widget\" data-e-type=\"widget\" data-settings=\"{&quot;_transform_flipX_effect&quot;:&quot;transform&quot;,&quot;_animation&quot;:&quot;fadeInRight&quot;}\" data-widget_type=\"icon.default\">\n\t\t\t\t<div class=\"elementor-widget-container\">\n\t\t\t\t\t\t\t<div class=\"elementor-icon-wrapper\">\n\t\t\t<div class=\"elementor-icon\">\n\t\t\t<svg xmlns=\"http:\/\/www.w3.org\/2000\/svg\" xmlns:xlink=\"http:\/\/www.w3.org\/1999\/xlink\" id=\"Capa_1\" x=\"0px\" y=\"0px\" width=\"76.3px\" height=\"48.7px\" viewBox=\"0 0 76.3 48.7\" style=\"enable-background:new 0 0 76.3 48.7;\" xml:space=\"preserve\"> <path d=\"M45.7,48.7c-0.5-0.5,1.9-4.7,3-6.3c1.2-1.6,9.1-9.8,9.6-9.3c0.5,0.6-3.4,8.3-6.2,11.3C49.3,47.4,46,48.9,45.7,48.7z M42.9,2.8c0.4-0.3,5,1.8,8.8,5.9c3.9,4.1,9.3,14.8,8.5,15.5C59.6,24.9,49.5,13.2,47.9,11C46.4,8.7,42.5,3.3,42.9,2.8z M29.3,45.8 c-1.3,0,6.5-11.5,13.9-15.2c1.9-0.9,4.9-2.1,5.5-1.5c0.4,0.4-4.9,5.7-7.2,7.4C39.3,38.1,31.2,45.8,29.3,45.8z M22.8,0.6 c0.3-0.3,3.6,0.4,9.4,4.2c4.3,2.8,11.6,11.9,10.8,12.7c-0.8,0.8-13.5-9.6-15.5-11.5C23.7,2.6,22.4,0.9,22.8,0.6z M14.8,41 c-1,0,3.3-7.1,10.4-11.3c3.6-2,8.6-4.1,9.1-3.5c0.5,0.4-1.5,2.6-3.8,4.2C28.3,32.1,15.8,41,14.8,41z M7.7,7.2c0.5-0.4,4,0.2,9.6,1.9 c6.9,2,13.2,8.1,12.5,8.8c-0.5,0.5-10-3.2-14.1-5.2C11.7,10.6,7.3,7.6,7.7,7.2z M0,24.6c0-0.7,2.4-1.9,8.9-3.3 c5.7-1.2,15.7-0.7,15.7,0.3c0,0.8-9.8,2.8-14.8,3.5C4.6,25.8,0,25.1,0,24.6z M75.4,37.3c0.8,0.7-1.7,2.9-2.2,2.4 C54.2,20.6,29.8,22.9,29.8,22.1C29.8,21.4,55.9,17.8,75.4,37.3z\"><\/path> <\/svg>\t\t\t<\/div>\n\t\t<\/div>\n\t\t\t\t\t\t<\/div>\n\t\t\t\t<\/div>\n\t\t\t\t<div class=\"elementor-element elementor-element-3f7ec3e elementor-widget__width-initial elementor-widget elementor-widget-text-editor\" data-id=\"3f7ec3e\" data-element_type=\"widget\" data-e-type=\"widget\" data-widget_type=\"text-editor.default\">\n\t\t\t\t<div class=\"elementor-widget-container\">\n\t\t\t\t\t\t\t\t\t<p>Un&#8217;etica della produzione e del consumo che privilegia la qualit\u00e0 e l&#8217;origine degli alimenti, promuovendo pratiche sostenibili.<\/p><p>Un&#8217;olivicoltura responsabile e rispettosa dell&#8217;ambiente. Ci prendiamo cura dell&#8217;ambiente naturale e diamo valore alle persone che lavorano la terra.<\/p><p>Un olio d&#8217;autore diverso dal prodotto anonimo e omologato che domina il mercato dell&#8217;Olio Extra Vergine di Oliva.<\/p><p>Un EVOO organoletticamente notevole, che riflette il valore delle differenze varietali e che \u00e8 legato alla Spagna.<\/p><p>Una comunicazione impegnata nella ricostruzione della cultura dell&#8217;olio, in linea con i valori espressi.<\/p>\t\t\t\t\t\t\t\t<\/div>\n\t\t\t\t<\/div>\n\t\t\t\t\t<\/div>\n\t\t<\/div>\n\t\t\t\t\t<\/div>\n\t\t<\/section>\n\t\t\t\t<section class=\"elementor-section elementor-top-section elementor-element elementor-element-3554429 elementor-section-content-middle elementor-reverse-mobile elementor-reverse-tablet elementor-section-boxed elementor-section-height-default elementor-section-height-default\" data-id=\"3554429\" data-element_type=\"section\" data-e-type=\"section\" data-settings=\"{&quot;background_background&quot;:&quot;classic&quot;}\">\n\t\t\t\t\t\t\t<div class=\"elementor-background-overlay\"><\/div>\n\t\t\t\t\t\t\t<div class=\"elementor-container elementor-column-gap-default\">\n\t\t\t\t\t<div class=\"elementor-column elementor-col-50 elementor-top-column elementor-element elementor-element-d590082\" data-id=\"d590082\" data-element_type=\"column\" data-e-type=\"column\">\n\t\t\t<div class=\"elementor-widget-wrap elementor-element-populated\">\n\t\t\t\t\t\t<div class=\"elementor-element elementor-element-14b6ee7 premium-header-inline premium-lq__none premium-box-lq__none elementor-invisible elementor-widget elementor-widget-premium-addon-dual-header\" data-id=\"14b6ee7\" data-element_type=\"widget\" data-e-type=\"widget\" data-settings=\"{&quot;_animation&quot;:&quot;fadeInUp&quot;}\" data-widget_type=\"premium-addon-dual-header.default\">\n\t\t\t\t\t\n\t\t<div class=\"elementor-widget-container\">\n\t\t\t\t\t<h2 class=\"premium-dual-header-first-header \"><span class=\"premium-dual-header-first-span\">Il gufo <\/span><span class=\"premium-dual-header-second-header \">coltivato<\/span><\/h2> \t\t\t\t<\/div>\n\n\t\t\t\t\t\t<\/div>\n\t\t\t\t<div class=\"elementor-element elementor-element-3184035 elementor-widget elementor-widget-text-editor\" data-id=\"3184035\" data-element_type=\"widget\" data-e-type=\"widget\" data-widget_type=\"text-editor.default\">\n\t\t\t\t<div class=\"elementor-widget-container\">\n\t\t\t\t\t\t\t\t\t<p>Noctua, simbolo di saggezza e custode delle buone pratiche del Mulino di Santa Ana.<\/p><p>Fedele compagna di Pallade Atena, la dea vittoriosa grazie al suo contributo civilizzatore: l&#8217;olivo. Conoscete la storia?<\/p>\t\t\t\t\t\t\t\t<\/div>\n\t\t\t\t<\/div>\n\t\t\t\t<div class=\"elementor-element elementor-element-cc85592 elementor-invisible elementor-widget elementor-widget-button\" data-id=\"cc85592\" data-element_type=\"widget\" data-e-type=\"widget\" data-settings=\"{&quot;_animation&quot;:&quot;fadeInUp&quot;}\" data-widget_type=\"button.default\">\n\t\t\t\t<div class=\"elementor-widget-container\">\n\t\t\t\t\t\t\t\t\t<div class=\"elementor-button-wrapper\">\n\t\t\t\t\t<a class=\"elementor-button elementor-button-link elementor-size-sm\" href=\"https:\/\/lacultivada.com\/epilogo-de-mochuela-a-lechuza\/\">\n\t\t\t\t\t\t<span class=\"elementor-button-content-wrapper\">\n\t\t\t\t\t\t\t\t\t<span class=\"elementor-button-text\">maggiori informazioni<\/span>\n\t\t\t\t\t<\/span>\n\t\t\t\t\t<\/a>\n\t\t\t\t<\/div>\n\t\t\t\t\t\t\t\t<\/div>\n\t\t\t\t<\/div>\n\t\t\t\t\t<\/div>\n\t\t<\/div>\n\t\t\t\t<div class=\"elementor-column elementor-col-50 elementor-top-column elementor-element elementor-element-0d87eae\" data-id=\"0d87eae\" data-element_type=\"column\" data-e-type=\"column\">\n\t\t\t<div class=\"elementor-widget-wrap elementor-element-populated\">\n\t\t\t\t\t\t<div class=\"elementor-element elementor-element-b29f8bd elementor-widget elementor-widget-image\" data-id=\"b29f8bd\" data-element_type=\"widget\" data-e-type=\"widget\" data-widget_type=\"image.default\">\n\t\t\t\t<div class=\"elementor-widget-container\">\n\t\t\t\t\t\t\t\t\t\t\t\t\t\t\t<img loading=\"lazy\" decoding=\"async\" width=\"1024\" height=\"1024\" src=\"https:\/\/lacultivada.com\/wp-content\/uploads\/2023\/06\/la-lechuza-cultivada-1024x1024.jpg\" class=\"attachment-large size-large wp-image-6078\" alt=\"lechuza cultivada\" srcset=\"https:\/\/lacultivada.com\/wp-content\/uploads\/2023\/06\/la-lechuza-cultivada-1024x1024.jpg 1024w, https:\/\/lacultivada.com\/wp-content\/uploads\/2023\/06\/la-lechuza-cultivada-300x300.jpg 300w, https:\/\/lacultivada.com\/wp-content\/uploads\/2023\/06\/la-lechuza-cultivada-150x150.jpg 150w, https:\/\/lacultivada.com\/wp-content\/uploads\/2023\/06\/la-lechuza-cultivada-768x768.jpg 768w, https:\/\/lacultivada.com\/wp-content\/uploads\/2023\/06\/la-lechuza-cultivada-600x600.jpg 600w, https:\/\/lacultivada.com\/wp-content\/uploads\/2023\/06\/la-lechuza-cultivada-400x400.jpg 400w, https:\/\/lacultivada.com\/wp-content\/uploads\/2023\/06\/la-lechuza-cultivada-800x800.jpg 800w, https:\/\/lacultivada.com\/wp-content\/uploads\/2023\/06\/la-lechuza-cultivada-100x100.jpg 100w, https:\/\/lacultivada.com\/wp-content\/uploads\/2023\/06\/la-lechuza-cultivada.jpg 1080w\" sizes=\"(max-width: 1024px) 100vw, 1024px\" \/>\t\t\t\t\t\t\t\t\t\t\t\t\t\t\t<\/div>\n\t\t\t\t<\/div>\n\t\t\t\t\t<\/div>\n\t\t<\/div>\n\t\t\t\t\t<\/div>\n\t\t<\/section>\n\t\t\t\t<section class=\"elementor-section elementor-top-section elementor-element elementor-element-4b298a5 elementor-section-full_width elementor-section-height-min-height elementor-hidden-laptop elementor-hidden-tablet elementor-hidden-mobile elementor-section-height-default elementor-section-items-middle\" data-id=\"4b298a5\" data-element_type=\"section\" data-e-type=\"section\" data-settings=\"{&quot;background_background&quot;:&quot;video&quot;,&quot;background_video_link&quot;:&quot;https:\\\/\\\/vimeo.com\\\/835714436&quot;}\">\n\t\t\t\t\t\t\t\t<div class=\"elementor-background-video-container elementor-hidden-mobile\">\n\t\t\t\t\t\t\t\t\t\t\t\t\t<div class=\"elementor-background-video-embed\" role=\"presentation\"><\/div>\n\t\t\t\t\t\t\t\t\t\t\t\t<\/div>\n\t\t\t\t\t\t\t\t<div class=\"elementor-container elementor-column-gap-default\">\n\t\t\t\t\t<div class=\"elementor-column elementor-col-50 elementor-top-column elementor-element elementor-element-d957caf\" data-id=\"d957caf\" data-element_type=\"column\" data-e-type=\"column\">\n\t\t\t<div class=\"elementor-widget-wrap elementor-element-populated\">\n\t\t\t\t\t\t<div class=\"elementor-element elementor-element-488219a elementor-widget elementor-widget-spacer\" data-id=\"488219a\" data-element_type=\"widget\" data-e-type=\"widget\" data-widget_type=\"spacer.default\">\n\t\t\t\t<div class=\"elementor-widget-container\">\n\t\t\t\t\t\t\t<div class=\"elementor-spacer\">\n\t\t\t<div class=\"elementor-spacer-inner\"><\/div>\n\t\t<\/div>\n\t\t\t\t\t\t<\/div>\n\t\t\t\t<\/div>\n\t\t\t\t\t<\/div>\n\t\t<\/div>\n\t\t\t\t<div class=\"elementor-column elementor-col-50 elementor-top-column elementor-element elementor-element-15a2c78\" data-id=\"15a2c78\" data-element_type=\"column\" data-e-type=\"column\" data-settings=\"{&quot;background_background&quot;:&quot;classic&quot;}\">\n\t\t\t<div class=\"elementor-widget-wrap elementor-element-populated\">\n\t\t\t\t\t\t<section class=\"elementor-section elementor-inner-section elementor-element elementor-element-e1fa5fe elementor-section-boxed elementor-section-height-default elementor-section-height-default\" data-id=\"e1fa5fe\" data-element_type=\"section\" data-e-type=\"section\">\n\t\t\t\t\t\t<div class=\"elementor-container elementor-column-gap-default\">\n\t\t\t\t\t<div class=\"elementor-column elementor-col-100 elementor-inner-column elementor-element elementor-element-3e8ce4d\" data-id=\"3e8ce4d\" data-element_type=\"column\" data-e-type=\"column\" data-settings=\"{&quot;background_background&quot;:&quot;classic&quot;}\">\n\t\t\t<div class=\"elementor-widget-wrap elementor-element-populated\">\n\t\t\t\t\t\t<div class=\"elementor-element elementor-element-a3c0aff elementor-widget elementor-widget-heading\" data-id=\"a3c0aff\" data-element_type=\"widget\" data-e-type=\"widget\" data-widget_type=\"heading.default\">\n\t\t\t\t<div class=\"elementor-widget-container\">\n\t\t\t\t\t<p class=\"elementor-heading-title elementor-size-default\">manifesto coltivato<\/p>\t\t\t\t<\/div>\n\t\t\t\t<\/div>\n\t\t\t\t<div class=\"elementor-element elementor-element-45a43b3 elementor-widget elementor-widget-text-editor\" data-id=\"45a43b3\" data-element_type=\"widget\" data-e-type=\"widget\" data-widget_type=\"text-editor.default\">\n\t\t\t\t<div class=\"elementor-widget-container\">\n\t\t\t\t\t\t\t\t\t<p>Quando capiamo che noi apparteniamo alla terra, non che la terra appartiene a noi.<\/p><p>Quando capiamo che coltivare significa prendersi cura della terra che ci nutre.<\/p><p>Quando capiamo che essere colti oggi significa abbracciare l&#8217;apprendimento di nuovi modi di vivere.<\/p><p>Quando capiamo che il nostro vero destino \u00e8 quello di essere custodi e non predatori.<\/p><p>Quando capiamo che il cibo viene dalla terra e che non c&#8217;\u00e8 un altro pianeta dove fuggire.<\/p><p><span style=\"font-size: 17px; color: var( --e-global-color-text ); letter-spacing: 0.4px; word-spacing: 0em;\">Quando capiamo che siamo interdipendenti e che non esiste un noi senza gli altri.<\/span><\/p><p>Quando capiamo che il successo contro l&#8217;altro \u00e8 un gioco a somma zero e che siamo pi\u00f9 che vincitori e vinti.<\/p><p>Quando capiamo che la nostra salute si coltiva anche con il buon cibo.<\/p><p>Quando capiremo che il cibo sano \u00e8 un diritto umano essenziale, nato da un&#8217;agricoltura viva e sostenibile, saremo in grado di&#8230;<\/p><p>Allora, e solo allora, saremo il cambiamento e prenderemo in mano il futuro coltivato.<\/p>\t\t\t\t\t\t\t\t<\/div>\n\t\t\t\t<\/div>\n\t\t\t\t\t<\/div>\n\t\t<\/div>\n\t\t\t\t\t<\/div>\n\t\t<\/section>\n\t\t\t\t\t<\/div>\n\t\t<\/div>\n\t\t\t\t\t<\/div>\n\t\t<\/section>\n\t\t\t\t<section class=\"elementor-section elementor-top-section elementor-element elementor-element-98aa6f4 elementor-section-height-min-height elementor-hidden-desktop elementor-section-boxed elementor-section-height-default elementor-section-items-middle\" data-id=\"98aa6f4\" data-element_type=\"section\" data-e-type=\"section\" data-settings=\"{&quot;background_background&quot;:&quot;video&quot;,&quot;background_video_link&quot;:&quot;https:\\\/\\\/vimeo.com\\\/835714436&quot;,&quot;background_play_on_mobile&quot;:&quot;yes&quot;}\">\n\t\t\t\t\t\t\t\t<div class=\"elementor-background-video-container\">\n\t\t\t\t\t\t\t\t\t\t\t\t\t<div class=\"elementor-background-video-embed\" role=\"presentation\"><\/div>\n\t\t\t\t\t\t\t\t\t\t\t\t<\/div>\n\t\t\t\t\t\t\t\t<div class=\"elementor-container elementor-column-gap-default\">\n\t\t\t\t\t<div class=\"elementor-column elementor-col-100 elementor-top-column elementor-element elementor-element-a9f75de\" data-id=\"a9f75de\" data-element_type=\"column\" data-e-type=\"column\">\n\t\t\t<div class=\"elementor-widget-wrap\">\n\t\t\t\t\t\t\t<\/div>\n\t\t<\/div>\n\t\t\t\t\t<\/div>\n\t\t<\/section>\n\t\t\t\t<section class=\"elementor-section elementor-top-section elementor-element elementor-element-fcae192 elementor-section-full_width elementor-hidden-desktop elementor-section-height-default elementor-section-height-default\" data-id=\"fcae192\" data-element_type=\"section\" data-e-type=\"section\" data-settings=\"{&quot;background_background&quot;:&quot;classic&quot;}\">\n\t\t\t\t\t\t<div class=\"elementor-container elementor-column-gap-default\">\n\t\t\t\t\t<div class=\"elementor-column elementor-col-100 elementor-top-column elementor-element elementor-element-db9ed2b\" data-id=\"db9ed2b\" data-element_type=\"column\" data-e-type=\"column\">\n\t\t\t<div class=\"elementor-widget-wrap elementor-element-populated\">\n\t\t\t\t\t\t<div class=\"elementor-element elementor-element-e931abd elementor-widget elementor-widget-heading\" data-id=\"e931abd\" data-element_type=\"widget\" data-e-type=\"widget\" data-widget_type=\"heading.default\">\n\t\t\t\t<div class=\"elementor-widget-container\">\n\t\t\t\t\t<p class=\"elementor-heading-title elementor-size-default\">manifesto coltivato<\/p>\t\t\t\t<\/div>\n\t\t\t\t<\/div>\n\t\t\t\t<div class=\"elementor-element elementor-element-bf1cf96 elementor-widget elementor-widget-text-editor\" data-id=\"bf1cf96\" data-element_type=\"widget\" data-e-type=\"widget\" data-widget_type=\"text-editor.default\">\n\t\t\t\t<div class=\"elementor-widget-container\">\n\t\t\t\t\t\t\t\t\t<p>Quando capiamo che noi apparteniamo alla terra, non che la terra appartiene a noi;<\/p><p>Quando capiamo che coltivare significa prendersi cura della terra che ci nutre;<\/p><p>Quando capiamo che essere colti oggi significa abbracciare l&#8217;apprendimento di nuovi modi di vivere;<\/p><p>Quando capiamo che il nostro vero destino \u00e8 quello di essere custodi e non predatori;<\/p><p>Quando capiamo che il cibo viene dalla terra e che non c&#8217;\u00e8 un altro pianeta dove fuggire;<\/p><p><span style=\"font-size: 17px; color: var( --e-global-color-text ); letter-spacing: 0.4px; word-spacing: 0em;\">Quando comprendiamo che siamo interdipendenti e che non esiste un noi senza gli altri;<\/span><\/p><p>Quando capiamo che il successo contro l&#8217;altro \u00e8 un gioco a somma zero e che siamo pi\u00f9 che vincitori e vinti;<\/p><p>Quando capiamo che la nostra salute si coltiva anche con il buon cibo;<\/p><p>Quando capiremo che il cibo sano \u00e8 un diritto umano essenziale, nato da un&#8217;agricoltura viva e sostenibile, saremo in grado di&#8230;<\/p><p>Allora, e solo allora, saremo il cambiamento e prenderemo in mano il futuro coltivato.<\/p>\t\t\t\t\t\t\t\t<\/div>\n\t\t\t\t<\/div>\n\t\t\t\t\t<\/div>\n\t\t<\/div>\n\t\t\t\t\t<\/div>\n\t\t<\/section>\n\t\t\t\t<section class=\"elementor-section elementor-top-section elementor-element elementor-element-bbed09f elementor-section-boxed elementor-section-height-default elementor-section-height-default elementor-invisible\" data-id=\"bbed09f\" data-element_type=\"section\" data-e-type=\"section\" data-settings=\"{&quot;background_background&quot;:&quot;classic&quot;,&quot;animation&quot;:&quot;fadeInUp&quot;}\">\n\t\t\t\t\t\t<div class=\"elementor-container elementor-column-gap-default\">\n\t\t\t\t\t<div class=\"elementor-column elementor-col-100 elementor-top-column elementor-element elementor-element-6bc2392\" data-id=\"6bc2392\" data-element_type=\"column\" data-e-type=\"column\">\n\t\t\t<div class=\"elementor-widget-wrap elementor-element-populated\">\n\t\t\t\t\t\t<div class=\"elementor-element elementor-element-42676c1 elementor-invisible elementor-widget elementor-widget-heading\" data-id=\"42676c1\" data-element_type=\"widget\" data-e-type=\"widget\" data-settings=\"{&quot;_animation&quot;:&quot;fadeInUp&quot;}\" data-widget_type=\"heading.default\">\n\t\t\t\t<div class=\"elementor-widget-container\">\n\t\t\t\t\t<h2 class=\"elementor-heading-title elementor-size-default\">acquistare olio d'oliva biologico la cultivada<\/h2>\t\t\t\t<\/div>\n\t\t\t\t<\/div>\n\t\t\t\t<section class=\"elementor-section elementor-inner-section elementor-element elementor-element-aed516a elementor-section-full_width elementor-section-height-default elementor-section-height-default\" data-id=\"aed516a\" data-element_type=\"section\" data-e-type=\"section\">\n\t\t\t\t\t\t<div class=\"elementor-container elementor-column-gap-default\">\n\t\t\t\t\t<div class=\"elementor-column elementor-col-25 elementor-inner-column elementor-element elementor-element-1daa65e\" data-id=\"1daa65e\" data-element_type=\"column\" data-e-type=\"column\">\n\t\t\t<div class=\"elementor-widget-wrap elementor-element-populated\">\n\t\t\t\t\t\t<div class=\"elementor-element elementor-element-75a1d18 elementor-widget elementor-widget-image\" data-id=\"75a1d18\" data-element_type=\"widget\" data-e-type=\"widget\" data-widget_type=\"image.default\">\n\t\t\t\t<div class=\"elementor-widget-container\">\n\t\t\t\t\t\t\t\t\t\t\t\t\t\t\t\t<a href=\"https:\/\/lacultivada.com\/comprar-aove\/aove-arbequina-aceite-oliva-virgen-extra\/\">\n\t\t\t\t\t\t\t<img loading=\"lazy\" decoding=\"async\" width=\"450\" height=\"783\" src=\"https:\/\/lacultivada.com\/wp-content\/uploads\/2023\/04\/AOVE-Eco-Arbequina-premium-01.jpg\" class=\"elementor-animation-grow attachment-large size-large wp-image-3213\" alt=\"\" srcset=\"https:\/\/lacultivada.com\/wp-content\/uploads\/2023\/04\/AOVE-Eco-Arbequina-premium-01.jpg 450w, https:\/\/lacultivada.com\/wp-content\/uploads\/2023\/04\/AOVE-Eco-Arbequina-premium-01-172x300.jpg 172w, https:\/\/lacultivada.com\/wp-content\/uploads\/2023\/04\/AOVE-Eco-Arbequina-premium-01-400x696.jpg 400w\" sizes=\"(max-width: 450px) 100vw, 450px\" \/>\t\t\t\t\t\t\t\t<\/a>\n\t\t\t\t\t\t\t\t\t\t\t\t\t\t\t<\/div>\n\t\t\t\t<\/div>\n\t\t\t\t<div class=\"elementor-element elementor-element-7de79a2 premium-header-block premium-lq__none premium-box-lq__none elementor-widget elementor-widget-premium-addon-dual-header\" data-id=\"7de79a2\" data-element_type=\"widget\" data-e-type=\"widget\" data-widget_type=\"premium-addon-dual-header.default\">\n\t\t\t\t\t\n\t\t<div class=\"elementor-widget-container\">\n\t\t\t\t\t<h3 class=\"premium-dual-header-first-header \"><span class=\"premium-dual-header-first-span\">Arbequina <\/span><span class=\"premium-dual-header-second-header \">Profumato e sincero<\/span><\/h3> \t\t\t\t<\/div>\n\n\t\t\t\t\t\t<\/div>\n\t\t\t\t<div class=\"elementor-element elementor-element-e673389 elementor-align-center elementor-invisible elementor-widget elementor-widget-button\" data-id=\"e673389\" data-element_type=\"widget\" data-e-type=\"widget\" data-settings=\"{&quot;_animation&quot;:&quot;fadeInUp&quot;}\" data-widget_type=\"button.default\">\n\t\t\t\t<div class=\"elementor-widget-container\">\n\t\t\t\t\t\t\t\t\t<div class=\"elementor-button-wrapper\">\n\t\t\t\t\t<a class=\"elementor-button elementor-button-link elementor-size-md elementor-animation-grow\" href=\"https:\/\/lacultivada.com\/it\/comprar-aove\/aove-arbequina-olio-vergine-extra\/\">\n\t\t\t\t\t\t<span class=\"elementor-button-content-wrapper\">\n\t\t\t\t\t\t\t\t\t<span class=\"elementor-button-text\">Acquista<\/span>\n\t\t\t\t\t<\/span>\n\t\t\t\t\t<\/a>\n\t\t\t\t<\/div>\n\t\t\t\t\t\t\t\t<\/div>\n\t\t\t\t<\/div>\n\t\t\t\t\t<\/div>\n\t\t<\/div>\n\t\t\t\t<div class=\"elementor-column elementor-col-25 elementor-inner-column elementor-element elementor-element-c857da6\" data-id=\"c857da6\" data-element_type=\"column\" data-e-type=\"column\">\n\t\t\t<div class=\"elementor-widget-wrap elementor-element-populated\">\n\t\t\t\t\t\t<div class=\"elementor-element elementor-element-703030b elementor-widget elementor-widget-image\" data-id=\"703030b\" data-element_type=\"widget\" data-e-type=\"widget\" data-widget_type=\"image.default\">\n\t\t\t\t<div class=\"elementor-widget-container\">\n\t\t\t\t\t\t\t\t\t\t\t\t\t\t\t\t<a href=\"https:\/\/lacultivada.com\/comprar-aove\/aove-hojiblanca\/\">\n\t\t\t\t\t\t\t<img loading=\"lazy\" decoding=\"async\" width=\"450\" height=\"783\" src=\"https:\/\/lacultivada.com\/wp-content\/uploads\/2023\/04\/AOVE-Eco-Hojiblanca-premium-01.jpg\" class=\"elementor-animation-grow attachment-large size-large wp-image-3209\" alt=\"\" srcset=\"https:\/\/lacultivada.com\/wp-content\/uploads\/2023\/04\/AOVE-Eco-Hojiblanca-premium-01.jpg 450w, https:\/\/lacultivada.com\/wp-content\/uploads\/2023\/04\/AOVE-Eco-Hojiblanca-premium-01-172x300.jpg 172w, https:\/\/lacultivada.com\/wp-content\/uploads\/2023\/04\/AOVE-Eco-Hojiblanca-premium-01-400x696.jpg 400w\" sizes=\"(max-width: 450px) 100vw, 450px\" \/>\t\t\t\t\t\t\t\t<\/a>\n\t\t\t\t\t\t\t\t\t\t\t\t\t\t\t<\/div>\n\t\t\t\t<\/div>\n\t\t\t\t<div class=\"elementor-element elementor-element-976def4 premium-header-block premium-lq__none premium-box-lq__none elementor-widget elementor-widget-premium-addon-dual-header\" data-id=\"976def4\" data-element_type=\"widget\" data-e-type=\"widget\" data-widget_type=\"premium-addon-dual-header.default\">\n\t\t\t\t\t\n\t\t<div class=\"elementor-widget-container\">\n\t\t\t\t\t<h3 class=\"premium-dual-header-first-header \"><span class=\"premium-dual-header-first-span\">Hojiblanca <\/span><span class=\"premium-dual-header-second-header \">Espressivo e distinto<\/span><\/h3> \t\t\t\t<\/div>\n\n\t\t\t\t\t\t<\/div>\n\t\t\t\t<div class=\"elementor-element elementor-element-531cfd2 elementor-align-center elementor-invisible elementor-widget elementor-widget-button\" data-id=\"531cfd2\" data-element_type=\"widget\" data-e-type=\"widget\" data-settings=\"{&quot;_animation&quot;:&quot;fadeInUp&quot;}\" data-widget_type=\"button.default\">\n\t\t\t\t<div class=\"elementor-widget-container\">\n\t\t\t\t\t\t\t\t\t<div class=\"elementor-button-wrapper\">\n\t\t\t\t\t<a class=\"elementor-button elementor-button-link elementor-size-md elementor-animation-grow\" href=\"https:\/\/lacultivada.com\/it\/comprar-aove\/aove-hojiblanca\/\">\n\t\t\t\t\t\t<span class=\"elementor-button-content-wrapper\">\n\t\t\t\t\t\t\t\t\t<span class=\"elementor-button-text\">Acquista<\/span>\n\t\t\t\t\t<\/span>\n\t\t\t\t\t<\/a>\n\t\t\t\t<\/div>\n\t\t\t\t\t\t\t\t<\/div>\n\t\t\t\t<\/div>\n\t\t\t\t\t<\/div>\n\t\t<\/div>\n\t\t\t\t<div class=\"elementor-column elementor-col-25 elementor-inner-column elementor-element elementor-element-dcf82d7\" data-id=\"dcf82d7\" data-element_type=\"column\" data-e-type=\"column\">\n\t\t\t<div class=\"elementor-widget-wrap elementor-element-populated\">\n\t\t\t\t\t\t<div class=\"elementor-element elementor-element-518dd7b elementor-widget elementor-widget-image\" data-id=\"518dd7b\" data-element_type=\"widget\" data-e-type=\"widget\" data-widget_type=\"image.default\">\n\t\t\t\t<div class=\"elementor-widget-container\">\n\t\t\t\t\t\t\t\t\t\t\t\t\t\t\t\t<a href=\"https:\/\/lacultivada.com\/comprar-aove\/aove-picual\/\">\n\t\t\t\t\t\t\t<img loading=\"lazy\" decoding=\"async\" width=\"450\" height=\"783\" src=\"https:\/\/lacultivada.com\/wp-content\/uploads\/2023\/04\/AOVE-Eco-Picual-premium-01.jpg\" class=\"elementor-animation-grow attachment-large size-large wp-image-3205\" alt=\"\" srcset=\"https:\/\/lacultivada.com\/wp-content\/uploads\/2023\/04\/AOVE-Eco-Picual-premium-01.jpg 450w, https:\/\/lacultivada.com\/wp-content\/uploads\/2023\/04\/AOVE-Eco-Picual-premium-01-172x300.jpg 172w, https:\/\/lacultivada.com\/wp-content\/uploads\/2023\/04\/AOVE-Eco-Picual-premium-01-400x696.jpg 400w\" sizes=\"(max-width: 450px) 100vw, 450px\" \/>\t\t\t\t\t\t\t\t<\/a>\n\t\t\t\t\t\t\t\t\t\t\t\t\t\t\t<\/div>\n\t\t\t\t<\/div>\n\t\t\t\t<div class=\"elementor-element elementor-element-71b7065 premium-header-block premium-lq__none premium-box-lq__none elementor-widget elementor-widget-premium-addon-dual-header\" data-id=\"71b7065\" data-element_type=\"widget\" data-e-type=\"widget\" data-widget_type=\"premium-addon-dual-header.default\">\n\t\t\t\t\t\n\t\t<div class=\"elementor-widget-container\">\n\t\t\t\t\t<h3 class=\"premium-dual-header-first-header \"><span class=\"premium-dual-header-first-span\">Picual <\/span><span class=\"premium-dual-header-second-header \">Succulento e sensuale<\/span><\/h3> \t\t\t\t<\/div>\n\n\t\t\t\t\t\t<\/div>\n\t\t\t\t<div class=\"elementor-element elementor-element-db440c3 elementor-align-center elementor-invisible elementor-widget elementor-widget-button\" data-id=\"db440c3\" data-element_type=\"widget\" data-e-type=\"widget\" data-settings=\"{&quot;_animation&quot;:&quot;fadeInUp&quot;}\" data-widget_type=\"button.default\">\n\t\t\t\t<div class=\"elementor-widget-container\">\n\t\t\t\t\t\t\t\t\t<div class=\"elementor-button-wrapper\">\n\t\t\t\t\t<a class=\"elementor-button elementor-button-link elementor-size-md elementor-animation-grow\" href=\"https:\/\/lacultivada.com\/it\/comprar-aove\/aove-picual\/\">\n\t\t\t\t\t\t<span class=\"elementor-button-content-wrapper\">\n\t\t\t\t\t\t\t\t\t<span class=\"elementor-button-text\">Acquista<\/span>\n\t\t\t\t\t<\/span>\n\t\t\t\t\t<\/a>\n\t\t\t\t<\/div>\n\t\t\t\t\t\t\t\t<\/div>\n\t\t\t\t<\/div>\n\t\t\t\t\t<\/div>\n\t\t<\/div>\n\t\t\t\t<div class=\"elementor-column elementor-col-25 elementor-inner-column elementor-element elementor-element-18fb51e\" data-id=\"18fb51e\" data-element_type=\"column\" data-e-type=\"column\">\n\t\t\t<div class=\"elementor-widget-wrap elementor-element-populated\">\n\t\t\t\t\t\t<div class=\"elementor-element elementor-element-83a3748 elementor-widget elementor-widget-image\" data-id=\"83a3748\" data-element_type=\"widget\" data-e-type=\"widget\" data-widget_type=\"image.default\">\n\t\t\t\t<div class=\"elementor-widget-container\">\n\t\t\t\t\t\t\t\t\t\t\t\t\t\t\t\t<a href=\"https:\/\/lacultivada.com\/comprar-aove\/aove-quintaesencia\/\">\n\t\t\t\t\t\t\t<img loading=\"lazy\" decoding=\"async\" width=\"450\" height=\"783\" src=\"https:\/\/lacultivada.com\/wp-content\/uploads\/2023\/04\/AOVE-Eco-Quintaesencia-premium-01.jpg\" class=\"elementor-animation-grow attachment-large size-large wp-image-3201\" alt=\"\" srcset=\"https:\/\/lacultivada.com\/wp-content\/uploads\/2023\/04\/AOVE-Eco-Quintaesencia-premium-01.jpg 450w, https:\/\/lacultivada.com\/wp-content\/uploads\/2023\/04\/AOVE-Eco-Quintaesencia-premium-01-172x300.jpg 172w, https:\/\/lacultivada.com\/wp-content\/uploads\/2023\/04\/AOVE-Eco-Quintaesencia-premium-01-400x696.jpg 400w\" sizes=\"(max-width: 450px) 100vw, 450px\" \/>\t\t\t\t\t\t\t\t<\/a>\n\t\t\t\t\t\t\t\t\t\t\t\t\t\t\t<\/div>\n\t\t\t\t<\/div>\n\t\t\t\t<div class=\"elementor-element elementor-element-730c699 premium-header-block premium-lq__none premium-box-lq__none elementor-widget elementor-widget-premium-addon-dual-header\" data-id=\"730c699\" data-element_type=\"widget\" data-e-type=\"widget\" data-widget_type=\"premium-addon-dual-header.default\">\n\t\t\t\t\t\n\t\t<div class=\"elementor-widget-container\">\n\t\t\t\t\t<h3 class=\"premium-dual-header-first-header \"><span class=\"premium-dual-header-first-span\">Quintessenza <\/span><span class=\"premium-dual-header-second-header \">Etereo e persistente<\/span><\/h3> \t\t\t\t<\/div>\n\n\t\t\t\t\t\t<\/div>\n\t\t\t\t<div class=\"elementor-element elementor-element-d6cfa8a elementor-align-center elementor-invisible elementor-widget elementor-widget-button\" data-id=\"d6cfa8a\" data-element_type=\"widget\" data-e-type=\"widget\" data-settings=\"{&quot;_animation&quot;:&quot;fadeInUp&quot;}\" data-widget_type=\"button.default\">\n\t\t\t\t<div class=\"elementor-widget-container\">\n\t\t\t\t\t\t\t\t\t<div class=\"elementor-button-wrapper\">\n\t\t\t\t\t<a class=\"elementor-button elementor-button-link elementor-size-md elementor-animation-grow\" href=\"https:\/\/lacultivada.com\/it\/comprar-aove\/aove-quintaesencia\/\">\n\t\t\t\t\t\t<span class=\"elementor-button-content-wrapper\">\n\t\t\t\t\t\t\t\t\t<span class=\"elementor-button-text\">Acquista<\/span>\n\t\t\t\t\t<\/span>\n\t\t\t\t\t<\/a>\n\t\t\t\t<\/div>\n\t\t\t\t\t\t\t\t<\/div>\n\t\t\t\t<\/div>\n\t\t\t\t\t<\/div>\n\t\t<\/div>\n\t\t\t\t\t<\/div>\n\t\t<\/section>\n\t\t\t\t\t<\/div>\n\t\t<\/div>\n\t\t\t\t\t<\/div>\n\t\t<\/section>\n\t\t\t\t<\/div>\n\t\t","protected":false},"excerpt":{"rendered":"<p>https:\/\/vimeo.com\/837608365 \u00ab Il nostro sogno non \u00e8 quello di produrre il miglior olio di oliva del mondo,ma per migliorare il mondo con il nostro olio di oliva. \u00bb La nostra terra La gioia nasce dalla Coltivazione Siamo un&#8217;azienda familiare che si ispira all&#8217;esempio dei nostri genitori che ci hanno lasciato in eredit\u00e0 questa terra. Nostro [&hellip;]<\/p>\n","protected":false},"author":1,"featured_media":3879,"parent":0,"menu_order":0,"comment_status":"closed","ping_status":"closed","template":"elementor_header_footer","meta":{"ocean_post_layout":"","ocean_both_sidebars_style":"","ocean_both_sidebars_content_width":0,"ocean_both_sidebars_sidebars_width":0,"ocean_sidebar":"0","ocean_second_sidebar":"0","ocean_disable_margins":"enable","ocean_add_body_class":"","ocean_shortcode_before_top_bar":"","ocean_shortcode_after_top_bar":"","ocean_shortcode_before_header":"","ocean_shortcode_after_header":"","ocean_has_shortcode":"","ocean_shortcode_after_title":"","ocean_shortcode_before_footer_widgets":"","ocean_shortcode_after_footer_widgets":"","ocean_shortcode_before_footer_bottom":"","ocean_shortcode_after_footer_bottom":"","ocean_display_top_bar":"default","ocean_display_header":"default","ocean_header_style":"","ocean_center_header_left_menu":"0","ocean_custom_header_template":"0","ocean_custom_logo":0,"ocean_custom_retina_logo":0,"ocean_custom_logo_max_width":0,"ocean_custom_logo_tablet_max_width":0,"ocean_custom_logo_mobile_max_width":0,"ocean_custom_logo_max_height":0,"ocean_custom_logo_tablet_max_height":0,"ocean_custom_logo_mobile_max_height":0,"ocean_header_custom_menu":"0","ocean_menu_typo_font_family":"0","ocean_menu_typo_font_subset":"","ocean_menu_typo_font_size":0,"ocean_menu_typo_font_size_tablet":0,"ocean_menu_typo_font_size_mobile":0,"ocean_menu_typo_font_size_unit":"px","ocean_menu_typo_font_weight":"","ocean_menu_typo_font_weight_tablet":"","ocean_menu_typo_font_weight_mobile":"","ocean_menu_typo_transform":"","ocean_menu_typo_transform_tablet":"","ocean_menu_typo_transform_mobile":"","ocean_menu_typo_line_height":0,"ocean_menu_typo_line_height_tablet":0,"ocean_menu_typo_line_height_mobile":0,"ocean_menu_typo_line_height_unit":"","ocean_menu_typo_spacing":0,"ocean_menu_typo_spacing_tablet":0,"ocean_menu_typo_spacing_mobile":0,"ocean_menu_typo_spacing_unit":"","ocean_menu_link_color":"","ocean_menu_link_color_hover":"","ocean_menu_link_color_active":"","ocean_menu_link_background":"","ocean_menu_link_hover_background":"","ocean_menu_link_active_background":"","ocean_menu_social_links_bg":"","ocean_menu_social_hover_links_bg":"","ocean_menu_social_links_color":"","ocean_menu_social_hover_links_color":"","ocean_disable_title":"default","ocean_disable_heading":"default","ocean_post_title":"","ocean_post_subheading":"","ocean_post_title_style":"","ocean_post_title_background_color":"","ocean_post_title_background":0,"ocean_post_title_bg_image_position":"","ocean_post_title_bg_image_attachment":"","ocean_post_title_bg_image_repeat":"","ocean_post_title_bg_image_size":"","ocean_post_title_height":0,"ocean_post_title_bg_overlay":0.5,"ocean_post_title_bg_overlay_color":"","ocean_disable_breadcrumbs":"default","ocean_breadcrumbs_color":"","ocean_breadcrumbs_separator_color":"","ocean_breadcrumbs_links_color":"","ocean_breadcrumbs_links_hover_color":"","ocean_display_footer_widgets":"default","ocean_display_footer_bottom":"default","ocean_custom_footer_template":"0","footnotes":""},"class_list":["post-7041","page","type-page","status-publish","has-post-thumbnail","hentry","entry","has-media","owp-thumbs-layout-horizontal","owp-btn-normal","owp-tabs-layout-horizontal","has-no-thumbnails","has-product-nav"],"yoast_head":"<!-- This site is optimized with the Yoast SEO plugin v27.4 - https:\/\/yoast.com\/product\/yoast-seo-wordpress\/ -->\n<title>Chi siamo &#187; La Cultivada<\/title>\n<meta name=\"description\" content=\"Un team impegnato a offrirvi l&#039;eccellenza in ogni goccia di EVOO. Scoprite la nostra storia e i nostri oli di oliva unici e sostenibili!\" \/>\n<meta name=\"robots\" content=\"index, follow, max-snippet:-1, max-image-preview:large, max-video-preview:-1\" \/>\n<link rel=\"canonical\" href=\"https:\/\/lacultivada.com\/it\/chi-siamo\/\" \/>\n<meta property=\"og:locale\" content=\"it_IT\" \/>\n<meta property=\"og:type\" content=\"article\" \/>\n<meta property=\"og:title\" content=\"Chi siamo &gt; Il team La Cultivada\" \/>\n<meta property=\"og:description\" content=\"Siamo un team impegnato ad offrirvi l&#039;eccellenza in ogni goccia di EVOO. Scoprite la nostra storia e i nostri oli unici e sostenibili! \u25b7\" \/>\n<meta property=\"og:url\" content=\"https:\/\/lacultivada.com\/it\/chi-siamo\/\" \/>\n<meta property=\"og:site_name\" content=\"La Cultivada\" \/>\n<meta property=\"article:publisher\" content=\"https:\/\/www.facebook.com\/lacultivadaaceitedeolivavirgenextra\/\" \/>\n<meta property=\"article:modified_time\" content=\"2026-03-10T18:19:22+00:00\" \/>\n<meta property=\"og:image\" content=\"https:\/\/lacultivada.com\/wp-content\/uploads\/2023\/05\/catas-aove-premium.jpg\" \/>\n<meta name=\"twitter:card\" content=\"summary_large_image\" \/>\n<meta name=\"twitter:title\" content=\"Chi siamo &gt; Il team La Cultivada\" \/>\n<meta name=\"twitter:description\" content=\"Siamo un team impegnato ad offrirvi l&#039;eccellenza in ogni goccia di EVOO. Scoprite la nostra storia e i nostri oli unici e sostenibili! \u25b7\" \/>\n<meta name=\"twitter:image\" content=\"https:\/\/lacultivada.com\/wp-content\/uploads\/2023\/05\/catas-aove-premium.jpg\" \/>\n<meta name=\"twitter:label1\" content=\"Tempo di lettura stimato\" \/>\n\t<meta name=\"twitter:data1\" content=\"5 minuti\" \/>\n<script type=\"application\/ld+json\" class=\"yoast-schema-graph\">{\"@context\":\"https:\\\/\\\/schema.org\",\"@graph\":[{\"@type\":\"WebPage\",\"@id\":\"https:\\\/\\\/lacultivada.com\\\/it\\\/chi-siamo\\\/\",\"url\":\"https:\\\/\\\/lacultivada.com\\\/it\\\/chi-siamo\\\/\",\"name\":\"Chi siamo &#187; La Cultivada\",\"isPartOf\":{\"@id\":\"https:\\\/\\\/lacultivada.com\\\/it\\\/#website\"},\"primaryImageOfPage\":{\"@id\":\"https:\\\/\\\/lacultivada.com\\\/it\\\/chi-siamo\\\/#primaryimage\"},\"image\":{\"@id\":\"https:\\\/\\\/lacultivada.com\\\/it\\\/chi-siamo\\\/#primaryimage\"},\"thumbnailUrl\":\"https:\\\/\\\/lacultivada.com\\\/wp-content\\\/uploads\\\/2023\\\/05\\\/catas-aove-premium.jpg\",\"datePublished\":\"2023-06-08T11:16:23+00:00\",\"dateModified\":\"2026-03-10T18:19:22+00:00\",\"description\":\"Un team impegnato a offrirvi l'eccellenza in ogni goccia di EVOO. Scoprite la nostra storia e i nostri oli di oliva unici e sostenibili!\",\"breadcrumb\":{\"@id\":\"https:\\\/\\\/lacultivada.com\\\/it\\\/chi-siamo\\\/#breadcrumb\"},\"inLanguage\":\"it-IT\",\"potentialAction\":[{\"@type\":\"ReadAction\",\"target\":[\"https:\\\/\\\/lacultivada.com\\\/it\\\/chi-siamo\\\/\"]}]},{\"@type\":\"ImageObject\",\"inLanguage\":\"it-IT\",\"@id\":\"https:\\\/\\\/lacultivada.com\\\/it\\\/chi-siamo\\\/#primaryimage\",\"url\":\"https:\\\/\\\/lacultivada.com\\\/wp-content\\\/uploads\\\/2023\\\/05\\\/catas-aove-premium.jpg\",\"contentUrl\":\"https:\\\/\\\/lacultivada.com\\\/wp-content\\\/uploads\\\/2023\\\/05\\\/catas-aove-premium.jpg\",\"width\":512,\"height\":512,\"caption\":\"cata aceite olive virgen extra La Cultivada\"},{\"@type\":\"BreadcrumbList\",\"@id\":\"https:\\\/\\\/lacultivada.com\\\/it\\\/chi-siamo\\\/#breadcrumb\",\"itemListElement\":[{\"@type\":\"ListItem\",\"position\":1,\"name\":\"Portada\",\"item\":\"https:\\\/\\\/lacultivada.com\\\/it\\\/casa\\\/\"},{\"@type\":\"ListItem\",\"position\":2,\"name\":\"Chi siamo\"}]},{\"@type\":\"WebSite\",\"@id\":\"https:\\\/\\\/lacultivada.com\\\/it\\\/#website\",\"url\":\"https:\\\/\\\/lacultivada.com\\\/it\\\/\",\"name\":\"La Cultivada\",\"description\":\"AOVE Ecol\u00f3gico y Premium\",\"publisher\":{\"@id\":\"https:\\\/\\\/lacultivada.com\\\/it\\\/#organization\"},\"potentialAction\":[{\"@type\":\"SearchAction\",\"target\":{\"@type\":\"EntryPoint\",\"urlTemplate\":\"https:\\\/\\\/lacultivada.com\\\/it\\\/?s={search_term_string}\"},\"query-input\":{\"@type\":\"PropertyValueSpecification\",\"valueRequired\":true,\"valueName\":\"search_term_string\"}}],\"inLanguage\":\"it-IT\"},{\"@type\":\"Organization\",\"@id\":\"https:\\\/\\\/lacultivada.com\\\/it\\\/#organization\",\"name\":\"La Cultivada\",\"alternateName\":\"La Cultivada\",\"url\":\"https:\\\/\\\/lacultivada.com\\\/it\\\/\",\"logo\":{\"@type\":\"ImageObject\",\"inLanguage\":\"it-IT\",\"@id\":\"https:\\\/\\\/lacultivada.com\\\/it\\\/#\\\/schema\\\/logo\\\/image\\\/\",\"url\":\"https:\\\/\\\/lacultivada.com\\\/wp-content\\\/uploads\\\/2022\\\/12\\\/la-cultivada-aceites-aove.png\",\"contentUrl\":\"https:\\\/\\\/lacultivada.com\\\/wp-content\\\/uploads\\\/2022\\\/12\\\/la-cultivada-aceites-aove.png\",\"width\":726,\"height\":171,\"caption\":\"La Cultivada\"},\"image\":{\"@id\":\"https:\\\/\\\/lacultivada.com\\\/it\\\/#\\\/schema\\\/logo\\\/image\\\/\"},\"sameAs\":[\"https:\\\/\\\/www.facebook.com\\\/lacultivadaaceitedeolivavirgenextra\\\/\",\"https:\\\/\\\/www.instagram.com\\\/lacultivada\\\/\",\"https:\\\/\\\/www.youtube.com\\\/channel\\\/UCBEydcW4H3FqXkBMAaueJ9A\"]}]}<\/script>\n<!-- \/ Yoast SEO plugin. -->","yoast_head_json":{"title":"Chi siamo &#187; La Cultivada","description":"Un team impegnato a offrirvi l'eccellenza in ogni goccia di EVOO. Scoprite la nostra storia e i nostri oli di oliva unici e sostenibili!","robots":{"index":"index","follow":"follow","max-snippet":"max-snippet:-1","max-image-preview":"max-image-preview:large","max-video-preview":"max-video-preview:-1"},"canonical":"https:\/\/lacultivada.com\/it\/chi-siamo\/","og_locale":"it_IT","og_type":"article","og_title":"Chi siamo > Il team La Cultivada","og_description":"Siamo un team impegnato ad offrirvi l'eccellenza in ogni goccia di EVOO. Scoprite la nostra storia e i nostri oli unici e sostenibili! \u25b7","og_url":"https:\/\/lacultivada.com\/it\/chi-siamo\/","og_site_name":"La Cultivada","article_publisher":"https:\/\/www.facebook.com\/lacultivadaaceitedeolivavirgenextra\/","article_modified_time":"2026-03-10T18:19:22+00:00","og_image":[{"url":"https:\/\/lacultivada.com\/wp-content\/uploads\/2023\/05\/catas-aove-premium.jpg","type":"","width":"","height":""}],"twitter_card":"summary_large_image","twitter_title":"Chi siamo > Il team La Cultivada","twitter_description":"Siamo un team impegnato ad offrirvi l'eccellenza in ogni goccia di EVOO. Scoprite la nostra storia e i nostri oli unici e sostenibili! \u25b7","twitter_image":"https:\/\/lacultivada.com\/wp-content\/uploads\/2023\/05\/catas-aove-premium.jpg","twitter_misc":{"Tempo di lettura stimato":"5 minuti"},"schema":{"@context":"https:\/\/schema.org","@graph":[{"@type":"WebPage","@id":"https:\/\/lacultivada.com\/it\/chi-siamo\/","url":"https:\/\/lacultivada.com\/it\/chi-siamo\/","name":"Chi siamo &#187; La Cultivada","isPartOf":{"@id":"https:\/\/lacultivada.com\/it\/#website"},"primaryImageOfPage":{"@id":"https:\/\/lacultivada.com\/it\/chi-siamo\/#primaryimage"},"image":{"@id":"https:\/\/lacultivada.com\/it\/chi-siamo\/#primaryimage"},"thumbnailUrl":"https:\/\/lacultivada.com\/wp-content\/uploads\/2023\/05\/catas-aove-premium.jpg","datePublished":"2023-06-08T11:16:23+00:00","dateModified":"2026-03-10T18:19:22+00:00","description":"Un team impegnato a offrirvi l'eccellenza in ogni goccia di EVOO. Scoprite la nostra storia e i nostri oli di oliva unici e sostenibili!","breadcrumb":{"@id":"https:\/\/lacultivada.com\/it\/chi-siamo\/#breadcrumb"},"inLanguage":"it-IT","potentialAction":[{"@type":"ReadAction","target":["https:\/\/lacultivada.com\/it\/chi-siamo\/"]}]},{"@type":"ImageObject","inLanguage":"it-IT","@id":"https:\/\/lacultivada.com\/it\/chi-siamo\/#primaryimage","url":"https:\/\/lacultivada.com\/wp-content\/uploads\/2023\/05\/catas-aove-premium.jpg","contentUrl":"https:\/\/lacultivada.com\/wp-content\/uploads\/2023\/05\/catas-aove-premium.jpg","width":512,"height":512,"caption":"cata aceite olive virgen extra La Cultivada"},{"@type":"BreadcrumbList","@id":"https:\/\/lacultivada.com\/it\/chi-siamo\/#breadcrumb","itemListElement":[{"@type":"ListItem","position":1,"name":"Portada","item":"https:\/\/lacultivada.com\/it\/casa\/"},{"@type":"ListItem","position":2,"name":"Chi siamo"}]},{"@type":"WebSite","@id":"https:\/\/lacultivada.com\/it\/#website","url":"https:\/\/lacultivada.com\/it\/","name":"La Cultivada","description":"AOVE Ecol\u00f3gico y Premium","publisher":{"@id":"https:\/\/lacultivada.com\/it\/#organization"},"potentialAction":[{"@type":"SearchAction","target":{"@type":"EntryPoint","urlTemplate":"https:\/\/lacultivada.com\/it\/?s={search_term_string}"},"query-input":{"@type":"PropertyValueSpecification","valueRequired":true,"valueName":"search_term_string"}}],"inLanguage":"it-IT"},{"@type":"Organization","@id":"https:\/\/lacultivada.com\/it\/#organization","name":"La Cultivada","alternateName":"La Cultivada","url":"https:\/\/lacultivada.com\/it\/","logo":{"@type":"ImageObject","inLanguage":"it-IT","@id":"https:\/\/lacultivada.com\/it\/#\/schema\/logo\/image\/","url":"https:\/\/lacultivada.com\/wp-content\/uploads\/2022\/12\/la-cultivada-aceites-aove.png","contentUrl":"https:\/\/lacultivada.com\/wp-content\/uploads\/2022\/12\/la-cultivada-aceites-aove.png","width":726,"height":171,"caption":"La Cultivada"},"image":{"@id":"https:\/\/lacultivada.com\/it\/#\/schema\/logo\/image\/"},"sameAs":["https:\/\/www.facebook.com\/lacultivadaaceitedeolivavirgenextra\/","https:\/\/www.instagram.com\/lacultivada\/","https:\/\/www.youtube.com\/channel\/UCBEydcW4H3FqXkBMAaueJ9A"]}]}},"_links":{"self":[{"href":"https:\/\/lacultivada.com\/it\/wp-json\/wp\/v2\/pages\/7041","targetHints":{"allow":["GET"]}}],"collection":[{"href":"https:\/\/lacultivada.com\/it\/wp-json\/wp\/v2\/pages"}],"about":[{"href":"https:\/\/lacultivada.com\/it\/wp-json\/wp\/v2\/types\/page"}],"author":[{"embeddable":true,"href":"https:\/\/lacultivada.com\/it\/wp-json\/wp\/v2\/users\/1"}],"replies":[{"embeddable":true,"href":"https:\/\/lacultivada.com\/it\/wp-json\/wp\/v2\/comments?post=7041"}],"version-history":[{"count":7,"href":"https:\/\/lacultivada.com\/it\/wp-json\/wp\/v2\/pages\/7041\/revisions"}],"predecessor-version":[{"id":28957,"href":"https:\/\/lacultivada.com\/it\/wp-json\/wp\/v2\/pages\/7041\/revisions\/28957"}],"wp:featuredmedia":[{"embeddable":true,"href":"https:\/\/lacultivada.com\/it\/wp-json\/wp\/v2\/media\/3879"}],"wp:attachment":[{"href":"https:\/\/lacultivada.com\/it\/wp-json\/wp\/v2\/media?parent=7041"}],"curies":[{"name":"wp","href":"https:\/\/api.w.org\/{rel}","templated":true}]}}