{"id":7334,"date":"2023-06-26T19:19:09","date_gmt":"2023-06-26T17:19:09","guid":{"rendered":"https:\/\/boldmedia.es\/lacultivada\/politique-de-confidentialite\/"},"modified":"2023-08-09T18:57:17","modified_gmt":"2023-08-09T16:57:17","slug":"politique-de-confidentialite","status":"publish","type":"page","link":"https:\/\/lacultivada.com\/fr\/politique-de-confidentialite\/","title":{"rendered":"Politique de confidentialit\u00e9"},"content":{"rendered":"\t\t<div data-elementor-type=\"wp-page\" data-elementor-id=\"7334\" class=\"elementor elementor-7334 elementor-7315\" data-elementor-post-type=\"page\">\n\t\t\t\t\t\t<section class=\"elementor-section elementor-top-section elementor-element elementor-element-26c1ee7 elementor-section-content-middle elementor-section-full_width elementor-section-height-default elementor-section-height-default\" data-id=\"26c1ee7\" data-element_type=\"section\" data-e-type=\"section\" data-settings=\"{&quot;background_background&quot;:&quot;classic&quot;}\">\n\t\t\t\t\t\t\t<div class=\"elementor-background-overlay\"><\/div>\n\t\t\t\t\t\t\t<div class=\"elementor-container elementor-column-gap-default\">\n\t\t\t\t\t<div class=\"elementor-column elementor-col-100 elementor-top-column elementor-element elementor-element-26445d7\" data-id=\"26445d7\" data-element_type=\"column\" data-e-type=\"column\">\n\t\t\t<div class=\"elementor-widget-wrap elementor-element-populated\">\n\t\t\t\t\t\t<div class=\"elementor-element elementor-element-13fa4a3 elementor-widget elementor-widget-heading\" data-id=\"13fa4a3\" data-element_type=\"widget\" data-e-type=\"widget\" data-widget_type=\"heading.default\">\n\t\t\t\t<div class=\"elementor-widget-container\">\n\t\t\t\t\t<h1 class=\"elementor-heading-title elementor-size-default\">Politique de confidentialit\u00e9<\/h1>\t\t\t\t<\/div>\n\t\t\t\t<\/div>\n\t\t\t\t<div class=\"elementor-element elementor-element-6ed096c elementor-widget elementor-widget-text-editor\" data-id=\"6ed096c\" data-element_type=\"widget\" data-e-type=\"widget\" data-widget_type=\"text-editor.default\">\n\t\t\t\t<div class=\"elementor-widget-container\">\n\t\t\t\t\t\t\t\t\t<p><strong>Responsable du traitement des donn\u00e9es<\/strong><\/p>\n\t\t\t\t\t\t\t\t<\/div>\n\t\t\t\t<\/div>\n\t\t\t\t<div class=\"elementor-element elementor-element-fa941c8 elementor-widget elementor-widget-text-editor\" data-id=\"fa941c8\" data-element_type=\"widget\" data-e-type=\"widget\" data-widget_type=\"text-editor.default\">\n\t\t\t\t<div class=\"elementor-widget-container\">\n\t\t\t\t\t\t\t\t\t<p>AGRARIA VECINO HENS, S.L. (ci-apr\u00e8s, Agraria Vecino Hens), avec le code d&rsquo;identification fiscale B-29730652, dont le si\u00e8ge social est situ\u00e9 Avenida Reina Mercedes 23 41012 Sevilla, nom fiscal : Agraria Vecino Hens, S.L., inscrite au registre du commerce de S\u00e9ville, volume 2.726, folio 173, page SE-33.886, 2e inscription.<\/p>\n<p>CIF : B-29730652<\/p>\n<p>Vous pouvez nous contacter par t\u00e9l\u00e9phone au +34 954563949, ou par courriel \u00e0 hola@lacultivada.com.<\/p>\t\t\t\t\t\t\t\t<\/div>\n\t\t\t\t<\/div>\n\t\t\t\t<div class=\"elementor-element elementor-element-067d64f elementor-widget elementor-widget-text-editor\" data-id=\"067d64f\" data-element_type=\"widget\" data-e-type=\"widget\" data-widget_type=\"text-editor.default\">\n\t\t\t\t<div class=\"elementor-widget-container\">\n\t\t\t\t\t\t\t\t\t<p><strong>Collecte et traitement des donn\u00e9es \u00e0 caract\u00e8re personnel<\/strong><\/p>\n\t\t\t\t\t\t\t\t<\/div>\n\t\t\t\t<\/div>\n\t\t\t\t<div class=\"elementor-element elementor-element-4b34272 elementor-widget elementor-widget-text-editor\" data-id=\"4b34272\" data-element_type=\"widget\" data-e-type=\"widget\" data-widget_type=\"text-editor.default\">\n\t\t\t\t<div class=\"elementor-widget-container\">\n\t\t\t\t\t\t\t\t\t<p>Au cours du processus de commande ou d&rsquo;ouverture d&rsquo;un nouveau compte, des donn\u00e9es personnelles seront collect\u00e9es. Ces donn\u00e9es seront incorpor\u00e9es dans un fichier sous la responsabilit\u00e9 d&rsquo;Agraria Vecino Hens, S.L., afin de g\u00e9rer le traitement et l&rsquo;ex\u00e9cution de votre commande. Si vous avez pr\u00e9alablement donn\u00e9 votre consentement expr\u00e8s, nous utiliserons votre adresse \u00e9lectronique pour vous envoyer des communications commerciales. Vous pouvez vous d\u00e9sinscrire \u00e0 tout moment en envoyant un message \u00e0 notre adresse de contact d\u00e9crite ici ou en cliquant sur le lien pr\u00e9vu \u00e0 cet effet dans l&rsquo;e-mail contenant ladite communication commerciale (R\u00e8glement de baseArt. 6.1 LOPD, Art. 21.1 LSSI). Sauf si vous consentez express\u00e9ment \u00e0 la poursuite de l&rsquo;utilisation de vos donn\u00e9es personnelles, celles-ci seront bloqu\u00e9es apr\u00e8s l&rsquo;ex\u00e9cution de la commande et le paiement int\u00e9gral du prix d&rsquo;achat. Vos donn\u00e9es personnelles seront supprim\u00e9es apr\u00e8s la p\u00e9riode prescrite par la loi pour l&rsquo;accomplissement de nos obligations commerciales et fiscales, \u00e0 moins que vous n&rsquo;ayez express\u00e9ment consenti \u00e0 ce qu&rsquo;elles continuent d&rsquo;\u00eatre utilis\u00e9es.<\/p>\n\t\t\t\t\t\t\t\t<\/div>\n\t\t\t\t<\/div>\n\t\t\t\t<div class=\"elementor-element elementor-element-53e21cf elementor-widget elementor-widget-text-editor\" data-id=\"53e21cf\" data-element_type=\"widget\" data-e-type=\"widget\" data-widget_type=\"text-editor.default\">\n\t\t\t\t<div class=\"elementor-widget-container\">\n\t\t\t\t\t\t\t\t\t<p><strong>Destinataires des donn\u00e9es \u00e0 caract\u00e8re personnel<\/strong><\/p>\n\t\t\t\t\t\t\t\t<\/div>\n\t\t\t\t<\/div>\n\t\t\t\t<div class=\"elementor-element elementor-element-2852202 elementor-widget elementor-widget-text-editor\" data-id=\"2852202\" data-element_type=\"widget\" data-e-type=\"widget\" data-widget_type=\"text-editor.default\">\n\t\t\t\t<div class=\"elementor-widget-container\">\n\t\t\t\t\t\t\t\t\t<p>Vos donn\u00e9es personnelles seront communiqu\u00e9es \u00e0 l&rsquo;agence de transport charg\u00e9e de l&rsquo;envoi des marchandises. Vos donn\u00e9es seront \u00e9galement transf\u00e9r\u00e9es, le cas \u00e9ch\u00e9ant, \u00e0 l&rsquo;\u00e9tablissement de cr\u00e9dit qui fournit les services de paiement dans le cadre de la gestion des paiements.<\/p>\n\t\t\t\t\t\t\t\t<\/div>\n\t\t\t\t<\/div>\n\t\t\t\t<div class=\"elementor-element elementor-element-7f37930 elementor-widget elementor-widget-text-editor\" data-id=\"7f37930\" data-element_type=\"widget\" data-e-type=\"widget\" data-widget_type=\"text-editor.default\">\n\t\t\t\t<div class=\"elementor-widget-container\">\n\t\t\t\t\t\t\t\t\t<p><strong>Droits d&rsquo;acc\u00e8s, de rectification, d&rsquo;annulation et d&rsquo;opposition<\/strong><\/p>\n\t\t\t\t\t\t\t\t<\/div>\n\t\t\t\t<\/div>\n\t\t\t\t<div class=\"elementor-element elementor-element-607145f elementor-widget elementor-widget-text-editor\" data-id=\"607145f\" data-element_type=\"widget\" data-e-type=\"widget\" data-widget_type=\"text-editor.default\">\n\t\t\t\t<div class=\"elementor-widget-container\">\n\t\t\t\t\t\t\t\t\t<p>Vous pouvez exercer gratuitement vos droits d&rsquo;acc\u00e8s, de rectification, d&rsquo;annulation et d&rsquo;opposition \u00e0 vos donn\u00e9es personnelles en envoyant un courrier \u00e9lectronique \u00e0 l&rsquo;adresse suivante : hola@lacultivada.com<\/p>\n\t\t\t\t\t\t\t\t<\/div>\n\t\t\t\t<\/div>\n\t\t\t\t<div class=\"elementor-element elementor-element-e5cedad elementor-widget elementor-widget-menu-anchor\" data-id=\"e5cedad\" data-element_type=\"widget\" data-e-type=\"widget\" data-widget_type=\"menu-anchor.default\">\n\t\t\t\t<div class=\"elementor-widget-container\">\n\t\t\t\t\t\t\t<div class=\"elementor-menu-anchor\" id=\"biscuits\"><\/div>\n\t\t\t\t\t\t<\/div>\n\t\t\t\t<\/div>\n\t\t\t\t\t<\/div>\n\t\t<\/div>\n\t\t\t\t\t<\/div>\n\t\t<\/section>\n\t\t\t\t<section class=\"elementor-section elementor-top-section elementor-element elementor-element-bbed09f elementor-section-boxed elementor-section-height-default elementor-section-height-default elementor-invisible\" data-id=\"bbed09f\" data-element_type=\"section\" data-e-type=\"section\" data-settings=\"{&quot;background_background&quot;:&quot;classic&quot;,&quot;animation&quot;:&quot;fadeInUp&quot;}\">\n\t\t\t\t\t\t<div class=\"elementor-container elementor-column-gap-default\">\n\t\t\t\t\t<div class=\"elementor-column elementor-col-100 elementor-top-column elementor-element elementor-element-6bc2392\" data-id=\"6bc2392\" data-element_type=\"column\" data-e-type=\"column\">\n\t\t\t<div class=\"elementor-widget-wrap elementor-element-populated\">\n\t\t\t\t\t\t<div class=\"elementor-element elementor-element-42676c1 elementor-invisible elementor-widget elementor-widget-heading\" data-id=\"42676c1\" data-element_type=\"widget\" data-e-type=\"widget\" data-settings=\"{&quot;_animation&quot;:&quot;fadeInUp&quot;}\" data-widget_type=\"heading.default\">\n\t\t\t\t<div class=\"elementor-widget-container\">\n\t\t\t\t\t<h2 class=\"elementor-heading-title elementor-size-default\">acheter de l'huile d'olive biologique la cultivada<\/h2>\t\t\t\t<\/div>\n\t\t\t\t<\/div>\n\t\t\t\t<section class=\"elementor-section elementor-inner-section elementor-element elementor-element-aed516a elementor-section-full_width elementor-section-height-default elementor-section-height-default\" data-id=\"aed516a\" data-element_type=\"section\" data-e-type=\"section\">\n\t\t\t\t\t\t<div class=\"elementor-container elementor-column-gap-default\">\n\t\t\t\t\t<div class=\"elementor-column elementor-col-25 elementor-inner-column elementor-element elementor-element-1daa65e\" data-id=\"1daa65e\" data-element_type=\"column\" data-e-type=\"column\">\n\t\t\t<div class=\"elementor-widget-wrap elementor-element-populated\">\n\t\t\t\t\t\t<div class=\"elementor-element elementor-element-75a1d18 elementor-widget elementor-widget-image\" data-id=\"75a1d18\" data-element_type=\"widget\" data-e-type=\"widget\" data-widget_type=\"image.default\">\n\t\t\t\t<div class=\"elementor-widget-container\">\n\t\t\t\t\t\t\t\t\t\t\t\t\t\t\t\t<a href=\"https:\/\/lacultivada.com\/comprar-aove\/aove-arbequina-aceite-oliva-virgen-extra\/\">\n\t\t\t\t\t\t\t<img fetchpriority=\"high\" decoding=\"async\" width=\"450\" height=\"783\" src=\"https:\/\/lacultivada.com\/wp-content\/uploads\/2023\/04\/AOVE-Eco-Arbequina-premium-01.jpg\" class=\"elementor-animation-grow attachment-large size-large wp-image-3211\" alt=\"\" srcset=\"https:\/\/lacultivada.com\/wp-content\/uploads\/2023\/04\/AOVE-Eco-Arbequina-premium-01.jpg 450w, https:\/\/lacultivada.com\/wp-content\/uploads\/2023\/04\/AOVE-Eco-Arbequina-premium-01-400x696.jpg 400w, https:\/\/lacultivada.com\/wp-content\/uploads\/2023\/04\/AOVE-Eco-Arbequina-premium-01-172x300.jpg 172w\" sizes=\"(max-width: 450px) 100vw, 450px\" \/>\t\t\t\t\t\t\t\t<\/a>\n\t\t\t\t\t\t\t\t\t\t\t\t\t\t\t<\/div>\n\t\t\t\t<\/div>\n\t\t\t\t<div class=\"elementor-element elementor-element-7de79a2 premium-header-block premium-lq__none premium-box-lq__none elementor-widget elementor-widget-premium-addon-dual-header\" data-id=\"7de79a2\" data-element_type=\"widget\" data-e-type=\"widget\" data-widget_type=\"premium-addon-dual-header.default\">\n\t\t\t\t\t\n\t\t<div class=\"elementor-widget-container\">\n\t\t\t\t\t<h3 class=\"premium-dual-header-first-header \"><span class=\"premium-dual-header-first-span\">Arbequina <\/span><span class=\"premium-dual-header-second-header \">Parfum\u00e9e et sinc\u00e8re<\/span><\/h3> \t\t\t\t<\/div>\n\n\t\t\t\t\t\t<\/div>\n\t\t\t\t<div class=\"elementor-element elementor-element-e673389 elementor-align-center elementor-invisible elementor-widget elementor-widget-button\" data-id=\"e673389\" data-element_type=\"widget\" data-e-type=\"widget\" data-settings=\"{&quot;_animation&quot;:&quot;fadeInUp&quot;}\" data-widget_type=\"button.default\">\n\t\t\t\t<div class=\"elementor-widget-container\">\n\t\t\t\t\t\t\t\t\t<div class=\"elementor-button-wrapper\">\n\t\t\t\t\t<a class=\"elementor-button elementor-button-link elementor-size-md elementor-animation-grow\" href=\"https:\/\/lacultivada.com\/fr\/comprar-aove\/aove-arbequina-huile-olive-vierge-extra\/\">\n\t\t\t\t\t\t<span class=\"elementor-button-content-wrapper\">\n\t\t\t\t\t\t\t\t\t<span class=\"elementor-button-text\">Acheter<\/span>\n\t\t\t\t\t<\/span>\n\t\t\t\t\t<\/a>\n\t\t\t\t<\/div>\n\t\t\t\t\t\t\t\t<\/div>\n\t\t\t\t<\/div>\n\t\t\t\t\t<\/div>\n\t\t<\/div>\n\t\t\t\t<div class=\"elementor-column elementor-col-25 elementor-inner-column elementor-element elementor-element-c857da6\" data-id=\"c857da6\" data-element_type=\"column\" data-e-type=\"column\">\n\t\t\t<div class=\"elementor-widget-wrap elementor-element-populated\">\n\t\t\t\t\t\t<div class=\"elementor-element elementor-element-703030b elementor-widget elementor-widget-image\" data-id=\"703030b\" data-element_type=\"widget\" data-e-type=\"widget\" data-widget_type=\"image.default\">\n\t\t\t\t<div class=\"elementor-widget-container\">\n\t\t\t\t\t\t\t\t\t\t\t\t\t\t\t\t<a href=\"https:\/\/lacultivada.com\/comprar-aove\/aove-hojiblanca\/\">\n\t\t\t\t\t\t\t<img decoding=\"async\" width=\"450\" height=\"783\" src=\"https:\/\/lacultivada.com\/wp-content\/uploads\/2023\/04\/AOVE-Eco-Hojiblanca-premium-01.jpg\" class=\"elementor-animation-grow attachment-large size-large wp-image-3207\" alt=\"\" srcset=\"https:\/\/lacultivada.com\/wp-content\/uploads\/2023\/04\/AOVE-Eco-Hojiblanca-premium-01.jpg 450w, https:\/\/lacultivada.com\/wp-content\/uploads\/2023\/04\/AOVE-Eco-Hojiblanca-premium-01-400x696.jpg 400w, https:\/\/lacultivada.com\/wp-content\/uploads\/2023\/04\/AOVE-Eco-Hojiblanca-premium-01-172x300.jpg 172w\" sizes=\"(max-width: 450px) 100vw, 450px\" \/>\t\t\t\t\t\t\t\t<\/a>\n\t\t\t\t\t\t\t\t\t\t\t\t\t\t\t<\/div>\n\t\t\t\t<\/div>\n\t\t\t\t<div class=\"elementor-element elementor-element-976def4 premium-header-block premium-lq__none premium-box-lq__none elementor-widget elementor-widget-premium-addon-dual-header\" data-id=\"976def4\" data-element_type=\"widget\" data-e-type=\"widget\" data-widget_type=\"premium-addon-dual-header.default\">\n\t\t\t\t\t\n\t\t<div class=\"elementor-widget-container\">\n\t\t\t\t\t<h3 class=\"premium-dual-header-first-header \"><span class=\"premium-dual-header-first-span\">Hojiblanca <\/span><span class=\"premium-dual-header-second-header \">Expressif et distingu\u00e9<\/span><\/h3> \t\t\t\t<\/div>\n\n\t\t\t\t\t\t<\/div>\n\t\t\t\t<div class=\"elementor-element elementor-element-531cfd2 elementor-align-center elementor-invisible elementor-widget elementor-widget-button\" data-id=\"531cfd2\" data-element_type=\"widget\" data-e-type=\"widget\" data-settings=\"{&quot;_animation&quot;:&quot;fadeInUp&quot;}\" data-widget_type=\"button.default\">\n\t\t\t\t<div class=\"elementor-widget-container\">\n\t\t\t\t\t\t\t\t\t<div class=\"elementor-button-wrapper\">\n\t\t\t\t\t<a class=\"elementor-button elementor-button-link elementor-size-md elementor-animation-grow\" href=\"https:\/\/lacultivada.com\/fr\/comprar-aove\/aove-hojiblanca\/\">\n\t\t\t\t\t\t<span class=\"elementor-button-content-wrapper\">\n\t\t\t\t\t\t\t\t\t<span class=\"elementor-button-text\">Acheter<\/span>\n\t\t\t\t\t<\/span>\n\t\t\t\t\t<\/a>\n\t\t\t\t<\/div>\n\t\t\t\t\t\t\t\t<\/div>\n\t\t\t\t<\/div>\n\t\t\t\t\t<\/div>\n\t\t<\/div>\n\t\t\t\t<div class=\"elementor-column elementor-col-25 elementor-inner-column elementor-element elementor-element-dcf82d7\" data-id=\"dcf82d7\" data-element_type=\"column\" data-e-type=\"column\">\n\t\t\t<div class=\"elementor-widget-wrap elementor-element-populated\">\n\t\t\t\t\t\t<div class=\"elementor-element elementor-element-518dd7b elementor-widget elementor-widget-image\" data-id=\"518dd7b\" data-element_type=\"widget\" data-e-type=\"widget\" data-widget_type=\"image.default\">\n\t\t\t\t<div class=\"elementor-widget-container\">\n\t\t\t\t\t\t\t\t\t\t\t\t\t\t\t\t<a href=\"https:\/\/lacultivada.com\/comprar-aove\/aove-picual\/\">\n\t\t\t\t\t\t\t<img decoding=\"async\" width=\"450\" height=\"783\" src=\"https:\/\/lacultivada.com\/wp-content\/uploads\/2023\/04\/AOVE-Eco-Picual-premium-01.jpg\" class=\"elementor-animation-grow attachment-large size-large wp-image-3203\" alt=\"\" srcset=\"https:\/\/lacultivada.com\/wp-content\/uploads\/2023\/04\/AOVE-Eco-Picual-premium-01.jpg 450w, https:\/\/lacultivada.com\/wp-content\/uploads\/2023\/04\/AOVE-Eco-Picual-premium-01-400x696.jpg 400w, https:\/\/lacultivada.com\/wp-content\/uploads\/2023\/04\/AOVE-Eco-Picual-premium-01-172x300.jpg 172w\" sizes=\"(max-width: 450px) 100vw, 450px\" \/>\t\t\t\t\t\t\t\t<\/a>\n\t\t\t\t\t\t\t\t\t\t\t\t\t\t\t<\/div>\n\t\t\t\t<\/div>\n\t\t\t\t<div class=\"elementor-element elementor-element-71b7065 premium-header-block premium-lq__none premium-box-lq__none elementor-widget elementor-widget-premium-addon-dual-header\" data-id=\"71b7065\" data-element_type=\"widget\" data-e-type=\"widget\" data-widget_type=\"premium-addon-dual-header.default\">\n\t\t\t\t\t\n\t\t<div class=\"elementor-widget-container\">\n\t\t\t\t\t<h3 class=\"premium-dual-header-first-header \"><span class=\"premium-dual-header-first-span\">Picual <\/span><span class=\"premium-dual-header-second-header \">Succulente et sensuelle<\/span><\/h3> \t\t\t\t<\/div>\n\n\t\t\t\t\t\t<\/div>\n\t\t\t\t<div class=\"elementor-element elementor-element-db440c3 elementor-align-center elementor-invisible elementor-widget elementor-widget-button\" data-id=\"db440c3\" data-element_type=\"widget\" data-e-type=\"widget\" data-settings=\"{&quot;_animation&quot;:&quot;fadeInUp&quot;}\" data-widget_type=\"button.default\">\n\t\t\t\t<div class=\"elementor-widget-container\">\n\t\t\t\t\t\t\t\t\t<div class=\"elementor-button-wrapper\">\n\t\t\t\t\t<a class=\"elementor-button elementor-button-link elementor-size-md elementor-animation-grow\" href=\"https:\/\/lacultivada.com\/fr\/comprar-aove\/aove-picual\/\">\n\t\t\t\t\t\t<span class=\"elementor-button-content-wrapper\">\n\t\t\t\t\t\t\t\t\t<span class=\"elementor-button-text\">Acheter<\/span>\n\t\t\t\t\t<\/span>\n\t\t\t\t\t<\/a>\n\t\t\t\t<\/div>\n\t\t\t\t\t\t\t\t<\/div>\n\t\t\t\t<\/div>\n\t\t\t\t\t<\/div>\n\t\t<\/div>\n\t\t\t\t<div class=\"elementor-column elementor-col-25 elementor-inner-column elementor-element elementor-element-18fb51e\" data-id=\"18fb51e\" data-element_type=\"column\" data-e-type=\"column\">\n\t\t\t<div class=\"elementor-widget-wrap elementor-element-populated\">\n\t\t\t\t\t\t<div class=\"elementor-element elementor-element-83a3748 elementor-widget elementor-widget-image\" data-id=\"83a3748\" data-element_type=\"widget\" data-e-type=\"widget\" data-widget_type=\"image.default\">\n\t\t\t\t<div class=\"elementor-widget-container\">\n\t\t\t\t\t\t\t\t\t\t\t\t\t\t\t\t<a href=\"https:\/\/lacultivada.com\/comprar-aove\/aove-quintaesencia\/\">\n\t\t\t\t\t\t\t<img loading=\"lazy\" decoding=\"async\" width=\"450\" height=\"783\" src=\"https:\/\/lacultivada.com\/wp-content\/uploads\/2023\/04\/AOVE-Eco-Quintaesencia-premium-01.jpg\" class=\"elementor-animation-grow attachment-large size-large wp-image-3199\" alt=\"\" srcset=\"https:\/\/lacultivada.com\/wp-content\/uploads\/2023\/04\/AOVE-Eco-Quintaesencia-premium-01.jpg 450w, https:\/\/lacultivada.com\/wp-content\/uploads\/2023\/04\/AOVE-Eco-Quintaesencia-premium-01-400x696.jpg 400w, https:\/\/lacultivada.com\/wp-content\/uploads\/2023\/04\/AOVE-Eco-Quintaesencia-premium-01-172x300.jpg 172w\" sizes=\"(max-width: 450px) 100vw, 450px\" \/>\t\t\t\t\t\t\t\t<\/a>\n\t\t\t\t\t\t\t\t\t\t\t\t\t\t\t<\/div>\n\t\t\t\t<\/div>\n\t\t\t\t<div class=\"elementor-element elementor-element-730c699 premium-header-block premium-lq__none premium-box-lq__none elementor-widget elementor-widget-premium-addon-dual-header\" data-id=\"730c699\" data-element_type=\"widget\" data-e-type=\"widget\" data-widget_type=\"premium-addon-dual-header.default\">\n\t\t\t\t\t\n\t\t<div class=\"elementor-widget-container\">\n\t\t\t\t\t<h3 class=\"premium-dual-header-first-header \"><span class=\"premium-dual-header-first-span\">Quintessence <\/span><span class=\"premium-dual-header-second-header \">\u00c9th\u00e9r\u00e9 et persistant<\/span><\/h3> \t\t\t\t<\/div>\n\n\t\t\t\t\t\t<\/div>\n\t\t\t\t<div class=\"elementor-element elementor-element-d6cfa8a elementor-align-center elementor-invisible elementor-widget elementor-widget-button\" data-id=\"d6cfa8a\" data-element_type=\"widget\" data-e-type=\"widget\" data-settings=\"{&quot;_animation&quot;:&quot;fadeInUp&quot;}\" data-widget_type=\"button.default\">\n\t\t\t\t<div class=\"elementor-widget-container\">\n\t\t\t\t\t\t\t\t\t<div class=\"elementor-button-wrapper\">\n\t\t\t\t\t<a class=\"elementor-button elementor-button-link elementor-size-md elementor-animation-grow\" href=\"https:\/\/lacultivada.com\/fr\/comprar-aove\/aove-quintaesencia\/\">\n\t\t\t\t\t\t<span class=\"elementor-button-content-wrapper\">\n\t\t\t\t\t\t\t\t\t<span class=\"elementor-button-text\">Acheter<\/span>\n\t\t\t\t\t<\/span>\n\t\t\t\t\t<\/a>\n\t\t\t\t<\/div>\n\t\t\t\t\t\t\t\t<\/div>\n\t\t\t\t<\/div>\n\t\t\t\t\t<\/div>\n\t\t<\/div>\n\t\t\t\t\t<\/div>\n\t\t<\/section>\n\t\t\t\t\t<\/div>\n\t\t<\/div>\n\t\t\t\t\t<\/div>\n\t\t<\/section>\n\t\t\t\t<\/div>\n\t\t","protected":false},"excerpt":{"rendered":"<p>Politique de confidentialit\u00e9 Responsable du traitement des donn\u00e9es AGRARIA VECINO HENS, S.L. (ci-apr\u00e8s, Agraria Vecino Hens), avec le code d&rsquo;identification fiscale B-29730652, dont le si\u00e8ge social est situ\u00e9 Avenida Reina Mercedes 23 41012 Sevilla, nom fiscal : Agraria Vecino Hens, S.L., inscrite au registre du commerce de S\u00e9ville, volume 2.726, folio 173, page SE-33.886, 2e [&hellip;]<\/p>\n","protected":false},"author":1,"featured_media":3003,"parent":0,"menu_order":0,"comment_status":"closed","ping_status":"closed","template":"elementor_header_footer","meta":{"ocean_post_layout":"","ocean_both_sidebars_style":"","ocean_both_sidebars_content_width":0,"ocean_both_sidebars_sidebars_width":0,"ocean_sidebar":"0","ocean_second_sidebar":"0","ocean_disable_margins":"enable","ocean_add_body_class":"","ocean_shortcode_before_top_bar":"","ocean_shortcode_after_top_bar":"","ocean_shortcode_before_header":"","ocean_shortcode_after_header":"","ocean_has_shortcode":"","ocean_shortcode_after_title":"","ocean_shortcode_before_footer_widgets":"","ocean_shortcode_after_footer_widgets":"","ocean_shortcode_before_footer_bottom":"","ocean_shortcode_after_footer_bottom":"","ocean_display_top_bar":"default","ocean_display_header":"default","ocean_header_style":"","ocean_center_header_left_menu":"0","ocean_custom_header_template":"0","ocean_custom_logo":0,"ocean_custom_retina_logo":0,"ocean_custom_logo_max_width":0,"ocean_custom_logo_tablet_max_width":0,"ocean_custom_logo_mobile_max_width":0,"ocean_custom_logo_max_height":0,"ocean_custom_logo_tablet_max_height":0,"ocean_custom_logo_mobile_max_height":0,"ocean_header_custom_menu":"0","ocean_menu_typo_font_family":"0","ocean_menu_typo_font_subset":"","ocean_menu_typo_font_size":0,"ocean_menu_typo_font_size_tablet":0,"ocean_menu_typo_font_size_mobile":0,"ocean_menu_typo_font_size_unit":"px","ocean_menu_typo_font_weight":"","ocean_menu_typo_font_weight_tablet":"","ocean_menu_typo_font_weight_mobile":"","ocean_menu_typo_transform":"","ocean_menu_typo_transform_tablet":"","ocean_menu_typo_transform_mobile":"","ocean_menu_typo_line_height":0,"ocean_menu_typo_line_height_tablet":0,"ocean_menu_typo_line_height_mobile":0,"ocean_menu_typo_line_height_unit":"","ocean_menu_typo_spacing":0,"ocean_menu_typo_spacing_tablet":0,"ocean_menu_typo_spacing_mobile":0,"ocean_menu_typo_spacing_unit":"","ocean_menu_link_color":"","ocean_menu_link_color_hover":"","ocean_menu_link_color_active":"","ocean_menu_link_background":"","ocean_menu_link_hover_background":"","ocean_menu_link_active_background":"","ocean_menu_social_links_bg":"","ocean_menu_social_hover_links_bg":"","ocean_menu_social_links_color":"","ocean_menu_social_hover_links_color":"","ocean_disable_title":"default","ocean_disable_heading":"default","ocean_post_title":"","ocean_post_subheading":"","ocean_post_title_style":"","ocean_post_title_background_color":"","ocean_post_title_background":0,"ocean_post_title_bg_image_position":"","ocean_post_title_bg_image_attachment":"","ocean_post_title_bg_image_repeat":"","ocean_post_title_bg_image_size":"","ocean_post_title_height":0,"ocean_post_title_bg_overlay":0.5,"ocean_post_title_bg_overlay_color":"","ocean_disable_breadcrumbs":"default","ocean_breadcrumbs_color":"","ocean_breadcrumbs_separator_color":"","ocean_breadcrumbs_links_color":"","ocean_breadcrumbs_links_hover_color":"","ocean_display_footer_widgets":"default","ocean_display_footer_bottom":"default","ocean_custom_footer_template":"0","footnotes":""},"class_list":["post-7334","page","type-page","status-publish","has-post-thumbnail","hentry","entry","has-media","owp-thumbs-layout-horizontal","owp-btn-normal","owp-tabs-layout-horizontal","has-no-thumbnails","has-product-nav"],"yoast_head":"<!-- This site is optimized with the Yoast SEO plugin v27.4 - https:\/\/yoast.com\/product\/yoast-seo-wordpress\/ -->\n<title>Politique de confidentialit\u00e9 &#187; La Cultivada<\/title>\n<meta name=\"robots\" content=\"index, follow, max-snippet:-1, max-image-preview:large, max-video-preview:-1\" \/>\n<link rel=\"canonical\" href=\"https:\/\/lacultivada.com\/fr\/politique-de-confidentialite\/\" \/>\n<meta property=\"og:locale\" content=\"fr_FR\" \/>\n<meta property=\"og:type\" content=\"article\" \/>\n<meta property=\"og:title\" content=\"Politique de confidentialit\u00e9 &#187; La Cultivada\" \/>\n<meta property=\"og:description\" content=\"Politique de confidentialit\u00e9 Responsable du traitement des donn\u00e9es AGRARIA VECINO HENS, S.L. (ci-apr\u00e8s, Agraria Vecino Hens), avec le code d&rsquo;identification fiscale B-29730652, dont le si\u00e8ge social est situ\u00e9 Avenida Reina Mercedes 23 41012 Sevilla, nom fiscal : Agraria Vecino Hens, S.L., inscrite au registre du commerce de S\u00e9ville, volume 2.726, folio 173, page SE-33.886, 2e [&hellip;]\" \/>\n<meta property=\"og:url\" content=\"https:\/\/lacultivada.com\/fr\/politique-de-confidentialite\/\" \/>\n<meta property=\"og:site_name\" content=\"La Cultivada\" \/>\n<meta property=\"article:publisher\" content=\"https:\/\/www.facebook.com\/lacultivadaaceitedeolivavirgenextra\/\" \/>\n<meta property=\"article:modified_time\" content=\"2023-08-09T16:57:17+00:00\" \/>\n<meta property=\"og:image\" content=\"https:\/\/lacultivada.com\/wp-content\/uploads\/2022\/12\/cata-aove-aceite-oliva-virgen-extra.jpg\" \/>\n\t<meta property=\"og:image:width\" content=\"1170\" \/>\n\t<meta property=\"og:image:height\" content=\"592\" \/>\n\t<meta property=\"og:image:type\" content=\"image\/jpeg\" \/>\n<meta name=\"twitter:card\" content=\"summary_large_image\" \/>\n<meta name=\"twitter:label1\" content=\"Dur\u00e9e de lecture estim\u00e9e\" \/>\n\t<meta name=\"twitter:data1\" content=\"2 minutes\" \/>\n<script type=\"application\/ld+json\" class=\"yoast-schema-graph\">{\"@context\":\"https:\\\/\\\/schema.org\",\"@graph\":[{\"@type\":\"WebPage\",\"@id\":\"https:\\\/\\\/lacultivada.com\\\/fr\\\/politique-de-confidentialite\\\/\",\"url\":\"https:\\\/\\\/lacultivada.com\\\/fr\\\/politique-de-confidentialite\\\/\",\"name\":\"Politique de confidentialit\u00e9 &#187; La Cultivada\",\"isPartOf\":{\"@id\":\"https:\\\/\\\/lacultivada.com\\\/fr\\\/#website\"},\"primaryImageOfPage\":{\"@id\":\"https:\\\/\\\/lacultivada.com\\\/fr\\\/politique-de-confidentialite\\\/#primaryimage\"},\"image\":{\"@id\":\"https:\\\/\\\/lacultivada.com\\\/fr\\\/politique-de-confidentialite\\\/#primaryimage\"},\"thumbnailUrl\":\"https:\\\/\\\/lacultivada.com\\\/wp-content\\\/uploads\\\/2022\\\/12\\\/cata-aove-aceite-oliva-virgen-extra.jpg\",\"datePublished\":\"2023-06-26T17:19:09+00:00\",\"dateModified\":\"2023-08-09T16:57:17+00:00\",\"breadcrumb\":{\"@id\":\"https:\\\/\\\/lacultivada.com\\\/fr\\\/politique-de-confidentialite\\\/#breadcrumb\"},\"inLanguage\":\"fr-FR\",\"potentialAction\":[{\"@type\":\"ReadAction\",\"target\":[\"https:\\\/\\\/lacultivada.com\\\/fr\\\/politique-de-confidentialite\\\/\"]}]},{\"@type\":\"ImageObject\",\"inLanguage\":\"fr-FR\",\"@id\":\"https:\\\/\\\/lacultivada.com\\\/fr\\\/politique-de-confidentialite\\\/#primaryimage\",\"url\":\"https:\\\/\\\/lacultivada.com\\\/wp-content\\\/uploads\\\/2022\\\/12\\\/cata-aove-aceite-oliva-virgen-extra.jpg\",\"contentUrl\":\"https:\\\/\\\/lacultivada.com\\\/wp-content\\\/uploads\\\/2022\\\/12\\\/cata-aove-aceite-oliva-virgen-extra.jpg\",\"width\":1170,\"height\":592},{\"@type\":\"BreadcrumbList\",\"@id\":\"https:\\\/\\\/lacultivada.com\\\/fr\\\/politique-de-confidentialite\\\/#breadcrumb\",\"itemListElement\":[{\"@type\":\"ListItem\",\"position\":1,\"name\":\"Portada\",\"item\":\"https:\\\/\\\/lacultivada.com\\\/fr\\\/accueil\\\/\"},{\"@type\":\"ListItem\",\"position\":2,\"name\":\"Politique de confidentialit\u00e9\"}]},{\"@type\":\"WebSite\",\"@id\":\"https:\\\/\\\/lacultivada.com\\\/fr\\\/#website\",\"url\":\"https:\\\/\\\/lacultivada.com\\\/fr\\\/\",\"name\":\"La Cultivada\",\"description\":\"AOVE Ecol\u00f3gico y Premium\",\"publisher\":{\"@id\":\"https:\\\/\\\/lacultivada.com\\\/fr\\\/#organization\"},\"potentialAction\":[{\"@type\":\"SearchAction\",\"target\":{\"@type\":\"EntryPoint\",\"urlTemplate\":\"https:\\\/\\\/lacultivada.com\\\/fr\\\/?s={search_term_string}\"},\"query-input\":{\"@type\":\"PropertyValueSpecification\",\"valueRequired\":true,\"valueName\":\"search_term_string\"}}],\"inLanguage\":\"fr-FR\"},{\"@type\":\"Organization\",\"@id\":\"https:\\\/\\\/lacultivada.com\\\/fr\\\/#organization\",\"name\":\"La Cultivada\",\"alternateName\":\"La Cultivada\",\"url\":\"https:\\\/\\\/lacultivada.com\\\/fr\\\/\",\"logo\":{\"@type\":\"ImageObject\",\"inLanguage\":\"fr-FR\",\"@id\":\"https:\\\/\\\/lacultivada.com\\\/fr\\\/#\\\/schema\\\/logo\\\/image\\\/\",\"url\":\"https:\\\/\\\/lacultivada.com\\\/wp-content\\\/uploads\\\/2022\\\/12\\\/la-cultivada-aceites-aove.png\",\"contentUrl\":\"https:\\\/\\\/lacultivada.com\\\/wp-content\\\/uploads\\\/2022\\\/12\\\/la-cultivada-aceites-aove.png\",\"width\":726,\"height\":171,\"caption\":\"La Cultivada\"},\"image\":{\"@id\":\"https:\\\/\\\/lacultivada.com\\\/fr\\\/#\\\/schema\\\/logo\\\/image\\\/\"},\"sameAs\":[\"https:\\\/\\\/www.facebook.com\\\/lacultivadaaceitedeolivavirgenextra\\\/\",\"https:\\\/\\\/www.instagram.com\\\/lacultivada\\\/\",\"https:\\\/\\\/www.youtube.com\\\/channel\\\/UCBEydcW4H3FqXkBMAaueJ9A\"]}]}<\/script>\n<!-- \/ Yoast SEO plugin. -->","yoast_head_json":{"title":"Politique de confidentialit\u00e9 &#187; La Cultivada","robots":{"index":"index","follow":"follow","max-snippet":"max-snippet:-1","max-image-preview":"max-image-preview:large","max-video-preview":"max-video-preview:-1"},"canonical":"https:\/\/lacultivada.com\/fr\/politique-de-confidentialite\/","og_locale":"fr_FR","og_type":"article","og_title":"Politique de confidentialit\u00e9 &#187; La Cultivada","og_description":"Politique de confidentialit\u00e9 Responsable du traitement des donn\u00e9es AGRARIA VECINO HENS, S.L. (ci-apr\u00e8s, Agraria Vecino Hens), avec le code d&rsquo;identification fiscale B-29730652, dont le si\u00e8ge social est situ\u00e9 Avenida Reina Mercedes 23 41012 Sevilla, nom fiscal : Agraria Vecino Hens, S.L., inscrite au registre du commerce de S\u00e9ville, volume 2.726, folio 173, page SE-33.886, 2e [&hellip;]","og_url":"https:\/\/lacultivada.com\/fr\/politique-de-confidentialite\/","og_site_name":"La Cultivada","article_publisher":"https:\/\/www.facebook.com\/lacultivadaaceitedeolivavirgenextra\/","article_modified_time":"2023-08-09T16:57:17+00:00","og_image":[{"width":1170,"height":592,"url":"https:\/\/lacultivada.com\/wp-content\/uploads\/2022\/12\/cata-aove-aceite-oliva-virgen-extra.jpg","type":"image\/jpeg"}],"twitter_card":"summary_large_image","twitter_misc":{"Dur\u00e9e de lecture estim\u00e9e":"2 minutes"},"schema":{"@context":"https:\/\/schema.org","@graph":[{"@type":"WebPage","@id":"https:\/\/lacultivada.com\/fr\/politique-de-confidentialite\/","url":"https:\/\/lacultivada.com\/fr\/politique-de-confidentialite\/","name":"Politique de confidentialit\u00e9 &#187; La Cultivada","isPartOf":{"@id":"https:\/\/lacultivada.com\/fr\/#website"},"primaryImageOfPage":{"@id":"https:\/\/lacultivada.com\/fr\/politique-de-confidentialite\/#primaryimage"},"image":{"@id":"https:\/\/lacultivada.com\/fr\/politique-de-confidentialite\/#primaryimage"},"thumbnailUrl":"https:\/\/lacultivada.com\/wp-content\/uploads\/2022\/12\/cata-aove-aceite-oliva-virgen-extra.jpg","datePublished":"2023-06-26T17:19:09+00:00","dateModified":"2023-08-09T16:57:17+00:00","breadcrumb":{"@id":"https:\/\/lacultivada.com\/fr\/politique-de-confidentialite\/#breadcrumb"},"inLanguage":"fr-FR","potentialAction":[{"@type":"ReadAction","target":["https:\/\/lacultivada.com\/fr\/politique-de-confidentialite\/"]}]},{"@type":"ImageObject","inLanguage":"fr-FR","@id":"https:\/\/lacultivada.com\/fr\/politique-de-confidentialite\/#primaryimage","url":"https:\/\/lacultivada.com\/wp-content\/uploads\/2022\/12\/cata-aove-aceite-oliva-virgen-extra.jpg","contentUrl":"https:\/\/lacultivada.com\/wp-content\/uploads\/2022\/12\/cata-aove-aceite-oliva-virgen-extra.jpg","width":1170,"height":592},{"@type":"BreadcrumbList","@id":"https:\/\/lacultivada.com\/fr\/politique-de-confidentialite\/#breadcrumb","itemListElement":[{"@type":"ListItem","position":1,"name":"Portada","item":"https:\/\/lacultivada.com\/fr\/accueil\/"},{"@type":"ListItem","position":2,"name":"Politique de confidentialit\u00e9"}]},{"@type":"WebSite","@id":"https:\/\/lacultivada.com\/fr\/#website","url":"https:\/\/lacultivada.com\/fr\/","name":"La Cultivada","description":"AOVE Ecol\u00f3gico y Premium","publisher":{"@id":"https:\/\/lacultivada.com\/fr\/#organization"},"potentialAction":[{"@type":"SearchAction","target":{"@type":"EntryPoint","urlTemplate":"https:\/\/lacultivada.com\/fr\/?s={search_term_string}"},"query-input":{"@type":"PropertyValueSpecification","valueRequired":true,"valueName":"search_term_string"}}],"inLanguage":"fr-FR"},{"@type":"Organization","@id":"https:\/\/lacultivada.com\/fr\/#organization","name":"La Cultivada","alternateName":"La Cultivada","url":"https:\/\/lacultivada.com\/fr\/","logo":{"@type":"ImageObject","inLanguage":"fr-FR","@id":"https:\/\/lacultivada.com\/fr\/#\/schema\/logo\/image\/","url":"https:\/\/lacultivada.com\/wp-content\/uploads\/2022\/12\/la-cultivada-aceites-aove.png","contentUrl":"https:\/\/lacultivada.com\/wp-content\/uploads\/2022\/12\/la-cultivada-aceites-aove.png","width":726,"height":171,"caption":"La Cultivada"},"image":{"@id":"https:\/\/lacultivada.com\/fr\/#\/schema\/logo\/image\/"},"sameAs":["https:\/\/www.facebook.com\/lacultivadaaceitedeolivavirgenextra\/","https:\/\/www.instagram.com\/lacultivada\/","https:\/\/www.youtube.com\/channel\/UCBEydcW4H3FqXkBMAaueJ9A"]}]}},"_links":{"self":[{"href":"https:\/\/lacultivada.com\/fr\/wp-json\/wp\/v2\/pages\/7334","targetHints":{"allow":["GET"]}}],"collection":[{"href":"https:\/\/lacultivada.com\/fr\/wp-json\/wp\/v2\/pages"}],"about":[{"href":"https:\/\/lacultivada.com\/fr\/wp-json\/wp\/v2\/types\/page"}],"author":[{"embeddable":true,"href":"https:\/\/lacultivada.com\/fr\/wp-json\/wp\/v2\/users\/1"}],"replies":[{"embeddable":true,"href":"https:\/\/lacultivada.com\/fr\/wp-json\/wp\/v2\/comments?post=7334"}],"version-history":[{"count":5,"href":"https:\/\/lacultivada.com\/fr\/wp-json\/wp\/v2\/pages\/7334\/revisions"}],"predecessor-version":[{"id":24924,"href":"https:\/\/lacultivada.com\/fr\/wp-json\/wp\/v2\/pages\/7334\/revisions\/24924"}],"wp:featuredmedia":[{"embeddable":true,"href":"https:\/\/lacultivada.com\/fr\/wp-json\/wp\/v2\/media\/3003"}],"wp:attachment":[{"href":"https:\/\/lacultivada.com\/fr\/wp-json\/wp\/v2\/media?parent=7334"}],"curies":[{"name":"wp","href":"https:\/\/api.w.org\/{rel}","templated":true}]}}