{"id":23252,"date":"2023-06-26T19:35:13","date_gmt":"2023-06-26T17:35:13","guid":{"rendered":"https:\/\/boldmedia.es\/lacultivada\/avis-juridique\/"},"modified":"2023-08-09T17:53:55","modified_gmt":"2023-08-09T15:53:55","slug":"avis-juridique","status":"publish","type":"page","link":"https:\/\/lacultivada.com\/fr\/avis-juridique\/","title":{"rendered":"Avis juridique"},"content":{"rendered":"\t\t<div data-elementor-type=\"wp-page\" data-elementor-id=\"23252\" class=\"elementor elementor-23252 elementor-7341\" data-elementor-post-type=\"page\">\n\t\t\t\t\t\t<section class=\"elementor-section elementor-top-section elementor-element elementor-element-26c1ee7 elementor-section-content-middle elementor-section-full_width elementor-section-height-default elementor-section-height-default\" data-id=\"26c1ee7\" data-element_type=\"section\" data-e-type=\"section\" data-settings=\"{&quot;background_background&quot;:&quot;classic&quot;}\">\n\t\t\t\t\t\t\t<div class=\"elementor-background-overlay\"><\/div>\n\t\t\t\t\t\t\t<div class=\"elementor-container elementor-column-gap-default\">\n\t\t\t\t\t<div class=\"elementor-column elementor-col-100 elementor-top-column elementor-element elementor-element-26445d7\" data-id=\"26445d7\" data-element_type=\"column\" data-e-type=\"column\">\n\t\t\t<div class=\"elementor-widget-wrap elementor-element-populated\">\n\t\t\t\t\t\t<div class=\"elementor-element elementor-element-13fa4a3 elementor-widget elementor-widget-heading\" data-id=\"13fa4a3\" data-element_type=\"widget\" data-e-type=\"widget\" data-widget_type=\"heading.default\">\n\t\t\t\t<div class=\"elementor-widget-container\">\n\t\t\t\t\t<h1 class=\"elementor-heading-title elementor-size-default\">Avis juridique<\/h1>\t\t\t\t<\/div>\n\t\t\t\t<\/div>\n\t\t\t\t<div class=\"elementor-element elementor-element-fa941c8 elementor-widget elementor-widget-text-editor\" data-id=\"fa941c8\" data-element_type=\"widget\" data-e-type=\"widget\" data-widget_type=\"text-editor.default\">\n\t\t\t\t<div class=\"elementor-widget-container\">\n\t\t\t\t\t\t\t\t\t<p>Conform\u00e9ment \u00e0 la loi 34\/2002, du 11 juillet, sur les services de la soci\u00e9t\u00e9 de l&rsquo;information et le commerce \u00e9lectronique, et en tant que propri\u00e9taire de ce site Web, AGRARIA VECINO HENS, S.L. vous fournit les informations g\u00e9n\u00e9rales suivantes :<\/p>\n<p>Raison sociale : AGRARIA VECINO HENS, S.L. inscrite au Registre du Commerce de S\u00e9ville, Volume 2.726, Folio 173, Page SE-38.886, 2\u00e8me inscription.<\/p>\n<p>CIF : B-29730652.<\/p>\n<p>Adresse : Avda Reina Mercedes 23 5\u00baC. 41012 Seville.<\/p>\n<p>Tlf : +34 954 563949<\/p>\n<p>Courriel : <a href=\"mailto:hola@lacultivada.com\">hola@lacultivada.com<\/a><\/p>\n\t\t\t\t\t\t\t\t<\/div>\n\t\t\t\t<\/div>\n\t\t\t\t<div class=\"elementor-element elementor-element-6ed096c elementor-widget elementor-widget-text-editor\" data-id=\"6ed096c\" data-element_type=\"widget\" data-e-type=\"widget\" data-widget_type=\"text-editor.default\">\n\t\t\t\t<div class=\"elementor-widget-container\">\n\t\t\t\t\t\t\t\t\t<p>1) Conditions d&rsquo;acc\u00e8s<\/p>\n\t\t\t\t\t\t\t\t<\/div>\n\t\t\t\t<\/div>\n\t\t\t\t<div class=\"elementor-element elementor-element-cbed788 elementor-widget elementor-widget-text-editor\" data-id=\"cbed788\" data-element_type=\"widget\" data-e-type=\"widget\" data-widget_type=\"text-editor.default\">\n\t\t\t\t<div class=\"elementor-widget-container\">\n\t\t\t\t\t\t\t\t\t<p>L&rsquo;acc\u00e8s et l&rsquo;utilisation de l&rsquo;un des services de ce site Web sont libres et gratuits et impliquent l&rsquo;acceptation des conditions d&rsquo;utilisation d\u00e9crites dans le pr\u00e9sent avis juridique et de la politique de protection des donn\u00e9es \u00e0 caract\u00e8re personnel d&rsquo;AGRARIA VECINO HENS, S.L. (voir la garantie de s\u00e9curit\u00e9 et de confidentialit\u00e9 d&rsquo;AGRARIA VECINO HENS, S.L.). Pour tout doute, question ou demande, AGRARIA VECINO HENS, S.L. met \u00e0 la disposition de ses clients et utilisateurs diff\u00e9rents moyens de contact pour communiquer avec son service client\u00e8le.  <\/p>\n\t\t\t\t\t\t\t\t<\/div>\n\t\t\t\t<\/div>\n\t\t\t\t<div class=\"elementor-element elementor-element-067d64f elementor-widget elementor-widget-text-editor\" data-id=\"067d64f\" data-element_type=\"widget\" data-e-type=\"widget\" data-widget_type=\"text-editor.default\">\n\t\t\t\t<div class=\"elementor-widget-container\">\n\t\t\t\t\t\t\t\t\t<p>2. Exon\u00e9ration de responsabilit\u00e9 en cas d&rsquo;interruption, d&rsquo;erreur ou de modification du contenu<\/p>\n\t\t\t\t\t\t\t\t<\/div>\n\t\t\t\t<\/div>\n\t\t\t\t<div class=\"elementor-element elementor-element-4b34272 elementor-widget elementor-widget-text-editor\" data-id=\"4b34272\" data-element_type=\"widget\" data-e-type=\"widget\" data-widget_type=\"text-editor.default\">\n\t\t\t\t<div class=\"elementor-widget-container\">\n\t\t\t\t\t\t\t\t\t<p>L&rsquo;une des priorit\u00e9s de LA CULTIVADA est de tout mettre en \u0153uvre pour que les informations contenues dans ses pages soient \u00e0 tout moment correctes et \u00e0 jour, et que l&rsquo;acc\u00e8s au site soit exempt d&rsquo;interruptions, de pannes ou de d\u00e9connexions. LA CULTIVADA ne peut cependant pas garantir l&rsquo;absence totale d&rsquo;erreurs dans ses contenus ou dans le bon fonctionnement du syst\u00e8me, et n&rsquo;assume donc aucune responsabilit\u00e9 quant au manque \u00e9ventuel de v\u00e9racit\u00e9, d&rsquo;exhaustivit\u00e9, de mise \u00e0 jour ou d&rsquo;exactitude des donn\u00e9es ou des informations contenues dans ses pages, ni quant aux dommages ou pr\u00e9judices qui pourraient \u00eatre caus\u00e9s \u00e0 ses utilisateurs ou \u00e0 des tiers par toute interf\u00e9rence, omission, interruption ou d\u00e9connexion lors de l&rsquo;acc\u00e8s \u00e0 ce site.<\/p>\n<p>De m\u00eame, LA CULTIVADA se r\u00e9serve le droit de modifier, de supprimer ou d&rsquo;ajouter, sans pr\u00e9avis, sauf en cas de garantie expresse de la vie priv\u00e9e et de la confidentialit\u00e9, n&rsquo;importe laquelle des informations et des services contenus sur son site Web, ainsi que leur configuration ou leur emplacement sur le site. LA CULTIVADA n&rsquo;est pas responsable de la qualit\u00e9, de la fiabilit\u00e9, de l&rsquo;exactitude ou de la justesse des informations appartenant \u00e0 des tiers et auxquelles ce site Internet donne acc\u00e8s (textes, images et autres donn\u00e9es sur Internet).<\/p>\n\t\t\t\t\t\t\t\t<\/div>\n\t\t\t\t<\/div>\n\t\t\t\t<div class=\"elementor-element elementor-element-53e21cf elementor-widget elementor-widget-text-editor\" data-id=\"53e21cf\" data-element_type=\"widget\" data-e-type=\"widget\" data-widget_type=\"text-editor.default\">\n\t\t\t\t<div class=\"elementor-widget-container\">\n\t\t\t\t\t\t\t\t\t<p>3. La propri\u00e9t\u00e9 intellectuelle<\/p>\n\t\t\t\t\t\t\t\t<\/div>\n\t\t\t\t<\/div>\n\t\t\t\t<div class=\"elementor-element elementor-element-2852202 elementor-widget elementor-widget-text-editor\" data-id=\"2852202\" data-element_type=\"widget\" data-e-type=\"widget\" data-widget_type=\"text-editor.default\">\n\t\t\t\t<div class=\"elementor-widget-container\">\n\t\t\t\t\t\t\t\t\t<p>LA CULTIVADA est une marque d\u00e9pos\u00e9e et l&rsquo;utilisation non autoris\u00e9e de son nom, de sa marque ou de son logo est interdite.<\/p>\n<p>L&rsquo;ensemble du contenu de ce site web (textes, images, design, logiciels et tout autre mat\u00e9riel) est la propri\u00e9t\u00e9 d&rsquo;AGRARIA VECINO HENS, S.L. ou, le cas \u00e9ch\u00e9ant, de tiers, et tous les droits de propri\u00e9t\u00e9 industrielle et intellectuelle sont r\u00e9serv\u00e9s. L&rsquo;utilisateur peut visualiser le contenu de ce site web, l&rsquo;imprimer, le copier et le stocker uniquement et exclusivement pour un usage personnel et priv\u00e9 ; son utilisation et sa distribution \u00e0 des fins commerciales sont strictement interdites, de m\u00eame que sa modification, son alt\u00e9ration ou sa d\u00e9compilation.<\/p>\n<p>AGRARIA VECINO HENS, S.L. autorise toutefois express\u00e9ment l&rsquo;\u00e9tablissement de liens ou d&rsquo;hyperliens vers l&rsquo;une des pages de ce site Web \u00e0 partir de sites Web de tiers, \u00e0 condition qu&rsquo;ils ne nuisent en aucune fa\u00e7on \u00e0 la bonne r\u00e9putation commerciale ou \u00e0 l&rsquo;image d&rsquo;AGRARIA VECINO HENS, S.L., de ses fournisseurs ou de ses clients.<\/p>\n<p>AGRARIA VECINO HENS, S.L. autorise \u00e9galement la mention de ses contenus sur les sites Web de tiers, \u00e0 condition qu&rsquo;il s&rsquo;agisse d&rsquo;une reproduction partielle, que le contenu ne soit pas modifi\u00e9, que la propri\u00e9t\u00e9 d&rsquo;AGRARIA VECINO HENS, S.L. soit clairement indiqu\u00e9e et que ladite reproduction soit toujours accompagn\u00e9e d&rsquo;un lien hypertexte vers la page o\u00f9 se trouve le contenu original, de sorte que l&rsquo;utilisateur per\u00e7oive dans son navigateur que, en y acc\u00e9dant, il entre dans l&rsquo;URL de LA CULTIVADA.<\/p>\n\t\t\t\t\t\t\t\t<\/div>\n\t\t\t\t<\/div>\n\t\t\t\t<div class=\"elementor-element elementor-element-7f37930 elementor-widget elementor-widget-text-editor\" data-id=\"7f37930\" data-element_type=\"widget\" data-e-type=\"widget\" data-widget_type=\"text-editor.default\">\n\t\t\t\t<div class=\"elementor-widget-container\">\n\t\t\t\t\t\t\t\t\t<p>4. Confidentialit\u00e9 des donn\u00e9es \u00e0 caract\u00e8re personnel<\/p>\n\t\t\t\t\t\t\t\t<\/div>\n\t\t\t\t<\/div>\n\t\t\t\t<div class=\"elementor-element elementor-element-607145f elementor-widget elementor-widget-text-editor\" data-id=\"607145f\" data-element_type=\"widget\" data-e-type=\"widget\" data-widget_type=\"text-editor.default\">\n\t\t\t\t<div class=\"elementor-widget-container\">\n\t\t\t\t\t\t\t\t\t<p>Les donn\u00e9es fournies par les utilisateurs doivent \u00eatre v\u00e9ridiques et exactes. L&rsquo;utilisateur est seul responsable de la fausset\u00e9 ou de l&rsquo;inexactitude des informations fournies qui peuvent causer des dommages ou des pr\u00e9judices \u00e0 LA CULTIVADA, AGRARIA VECINO HENS, S.L. ou \u00e0 des tiers.<\/p>\n<p>Pour sa part, et conform\u00e9ment aux dispositions de la loi organique 15\/1999, du 13 d\u00e9cembre, sur la protection des donn\u00e9es \u00e0 caract\u00e8re personnel (LOPD) et de son r\u00e8glement d&rsquo;application, AGRARIA VECINO HENS, S.L. garantit la s\u00e9curit\u00e9 et la confidentialit\u00e9 des donn\u00e9es \u00e0 caract\u00e8re personnel fournies par les utilisateurs, qui seront incorpor\u00e9es \u00e0 un fichier automatis\u00e9 et utilis\u00e9es uniquement et exclusivement aux fins indiqu\u00e9es. Les utilisateurs peuvent, \u00e0 tout moment, exercer leurs droits d&rsquo;acc\u00e8s, de rectification et d&rsquo;annulation de ces donn\u00e9es. Pour de plus amples informations, veuillez consulter la politique de confidentialit\u00e9 et de protection des donn\u00e9es de LA CULTIVADA.<\/p>\n<p>LA CULTIVADA traitera uniquement les donn\u00e9es personnelles des utilisateurs qui les fournissent librement et volontairement par le biais des formulaires de contact ins\u00e9r\u00e9s dans le site Web. LA CULTIVADA vous informe que si l&rsquo;utilisateur fournit des donn\u00e9es personnelles par le biais des formulaires ins\u00e9r\u00e9s sur le site Web, ces donn\u00e9es personnelles seront incluses dans les fichiers dont il est propri\u00e9taire. Par cons\u00e9quent, une fois que l&rsquo;utilisateur a volontairement fourni ses donn\u00e9es, il consent express\u00e9ment au traitement de ces donn\u00e9es.<\/p>\n\t\t\t\t\t\t\t\t<\/div>\n\t\t\t\t<\/div>\n\t\t\t\t<div class=\"elementor-element elementor-element-e153936 elementor-widget elementor-widget-text-editor\" data-id=\"e153936\" data-element_type=\"widget\" data-e-type=\"widget\" data-widget_type=\"text-editor.default\">\n\t\t\t\t<div class=\"elementor-widget-container\">\n\t\t\t\t\t\t\t\t\t<p>5. R\u00e9solution des litiges<\/p>\n\t\t\t\t\t\t\t\t<\/div>\n\t\t\t\t<\/div>\n\t\t\t\t<div class=\"elementor-element elementor-element-362f351 elementor-widget elementor-widget-text-editor\" data-id=\"362f351\" data-element_type=\"widget\" data-e-type=\"widget\" data-widget_type=\"text-editor.default\">\n\t\t\t\t<div class=\"elementor-widget-container\">\n\t\t\t\t\t\t\t\t\t<p>Base r\u00e9glementaire<\/p>\n<p>Art. 10 LSSI, 97.1 b) LGDCU<\/p>\n<p>R\u00e9solution des litiges en ligne en vertu de l&rsquo;article 14.1 du r\u00e8glement (UE) 524\/2013 : La Commission europ\u00e9enne met \u00e0 disposition une plateforme de r\u00e9solution des litiges en ligne, disponible sur le lien suivant : http:\/\/ec.europa.eu\/consumers\/odr\/.<\/p>\n\t\t\t\t\t\t\t\t<\/div>\n\t\t\t\t<\/div>\n\t\t\t\t<div class=\"elementor-element elementor-element-fbbe6c6 elementor-widget elementor-widget-text-editor\" data-id=\"fbbe6c6\" data-element_type=\"widget\" data-e-type=\"widget\" data-widget_type=\"text-editor.default\">\n\t\t\t\t<div class=\"elementor-widget-container\">\n\t\t\t\t\t\t\t\t\t<p>6. Conclusion<\/p>\n\t\t\t\t\t\t\t\t<\/div>\n\t\t\t\t<\/div>\n\t\t\t\t<div class=\"elementor-element elementor-element-a9f5663 elementor-widget elementor-widget-text-editor\" data-id=\"a9f5663\" data-element_type=\"widget\" data-e-type=\"widget\" data-widget_type=\"text-editor.default\">\n\t\t\t\t<div class=\"elementor-widget-container\">\n\t\t\t\t\t\t\t\t\t<p>LA CULTIVADA peut, \u00e0 tout moment, r\u00e9viser les termes et conditions contenus dans le pr\u00e9sent avis juridique en mettant \u00e0 jour cette page.<\/p>\n<p>AGRARIA VECINO HENS, S.L. poursuivra la violation des conditions susmentionn\u00e9es ainsi que toute utilisation abusive des contenus pr\u00e9sent\u00e9s sur son site web en exer\u00e7ant toutes les actions civiles et p\u00e9nales qui peuvent lui correspondre en vertu de la loi.<\/p>\n\t\t\t\t\t\t\t\t<\/div>\n\t\t\t\t<\/div>\n\t\t\t\t\t<\/div>\n\t\t<\/div>\n\t\t\t\t\t<\/div>\n\t\t<\/section>\n\t\t\t\t<section class=\"elementor-section elementor-top-section elementor-element elementor-element-bbed09f elementor-section-boxed elementor-section-height-default elementor-section-height-default elementor-invisible\" data-id=\"bbed09f\" data-element_type=\"section\" data-e-type=\"section\" data-settings=\"{&quot;background_background&quot;:&quot;classic&quot;,&quot;animation&quot;:&quot;fadeInUp&quot;}\">\n\t\t\t\t\t\t<div class=\"elementor-container elementor-column-gap-default\">\n\t\t\t\t\t<div class=\"elementor-column elementor-col-100 elementor-top-column elementor-element elementor-element-6bc2392\" data-id=\"6bc2392\" data-element_type=\"column\" data-e-type=\"column\">\n\t\t\t<div class=\"elementor-widget-wrap elementor-element-populated\">\n\t\t\t\t\t\t<div class=\"elementor-element elementor-element-42676c1 elementor-invisible elementor-widget elementor-widget-heading\" data-id=\"42676c1\" data-element_type=\"widget\" data-e-type=\"widget\" data-settings=\"{&quot;_animation&quot;:&quot;fadeInUp&quot;}\" data-widget_type=\"heading.default\">\n\t\t\t\t<div class=\"elementor-widget-container\">\n\t\t\t\t\t<h2 class=\"elementor-heading-title elementor-size-default\">acheter de l'huile d'olive biologique la cultivada<\/h2>\t\t\t\t<\/div>\n\t\t\t\t<\/div>\n\t\t\t\t<section class=\"elementor-section elementor-inner-section elementor-element elementor-element-aed516a elementor-section-full_width elementor-section-height-default elementor-section-height-default\" data-id=\"aed516a\" data-element_type=\"section\" data-e-type=\"section\">\n\t\t\t\t\t\t<div class=\"elementor-container elementor-column-gap-default\">\n\t\t\t\t\t<div class=\"elementor-column elementor-col-25 elementor-inner-column elementor-element elementor-element-1daa65e\" data-id=\"1daa65e\" data-element_type=\"column\" data-e-type=\"column\">\n\t\t\t<div class=\"elementor-widget-wrap elementor-element-populated\">\n\t\t\t\t\t\t<div class=\"elementor-element elementor-element-75a1d18 elementor-widget elementor-widget-image\" data-id=\"75a1d18\" data-element_type=\"widget\" data-e-type=\"widget\" data-widget_type=\"image.default\">\n\t\t\t\t<div class=\"elementor-widget-container\">\n\t\t\t\t\t\t\t\t\t\t\t\t\t\t\t\t<a href=\"https:\/\/lacultivada.com\/comprar-aove\/aove-arbequina-aceite-oliva-virgen-extra\/\">\n\t\t\t\t\t\t\t<img fetchpriority=\"high\" decoding=\"async\" width=\"450\" height=\"783\" src=\"https:\/\/lacultivada.com\/wp-content\/uploads\/2023\/04\/AOVE-Eco-Arbequina-premium-01.jpg\" class=\"elementor-animation-grow attachment-large size-large wp-image-3211\" alt=\"\" srcset=\"https:\/\/lacultivada.com\/wp-content\/uploads\/2023\/04\/AOVE-Eco-Arbequina-premium-01.jpg 450w, https:\/\/lacultivada.com\/wp-content\/uploads\/2023\/04\/AOVE-Eco-Arbequina-premium-01-400x696.jpg 400w, https:\/\/lacultivada.com\/wp-content\/uploads\/2023\/04\/AOVE-Eco-Arbequina-premium-01-172x300.jpg 172w\" sizes=\"(max-width: 450px) 100vw, 450px\" \/>\t\t\t\t\t\t\t\t<\/a>\n\t\t\t\t\t\t\t\t\t\t\t\t\t\t\t<\/div>\n\t\t\t\t<\/div>\n\t\t\t\t<div class=\"elementor-element elementor-element-7de79a2 premium-header-block premium-lq__none premium-box-lq__none elementor-widget elementor-widget-premium-addon-dual-header\" data-id=\"7de79a2\" data-element_type=\"widget\" data-e-type=\"widget\" data-widget_type=\"premium-addon-dual-header.default\">\n\t\t\t\t\t\n\t\t<div class=\"elementor-widget-container\">\n\t\t\t\t\t<h3 class=\"premium-dual-header-first-header \"><span class=\"premium-dual-header-first-span\">Arbequina <\/span><span class=\"premium-dual-header-second-header \">Parfum\u00e9e et sinc\u00e8re<\/span><\/h3> \t\t\t\t<\/div>\n\n\t\t\t\t\t\t<\/div>\n\t\t\t\t<div class=\"elementor-element elementor-element-e673389 elementor-align-center elementor-invisible elementor-widget elementor-widget-button\" data-id=\"e673389\" data-element_type=\"widget\" data-e-type=\"widget\" data-settings=\"{&quot;_animation&quot;:&quot;fadeInUp&quot;}\" data-widget_type=\"button.default\">\n\t\t\t\t<div class=\"elementor-widget-container\">\n\t\t\t\t\t\t\t\t\t<div class=\"elementor-button-wrapper\">\n\t\t\t\t\t<a class=\"elementor-button elementor-button-link elementor-size-md elementor-animation-grow\" href=\"https:\/\/lacultivada.com\/fr\/comprar-aove\/aove-arbequina-huile-olive-vierge-extra\/\">\n\t\t\t\t\t\t<span class=\"elementor-button-content-wrapper\">\n\t\t\t\t\t\t\t\t\t<span class=\"elementor-button-text\">Acheter<\/span>\n\t\t\t\t\t<\/span>\n\t\t\t\t\t<\/a>\n\t\t\t\t<\/div>\n\t\t\t\t\t\t\t\t<\/div>\n\t\t\t\t<\/div>\n\t\t\t\t\t<\/div>\n\t\t<\/div>\n\t\t\t\t<div class=\"elementor-column elementor-col-25 elementor-inner-column elementor-element elementor-element-c857da6\" data-id=\"c857da6\" data-element_type=\"column\" data-e-type=\"column\">\n\t\t\t<div class=\"elementor-widget-wrap elementor-element-populated\">\n\t\t\t\t\t\t<div class=\"elementor-element elementor-element-703030b elementor-widget elementor-widget-image\" data-id=\"703030b\" data-element_type=\"widget\" data-e-type=\"widget\" data-widget_type=\"image.default\">\n\t\t\t\t<div class=\"elementor-widget-container\">\n\t\t\t\t\t\t\t\t\t\t\t\t\t\t\t\t<a href=\"https:\/\/lacultivada.com\/comprar-aove\/aove-hojiblanca\/\">\n\t\t\t\t\t\t\t<img decoding=\"async\" width=\"450\" height=\"783\" src=\"https:\/\/lacultivada.com\/wp-content\/uploads\/2023\/04\/AOVE-Eco-Hojiblanca-premium-01.jpg\" class=\"elementor-animation-grow attachment-large size-large wp-image-3207\" alt=\"\" srcset=\"https:\/\/lacultivada.com\/wp-content\/uploads\/2023\/04\/AOVE-Eco-Hojiblanca-premium-01.jpg 450w, https:\/\/lacultivada.com\/wp-content\/uploads\/2023\/04\/AOVE-Eco-Hojiblanca-premium-01-400x696.jpg 400w, https:\/\/lacultivada.com\/wp-content\/uploads\/2023\/04\/AOVE-Eco-Hojiblanca-premium-01-172x300.jpg 172w\" sizes=\"(max-width: 450px) 100vw, 450px\" \/>\t\t\t\t\t\t\t\t<\/a>\n\t\t\t\t\t\t\t\t\t\t\t\t\t\t\t<\/div>\n\t\t\t\t<\/div>\n\t\t\t\t<div class=\"elementor-element elementor-element-976def4 premium-header-block premium-lq__none premium-box-lq__none elementor-widget elementor-widget-premium-addon-dual-header\" data-id=\"976def4\" data-element_type=\"widget\" data-e-type=\"widget\" data-widget_type=\"premium-addon-dual-header.default\">\n\t\t\t\t\t\n\t\t<div class=\"elementor-widget-container\">\n\t\t\t\t\t<h3 class=\"premium-dual-header-first-header \"><span class=\"premium-dual-header-first-span\">Hojiblanca <\/span><span class=\"premium-dual-header-second-header \">Expressif et distingu\u00e9<\/span><\/h3> \t\t\t\t<\/div>\n\n\t\t\t\t\t\t<\/div>\n\t\t\t\t<div class=\"elementor-element elementor-element-531cfd2 elementor-align-center elementor-invisible elementor-widget elementor-widget-button\" data-id=\"531cfd2\" data-element_type=\"widget\" data-e-type=\"widget\" data-settings=\"{&quot;_animation&quot;:&quot;fadeInUp&quot;}\" data-widget_type=\"button.default\">\n\t\t\t\t<div class=\"elementor-widget-container\">\n\t\t\t\t\t\t\t\t\t<div class=\"elementor-button-wrapper\">\n\t\t\t\t\t<a class=\"elementor-button elementor-button-link elementor-size-md elementor-animation-grow\" href=\"https:\/\/lacultivada.com\/fr\/comprar-aove\/aove-hojiblanca\/\">\n\t\t\t\t\t\t<span class=\"elementor-button-content-wrapper\">\n\t\t\t\t\t\t\t\t\t<span class=\"elementor-button-text\">Acheter<\/span>\n\t\t\t\t\t<\/span>\n\t\t\t\t\t<\/a>\n\t\t\t\t<\/div>\n\t\t\t\t\t\t\t\t<\/div>\n\t\t\t\t<\/div>\n\t\t\t\t\t<\/div>\n\t\t<\/div>\n\t\t\t\t<div class=\"elementor-column elementor-col-25 elementor-inner-column elementor-element elementor-element-dcf82d7\" data-id=\"dcf82d7\" data-element_type=\"column\" data-e-type=\"column\">\n\t\t\t<div class=\"elementor-widget-wrap elementor-element-populated\">\n\t\t\t\t\t\t<div class=\"elementor-element elementor-element-518dd7b elementor-widget elementor-widget-image\" data-id=\"518dd7b\" data-element_type=\"widget\" data-e-type=\"widget\" data-widget_type=\"image.default\">\n\t\t\t\t<div class=\"elementor-widget-container\">\n\t\t\t\t\t\t\t\t\t\t\t\t\t\t\t\t<a href=\"https:\/\/lacultivada.com\/comprar-aove\/aove-picual\/\">\n\t\t\t\t\t\t\t<img decoding=\"async\" width=\"450\" height=\"783\" src=\"https:\/\/lacultivada.com\/wp-content\/uploads\/2023\/04\/AOVE-Eco-Picual-premium-01.jpg\" class=\"elementor-animation-grow attachment-large size-large wp-image-3203\" alt=\"\" srcset=\"https:\/\/lacultivada.com\/wp-content\/uploads\/2023\/04\/AOVE-Eco-Picual-premium-01.jpg 450w, https:\/\/lacultivada.com\/wp-content\/uploads\/2023\/04\/AOVE-Eco-Picual-premium-01-400x696.jpg 400w, https:\/\/lacultivada.com\/wp-content\/uploads\/2023\/04\/AOVE-Eco-Picual-premium-01-172x300.jpg 172w\" sizes=\"(max-width: 450px) 100vw, 450px\" \/>\t\t\t\t\t\t\t\t<\/a>\n\t\t\t\t\t\t\t\t\t\t\t\t\t\t\t<\/div>\n\t\t\t\t<\/div>\n\t\t\t\t<div class=\"elementor-element elementor-element-71b7065 premium-header-block premium-lq__none premium-box-lq__none elementor-widget elementor-widget-premium-addon-dual-header\" data-id=\"71b7065\" data-element_type=\"widget\" data-e-type=\"widget\" data-widget_type=\"premium-addon-dual-header.default\">\n\t\t\t\t\t\n\t\t<div class=\"elementor-widget-container\">\n\t\t\t\t\t<h3 class=\"premium-dual-header-first-header \"><span class=\"premium-dual-header-first-span\">Picual <\/span><span class=\"premium-dual-header-second-header \">Succulente et sensuelle<\/span><\/h3> \t\t\t\t<\/div>\n\n\t\t\t\t\t\t<\/div>\n\t\t\t\t<div class=\"elementor-element elementor-element-db440c3 elementor-align-center elementor-invisible elementor-widget elementor-widget-button\" data-id=\"db440c3\" data-element_type=\"widget\" data-e-type=\"widget\" data-settings=\"{&quot;_animation&quot;:&quot;fadeInUp&quot;}\" data-widget_type=\"button.default\">\n\t\t\t\t<div class=\"elementor-widget-container\">\n\t\t\t\t\t\t\t\t\t<div class=\"elementor-button-wrapper\">\n\t\t\t\t\t<a class=\"elementor-button elementor-button-link elementor-size-md elementor-animation-grow\" href=\"https:\/\/lacultivada.com\/fr\/comprar-aove\/aove-picual\/\">\n\t\t\t\t\t\t<span class=\"elementor-button-content-wrapper\">\n\t\t\t\t\t\t\t\t\t<span class=\"elementor-button-text\">Acheter<\/span>\n\t\t\t\t\t<\/span>\n\t\t\t\t\t<\/a>\n\t\t\t\t<\/div>\n\t\t\t\t\t\t\t\t<\/div>\n\t\t\t\t<\/div>\n\t\t\t\t\t<\/div>\n\t\t<\/div>\n\t\t\t\t<div class=\"elementor-column elementor-col-25 elementor-inner-column elementor-element elementor-element-18fb51e\" data-id=\"18fb51e\" data-element_type=\"column\" data-e-type=\"column\">\n\t\t\t<div class=\"elementor-widget-wrap elementor-element-populated\">\n\t\t\t\t\t\t<div class=\"elementor-element elementor-element-83a3748 elementor-widget elementor-widget-image\" data-id=\"83a3748\" data-element_type=\"widget\" data-e-type=\"widget\" data-widget_type=\"image.default\">\n\t\t\t\t<div class=\"elementor-widget-container\">\n\t\t\t\t\t\t\t\t\t\t\t\t\t\t\t\t<a href=\"https:\/\/lacultivada.com\/comprar-aove\/aove-quintaesencia\/\">\n\t\t\t\t\t\t\t<img loading=\"lazy\" decoding=\"async\" width=\"450\" height=\"783\" src=\"https:\/\/lacultivada.com\/wp-content\/uploads\/2023\/04\/AOVE-Eco-Quintaesencia-premium-01.jpg\" class=\"elementor-animation-grow attachment-large size-large wp-image-3199\" alt=\"\" srcset=\"https:\/\/lacultivada.com\/wp-content\/uploads\/2023\/04\/AOVE-Eco-Quintaesencia-premium-01.jpg 450w, https:\/\/lacultivada.com\/wp-content\/uploads\/2023\/04\/AOVE-Eco-Quintaesencia-premium-01-400x696.jpg 400w, https:\/\/lacultivada.com\/wp-content\/uploads\/2023\/04\/AOVE-Eco-Quintaesencia-premium-01-172x300.jpg 172w\" sizes=\"(max-width: 450px) 100vw, 450px\" \/>\t\t\t\t\t\t\t\t<\/a>\n\t\t\t\t\t\t\t\t\t\t\t\t\t\t\t<\/div>\n\t\t\t\t<\/div>\n\t\t\t\t<div class=\"elementor-element elementor-element-730c699 premium-header-block premium-lq__none premium-box-lq__none elementor-widget elementor-widget-premium-addon-dual-header\" data-id=\"730c699\" data-element_type=\"widget\" data-e-type=\"widget\" data-widget_type=\"premium-addon-dual-header.default\">\n\t\t\t\t\t\n\t\t<div class=\"elementor-widget-container\">\n\t\t\t\t\t<h3 class=\"premium-dual-header-first-header \"><span class=\"premium-dual-header-first-span\">Quintaesencia <\/span><span class=\"premium-dual-header-second-header \">\u00c9th\u00e9r\u00e9 et persistant<\/span><\/h3> \t\t\t\t<\/div>\n\n\t\t\t\t\t\t<\/div>\n\t\t\t\t<div class=\"elementor-element elementor-element-d6cfa8a elementor-align-center elementor-invisible elementor-widget elementor-widget-button\" data-id=\"d6cfa8a\" data-element_type=\"widget\" data-e-type=\"widget\" data-settings=\"{&quot;_animation&quot;:&quot;fadeInUp&quot;}\" data-widget_type=\"button.default\">\n\t\t\t\t<div class=\"elementor-widget-container\">\n\t\t\t\t\t\t\t\t\t<div class=\"elementor-button-wrapper\">\n\t\t\t\t\t<a class=\"elementor-button elementor-button-link elementor-size-md elementor-animation-grow\" href=\"https:\/\/lacultivada.com\/fr\/comprar-aove\/aove-quintaesencia\/\">\n\t\t\t\t\t\t<span class=\"elementor-button-content-wrapper\">\n\t\t\t\t\t\t\t\t\t<span class=\"elementor-button-text\">Acheter<\/span>\n\t\t\t\t\t<\/span>\n\t\t\t\t\t<\/a>\n\t\t\t\t<\/div>\n\t\t\t\t\t\t\t\t<\/div>\n\t\t\t\t<\/div>\n\t\t\t\t\t<\/div>\n\t\t<\/div>\n\t\t\t\t\t<\/div>\n\t\t<\/section>\n\t\t\t\t\t<\/div>\n\t\t<\/div>\n\t\t\t\t\t<\/div>\n\t\t<\/section>\n\t\t\t\t<\/div>\n\t\t","protected":false},"excerpt":{"rendered":"<p>Avis juridique Conform\u00e9ment \u00e0 la loi 34\/2002, du 11 juillet, sur les services de la soci\u00e9t\u00e9 de l&rsquo;information et le commerce \u00e9lectronique, et en tant que propri\u00e9taire de ce site Web, AGRARIA VECINO HENS, S.L. vous fournit les informations g\u00e9n\u00e9rales suivantes : Raison sociale : AGRARIA VECINO HENS, S.L. inscrite au Registre du Commerce de [&hellip;]<\/p>\n","protected":false},"author":1,"featured_media":3003,"parent":0,"menu_order":0,"comment_status":"closed","ping_status":"closed","template":"elementor_header_footer","meta":{"ocean_post_layout":"","ocean_both_sidebars_style":"","ocean_both_sidebars_content_width":0,"ocean_both_sidebars_sidebars_width":0,"ocean_sidebar":"0","ocean_second_sidebar":"0","ocean_disable_margins":"enable","ocean_add_body_class":"","ocean_shortcode_before_top_bar":"","ocean_shortcode_after_top_bar":"","ocean_shortcode_before_header":"","ocean_shortcode_after_header":"","ocean_has_shortcode":"","ocean_shortcode_after_title":"","ocean_shortcode_before_footer_widgets":"","ocean_shortcode_after_footer_widgets":"","ocean_shortcode_before_footer_bottom":"","ocean_shortcode_after_footer_bottom":"","ocean_display_top_bar":"default","ocean_display_header":"default","ocean_header_style":"","ocean_center_header_left_menu":"0","ocean_custom_header_template":"0","ocean_custom_logo":0,"ocean_custom_retina_logo":0,"ocean_custom_logo_max_width":0,"ocean_custom_logo_tablet_max_width":0,"ocean_custom_logo_mobile_max_width":0,"ocean_custom_logo_max_height":0,"ocean_custom_logo_tablet_max_height":0,"ocean_custom_logo_mobile_max_height":0,"ocean_header_custom_menu":"0","ocean_menu_typo_font_family":"0","ocean_menu_typo_font_subset":"","ocean_menu_typo_font_size":0,"ocean_menu_typo_font_size_tablet":0,"ocean_menu_typo_font_size_mobile":0,"ocean_menu_typo_font_size_unit":"px","ocean_menu_typo_font_weight":"","ocean_menu_typo_font_weight_tablet":"","ocean_menu_typo_font_weight_mobile":"","ocean_menu_typo_transform":"","ocean_menu_typo_transform_tablet":"","ocean_menu_typo_transform_mobile":"","ocean_menu_typo_line_height":0,"ocean_menu_typo_line_height_tablet":0,"ocean_menu_typo_line_height_mobile":0,"ocean_menu_typo_line_height_unit":"","ocean_menu_typo_spacing":0,"ocean_menu_typo_spacing_tablet":0,"ocean_menu_typo_spacing_mobile":0,"ocean_menu_typo_spacing_unit":"","ocean_menu_link_color":"","ocean_menu_link_color_hover":"","ocean_menu_link_color_active":"","ocean_menu_link_background":"","ocean_menu_link_hover_background":"","ocean_menu_link_active_background":"","ocean_menu_social_links_bg":"","ocean_menu_social_hover_links_bg":"","ocean_menu_social_links_color":"","ocean_menu_social_hover_links_color":"","ocean_disable_title":"default","ocean_disable_heading":"default","ocean_post_title":"","ocean_post_subheading":"","ocean_post_title_style":"","ocean_post_title_background_color":"","ocean_post_title_background":0,"ocean_post_title_bg_image_position":"","ocean_post_title_bg_image_attachment":"","ocean_post_title_bg_image_repeat":"","ocean_post_title_bg_image_size":"","ocean_post_title_height":0,"ocean_post_title_bg_overlay":0.5,"ocean_post_title_bg_overlay_color":"","ocean_disable_breadcrumbs":"default","ocean_breadcrumbs_color":"","ocean_breadcrumbs_separator_color":"","ocean_breadcrumbs_links_color":"","ocean_breadcrumbs_links_hover_color":"","ocean_display_footer_widgets":"default","ocean_display_footer_bottom":"default","ocean_custom_footer_template":"0","footnotes":""},"class_list":["post-23252","page","type-page","status-publish","has-post-thumbnail","hentry","entry","has-media","owp-thumbs-layout-horizontal","owp-btn-normal","owp-tabs-layout-horizontal","has-no-thumbnails","has-product-nav"],"yoast_head":"<!-- This site is optimized with the Yoast SEO plugin v27.4 - https:\/\/yoast.com\/product\/yoast-seo-wordpress\/ -->\n<title>Avis juridique &#187; La Cultivada<\/title>\n<meta name=\"robots\" content=\"noindex, follow\" \/>\n<meta property=\"og:locale\" content=\"fr_FR\" \/>\n<meta property=\"og:type\" content=\"article\" \/>\n<meta property=\"og:title\" content=\"Avis juridique &#187; La Cultivada\" \/>\n<meta property=\"og:description\" content=\"Avis juridique Conform\u00e9ment \u00e0 la loi 34\/2002, du 11 juillet, sur les services de la soci\u00e9t\u00e9 de l&rsquo;information et le commerce \u00e9lectronique, et en tant que propri\u00e9taire de ce site Web, AGRARIA VECINO HENS, S.L. vous fournit les informations g\u00e9n\u00e9rales suivantes : Raison sociale : AGRARIA VECINO HENS, S.L. inscrite au Registre du Commerce de [&hellip;]\" \/>\n<meta property=\"og:url\" content=\"https:\/\/lacultivada.com\/fr\/avis-juridique\/\" \/>\n<meta property=\"og:site_name\" content=\"La Cultivada\" \/>\n<meta property=\"article:publisher\" content=\"https:\/\/www.facebook.com\/lacultivadaaceitedeolivavirgenextra\/\" \/>\n<meta property=\"article:modified_time\" content=\"2023-08-09T15:53:55+00:00\" \/>\n<meta property=\"og:image\" content=\"https:\/\/lacultivada.com\/wp-content\/uploads\/2022\/12\/cata-aove-aceite-oliva-virgen-extra.jpg\" \/>\n\t<meta property=\"og:image:width\" content=\"1170\" \/>\n\t<meta property=\"og:image:height\" content=\"592\" \/>\n\t<meta property=\"og:image:type\" content=\"image\/jpeg\" \/>\n<meta name=\"twitter:card\" content=\"summary_large_image\" \/>\n<meta name=\"twitter:label1\" content=\"Dur\u00e9e de lecture estim\u00e9e\" \/>\n\t<meta name=\"twitter:data1\" content=\"5 minutes\" \/>\n<script type=\"application\/ld+json\" class=\"yoast-schema-graph\">{\"@context\":\"https:\\\/\\\/schema.org\",\"@graph\":[{\"@type\":\"WebPage\",\"@id\":\"https:\\\/\\\/lacultivada.com\\\/fr\\\/avis-juridique\\\/\",\"url\":\"https:\\\/\\\/lacultivada.com\\\/fr\\\/avis-juridique\\\/\",\"name\":\"Avis juridique &#187; La Cultivada\",\"isPartOf\":{\"@id\":\"https:\\\/\\\/lacultivada.com\\\/fr\\\/#website\"},\"primaryImageOfPage\":{\"@id\":\"https:\\\/\\\/lacultivada.com\\\/fr\\\/avis-juridique\\\/#primaryimage\"},\"image\":{\"@id\":\"https:\\\/\\\/lacultivada.com\\\/fr\\\/avis-juridique\\\/#primaryimage\"},\"thumbnailUrl\":\"https:\\\/\\\/lacultivada.com\\\/wp-content\\\/uploads\\\/2022\\\/12\\\/cata-aove-aceite-oliva-virgen-extra.jpg\",\"datePublished\":\"2023-06-26T17:35:13+00:00\",\"dateModified\":\"2023-08-09T15:53:55+00:00\",\"breadcrumb\":{\"@id\":\"https:\\\/\\\/lacultivada.com\\\/fr\\\/avis-juridique\\\/#breadcrumb\"},\"inLanguage\":\"fr-FR\",\"potentialAction\":[{\"@type\":\"ReadAction\",\"target\":[\"https:\\\/\\\/lacultivada.com\\\/fr\\\/avis-juridique\\\/\"]}]},{\"@type\":\"ImageObject\",\"inLanguage\":\"fr-FR\",\"@id\":\"https:\\\/\\\/lacultivada.com\\\/fr\\\/avis-juridique\\\/#primaryimage\",\"url\":\"https:\\\/\\\/lacultivada.com\\\/wp-content\\\/uploads\\\/2022\\\/12\\\/cata-aove-aceite-oliva-virgen-extra.jpg\",\"contentUrl\":\"https:\\\/\\\/lacultivada.com\\\/wp-content\\\/uploads\\\/2022\\\/12\\\/cata-aove-aceite-oliva-virgen-extra.jpg\",\"width\":1170,\"height\":592},{\"@type\":\"BreadcrumbList\",\"@id\":\"https:\\\/\\\/lacultivada.com\\\/fr\\\/avis-juridique\\\/#breadcrumb\",\"itemListElement\":[{\"@type\":\"ListItem\",\"position\":1,\"name\":\"Portada\",\"item\":\"https:\\\/\\\/lacultivada.com\\\/fr\\\/accueil\\\/\"},{\"@type\":\"ListItem\",\"position\":2,\"name\":\"Avis juridique\"}]},{\"@type\":\"WebSite\",\"@id\":\"https:\\\/\\\/lacultivada.com\\\/fr\\\/#website\",\"url\":\"https:\\\/\\\/lacultivada.com\\\/fr\\\/\",\"name\":\"La Cultivada\",\"description\":\"AOVE Ecol\u00f3gico y Premium\",\"publisher\":{\"@id\":\"https:\\\/\\\/lacultivada.com\\\/fr\\\/#organization\"},\"potentialAction\":[{\"@type\":\"SearchAction\",\"target\":{\"@type\":\"EntryPoint\",\"urlTemplate\":\"https:\\\/\\\/lacultivada.com\\\/fr\\\/?s={search_term_string}\"},\"query-input\":{\"@type\":\"PropertyValueSpecification\",\"valueRequired\":true,\"valueName\":\"search_term_string\"}}],\"inLanguage\":\"fr-FR\"},{\"@type\":\"Organization\",\"@id\":\"https:\\\/\\\/lacultivada.com\\\/fr\\\/#organization\",\"name\":\"La Cultivada\",\"alternateName\":\"La Cultivada\",\"url\":\"https:\\\/\\\/lacultivada.com\\\/fr\\\/\",\"logo\":{\"@type\":\"ImageObject\",\"inLanguage\":\"fr-FR\",\"@id\":\"https:\\\/\\\/lacultivada.com\\\/fr\\\/#\\\/schema\\\/logo\\\/image\\\/\",\"url\":\"https:\\\/\\\/lacultivada.com\\\/wp-content\\\/uploads\\\/2022\\\/12\\\/la-cultivada-aceites-aove.png\",\"contentUrl\":\"https:\\\/\\\/lacultivada.com\\\/wp-content\\\/uploads\\\/2022\\\/12\\\/la-cultivada-aceites-aove.png\",\"width\":726,\"height\":171,\"caption\":\"La Cultivada\"},\"image\":{\"@id\":\"https:\\\/\\\/lacultivada.com\\\/fr\\\/#\\\/schema\\\/logo\\\/image\\\/\"},\"sameAs\":[\"https:\\\/\\\/www.facebook.com\\\/lacultivadaaceitedeolivavirgenextra\\\/\",\"https:\\\/\\\/www.instagram.com\\\/lacultivada\\\/\",\"https:\\\/\\\/www.youtube.com\\\/channel\\\/UCBEydcW4H3FqXkBMAaueJ9A\"]}]}<\/script>\n<!-- \/ Yoast SEO plugin. -->","yoast_head_json":{"title":"Avis juridique &#187; La Cultivada","robots":{"index":"noindex","follow":"follow"},"og_locale":"fr_FR","og_type":"article","og_title":"Avis juridique &#187; La Cultivada","og_description":"Avis juridique Conform\u00e9ment \u00e0 la loi 34\/2002, du 11 juillet, sur les services de la soci\u00e9t\u00e9 de l&rsquo;information et le commerce \u00e9lectronique, et en tant que propri\u00e9taire de ce site Web, AGRARIA VECINO HENS, S.L. vous fournit les informations g\u00e9n\u00e9rales suivantes : Raison sociale : AGRARIA VECINO HENS, S.L. inscrite au Registre du Commerce de [&hellip;]","og_url":"https:\/\/lacultivada.com\/fr\/avis-juridique\/","og_site_name":"La Cultivada","article_publisher":"https:\/\/www.facebook.com\/lacultivadaaceitedeolivavirgenextra\/","article_modified_time":"2023-08-09T15:53:55+00:00","og_image":[{"width":1170,"height":592,"url":"https:\/\/lacultivada.com\/wp-content\/uploads\/2022\/12\/cata-aove-aceite-oliva-virgen-extra.jpg","type":"image\/jpeg"}],"twitter_card":"summary_large_image","twitter_misc":{"Dur\u00e9e de lecture estim\u00e9e":"5 minutes"},"schema":{"@context":"https:\/\/schema.org","@graph":[{"@type":"WebPage","@id":"https:\/\/lacultivada.com\/fr\/avis-juridique\/","url":"https:\/\/lacultivada.com\/fr\/avis-juridique\/","name":"Avis juridique &#187; La Cultivada","isPartOf":{"@id":"https:\/\/lacultivada.com\/fr\/#website"},"primaryImageOfPage":{"@id":"https:\/\/lacultivada.com\/fr\/avis-juridique\/#primaryimage"},"image":{"@id":"https:\/\/lacultivada.com\/fr\/avis-juridique\/#primaryimage"},"thumbnailUrl":"https:\/\/lacultivada.com\/wp-content\/uploads\/2022\/12\/cata-aove-aceite-oliva-virgen-extra.jpg","datePublished":"2023-06-26T17:35:13+00:00","dateModified":"2023-08-09T15:53:55+00:00","breadcrumb":{"@id":"https:\/\/lacultivada.com\/fr\/avis-juridique\/#breadcrumb"},"inLanguage":"fr-FR","potentialAction":[{"@type":"ReadAction","target":["https:\/\/lacultivada.com\/fr\/avis-juridique\/"]}]},{"@type":"ImageObject","inLanguage":"fr-FR","@id":"https:\/\/lacultivada.com\/fr\/avis-juridique\/#primaryimage","url":"https:\/\/lacultivada.com\/wp-content\/uploads\/2022\/12\/cata-aove-aceite-oliva-virgen-extra.jpg","contentUrl":"https:\/\/lacultivada.com\/wp-content\/uploads\/2022\/12\/cata-aove-aceite-oliva-virgen-extra.jpg","width":1170,"height":592},{"@type":"BreadcrumbList","@id":"https:\/\/lacultivada.com\/fr\/avis-juridique\/#breadcrumb","itemListElement":[{"@type":"ListItem","position":1,"name":"Portada","item":"https:\/\/lacultivada.com\/fr\/accueil\/"},{"@type":"ListItem","position":2,"name":"Avis juridique"}]},{"@type":"WebSite","@id":"https:\/\/lacultivada.com\/fr\/#website","url":"https:\/\/lacultivada.com\/fr\/","name":"La Cultivada","description":"AOVE Ecol\u00f3gico y Premium","publisher":{"@id":"https:\/\/lacultivada.com\/fr\/#organization"},"potentialAction":[{"@type":"SearchAction","target":{"@type":"EntryPoint","urlTemplate":"https:\/\/lacultivada.com\/fr\/?s={search_term_string}"},"query-input":{"@type":"PropertyValueSpecification","valueRequired":true,"valueName":"search_term_string"}}],"inLanguage":"fr-FR"},{"@type":"Organization","@id":"https:\/\/lacultivada.com\/fr\/#organization","name":"La Cultivada","alternateName":"La Cultivada","url":"https:\/\/lacultivada.com\/fr\/","logo":{"@type":"ImageObject","inLanguage":"fr-FR","@id":"https:\/\/lacultivada.com\/fr\/#\/schema\/logo\/image\/","url":"https:\/\/lacultivada.com\/wp-content\/uploads\/2022\/12\/la-cultivada-aceites-aove.png","contentUrl":"https:\/\/lacultivada.com\/wp-content\/uploads\/2022\/12\/la-cultivada-aceites-aove.png","width":726,"height":171,"caption":"La Cultivada"},"image":{"@id":"https:\/\/lacultivada.com\/fr\/#\/schema\/logo\/image\/"},"sameAs":["https:\/\/www.facebook.com\/lacultivadaaceitedeolivavirgenextra\/","https:\/\/www.instagram.com\/lacultivada\/","https:\/\/www.youtube.com\/channel\/UCBEydcW4H3FqXkBMAaueJ9A"]}]}},"_links":{"self":[{"href":"https:\/\/lacultivada.com\/fr\/wp-json\/wp\/v2\/pages\/23252","targetHints":{"allow":["GET"]}}],"collection":[{"href":"https:\/\/lacultivada.com\/fr\/wp-json\/wp\/v2\/pages"}],"about":[{"href":"https:\/\/lacultivada.com\/fr\/wp-json\/wp\/v2\/types\/page"}],"author":[{"embeddable":true,"href":"https:\/\/lacultivada.com\/fr\/wp-json\/wp\/v2\/users\/1"}],"replies":[{"embeddable":true,"href":"https:\/\/lacultivada.com\/fr\/wp-json\/wp\/v2\/comments?post=23252"}],"version-history":[{"count":3,"href":"https:\/\/lacultivada.com\/fr\/wp-json\/wp\/v2\/pages\/23252\/revisions"}],"predecessor-version":[{"id":24826,"href":"https:\/\/lacultivada.com\/fr\/wp-json\/wp\/v2\/pages\/23252\/revisions\/24826"}],"wp:featuredmedia":[{"embeddable":true,"href":"https:\/\/lacultivada.com\/fr\/wp-json\/wp\/v2\/media\/3003"}],"wp:attachment":[{"href":"https:\/\/lacultivada.com\/fr\/wp-json\/wp\/v2\/media?parent=23252"}],"curies":[{"name":"wp","href":"https:\/\/api.w.org\/{rel}","templated":true}]}}