{"id":7039,"date":"2023-06-08T13:16:23","date_gmt":"2023-06-08T11:16:23","guid":{"rendered":"https:\/\/boldmedia.es\/lacultivada\/wer-wir-sind\/"},"modified":"2026-03-10T19:18:56","modified_gmt":"2026-03-10T18:18:56","slug":"wer-wir-sind","status":"publish","type":"page","link":"https:\/\/lacultivada.com\/de\/wer-wir-sind\/","title":{"rendered":"Wer wir sind"},"content":{"rendered":"\t\t<div data-elementor-type=\"wp-page\" data-elementor-id=\"7039\" class=\"elementor elementor-7039 elementor-5635\" data-elementor-post-type=\"page\">\n\t\t\t\t\t\t<section class=\"elementor-section elementor-top-section elementor-element elementor-element-bd99f55 elementor-section-full_width elementor-section-height-default elementor-section-height-default\" data-id=\"bd99f55\" data-element_type=\"section\" data-e-type=\"section\">\n\t\t\t\t\t\t<div class=\"elementor-container elementor-column-gap-default\">\n\t\t\t\t\t<div class=\"elementor-column elementor-col-100 elementor-top-column elementor-element elementor-element-e5b89e7\" data-id=\"e5b89e7\" data-element_type=\"column\" data-e-type=\"column\">\n\t\t\t<div class=\"elementor-widget-wrap elementor-element-populated\">\n\t\t\t\t\t\t<div class=\"elementor-element elementor-element-ef89492 elementor-widget elementor-widget-video\" data-id=\"ef89492\" data-element_type=\"widget\" data-e-type=\"widget\" data-settings=\"{&quot;video_type&quot;:&quot;vimeo&quot;,&quot;loop&quot;:&quot;yes&quot;,&quot;show_image_overlay&quot;:&quot;yes&quot;,&quot;image_overlay&quot;:{&quot;url&quot;:&quot;https:\\\/\\\/lacultivada.com\\\/wp-content\\\/uploads\\\/2022\\\/12\\\/lechuzas-en-los-olivos.jpg&quot;,&quot;id&quot;:3064,&quot;size&quot;:&quot;&quot;,&quot;alt&quot;:&quot;&quot;,&quot;source&quot;:&quot;library&quot;},&quot;_animation&quot;:&quot;none&quot;}\" data-widget_type=\"video.default\">\n\t\t\t\t<div class=\"elementor-widget-container\">\n\t\t\t\t\t\t\t<div class=\"elementor-wrapper elementor-open-inline\">\n\t\t\t<iframe class=\"elementor-video-iframe\" allowfullscreen allow=\"clipboard-write\" title=\"vimeo Video Player\" src=\"https:\/\/player.vimeo.com\/video\/837608365?color=90DACF&amp;autopause=0&amp;loop=1&amp;muted=0&amp;title=0&amp;portrait=0&amp;byline=0#t=\"><\/iframe>\t\t\t\t<div class=\"elementor-custom-embed-image-overlay\" style=\"background-image: url(https:\/\/lacultivada.com\/wp-content\/uploads\/2022\/12\/lechuzas-en-los-olivos-768x618.jpg);\">\n\t\t\t\t\t\t\t\t\t\t\t\t\t\t\t\t<div class=\"elementor-custom-embed-play\" role=\"button\" aria-label=\"Video abspielen\" tabindex=\"0\">\n\t\t\t\t\t\t\t<svg aria-hidden=\"true\" class=\"e-font-icon-svg e-eicon-play\" viewBox=\"0 0 1000 1000\" xmlns=\"http:\/\/www.w3.org\/2000\/svg\"><path d=\"M838 162C746 71 633 25 500 25 371 25 258 71 163 162 71 254 25 367 25 500 25 633 71 746 163 837 254 929 367 979 500 979 633 979 746 933 838 837 929 746 975 633 975 500 975 367 929 254 838 162M808 192C892 279 933 379 933 500 933 621 892 725 808 808 725 892 621 938 500 938 379 938 279 896 196 808 113 725 67 621 67 500 67 379 108 279 196 192 279 108 383 62 500 62 621 62 721 108 808 192M438 392V642L642 517 438 392Z\"><\/path><\/svg>\t\t\t\t\t\t<\/div>\n\t\t\t\t\t\t\t\t\t<\/div>\n\t\t\t\t\t<\/div>\n\t\t\t\t\t\t<\/div>\n\t\t\t\t<\/div>\n\t\t\t\t<div class=\"elementor-element elementor-element-c705bd6 elementor-widget__width-initial elementor-invisible elementor-widget elementor-widget-text-editor\" data-id=\"c705bd6\" data-element_type=\"widget\" data-e-type=\"widget\" data-settings=\"{&quot;_animation&quot;:&quot;fadeInDown&quot;}\" data-widget_type=\"text-editor.default\">\n\t\t\t\t<div class=\"elementor-widget-container\">\n\t\t\t\t\t\t\t\t\t<p>\u00ab Unser Traum ist es nicht, das beste Oliven\u00f6l der Welt herzustellen,<br>sondern um die Welt mit unserem Oliven\u00f6l zu verbessern. \u00bb<\/p>\t\t\t\t\t\t\t\t<\/div>\n\t\t\t\t<\/div>\n\t\t\t\t\t<\/div>\n\t\t<\/div>\n\t\t\t\t\t<\/div>\n\t\t<\/section>\n\t\t\t\t<section class=\"elementor-section elementor-top-section elementor-element elementor-element-26c1ee7 elementor-section-content-middle elementor-section-boxed elementor-section-height-default elementor-section-height-default\" data-id=\"26c1ee7\" data-element_type=\"section\" data-e-type=\"section\" data-settings=\"{&quot;background_background&quot;:&quot;classic&quot;}\">\n\t\t\t\t\t\t\t<div class=\"elementor-background-overlay\"><\/div>\n\t\t\t\t\t\t\t<div class=\"elementor-container elementor-column-gap-default\">\n\t\t\t\t\t<div class=\"elementor-column elementor-col-50 elementor-top-column elementor-element elementor-element-26445d7\" data-id=\"26445d7\" data-element_type=\"column\" data-e-type=\"column\">\n\t\t\t<div class=\"elementor-widget-wrap elementor-element-populated\">\n\t\t\t\t\t\t<div class=\"elementor-element elementor-element-c4dcd68 premium-header-block premium-lq__none premium-box-lq__none elementor-widget elementor-widget-premium-addon-dual-header\" data-id=\"c4dcd68\" data-element_type=\"widget\" data-e-type=\"widget\" data-widget_type=\"premium-addon-dual-header.default\">\n\t\t\t\t\t\n\t\t<div class=\"elementor-widget-container\">\n\t\t\t\t\t<h2 class=\"premium-dual-header-first-header \"><span class=\"premium-dual-header-first-span\">Unser Land <\/span><span class=\"premium-dual-header-second-header \">Freude wird durch Kultivierung geboren<\/span><\/h2> \t\t\t\t<\/div>\n\n\t\t\t\t\t\t<\/div>\n\t\t\t\t<div class=\"elementor-element elementor-element-6ed096c elementor-widget elementor-widget-text-editor\" data-id=\"6ed096c\" data-element_type=\"widget\" data-e-type=\"widget\" data-widget_type=\"text-editor.default\">\n\t\t\t\t<div class=\"elementor-widget-container\">\n\t\t\t\t\t\t\t\t\t<p>Wir sind ein <strong>Familienunternehmen<\/strong>, das sich am Vorbild unserer Eltern orientiert, die uns dieses Land vererbt haben. Unser Vater, Pedro Vecino Riera, hat den von unseren Gro\u00dfeltern m\u00fctterlicherseits geerbten Olivenhain in der <strong>Molino de Santa Ana<\/strong> wiederbelebt.<\/p><p>Im Stammbaum unserer Familie m\u00fctterlicherseits finden sich viele deutsche, italienische und franz\u00f6sische Nachnamen, was auf die Kolonisierung unserer Region unter Karl III. zur\u00fcckzuf\u00fchren ist &#8211; eine spannende Episode unserer Geschichte. Wir wissen, dass die Siedler Obstg\u00e4rten, Weinreben und Olivenb\u00e4ume anbauten.<\/p>\t\t\t\t\t\t\t\t<\/div>\n\t\t\t\t<\/div>\n\t\t\t\t\t<\/div>\n\t\t<\/div>\n\t\t\t\t<div class=\"elementor-column elementor-col-50 elementor-top-column elementor-element elementor-element-acd3352\" data-id=\"acd3352\" data-element_type=\"column\" data-e-type=\"column\">\n\t\t\t<div class=\"elementor-widget-wrap elementor-element-populated\">\n\t\t\t\t\t\t<div class=\"elementor-element elementor-element-607a581 elementor-widget elementor-widget-image-carousel\" data-id=\"607a581\" data-element_type=\"widget\" data-e-type=\"widget\" data-settings=\"{&quot;slides_to_show&quot;:&quot;1&quot;,&quot;navigation&quot;:&quot;none&quot;,&quot;autoplay&quot;:&quot;yes&quot;,&quot;pause_on_hover&quot;:&quot;yes&quot;,&quot;pause_on_interaction&quot;:&quot;yes&quot;,&quot;autoplay_speed&quot;:5000,&quot;infinite&quot;:&quot;yes&quot;,&quot;effect&quot;:&quot;slide&quot;,&quot;speed&quot;:500}\" data-widget_type=\"image-carousel.default\">\n\t\t\t\t<div class=\"elementor-widget-container\">\n\t\t\t\t\t\t\t<div class=\"elementor-image-carousel-wrapper swiper\" role=\"region\" aria-roledescription=\"carousel\" aria-label=\"Carrusel de im\u00e1genes\" dir=\"ltr\">\n\t\t\t<div class=\"elementor-image-carousel swiper-wrapper\" aria-live=\"off\">\n\t\t\t\t\t\t\t\t<div class=\"swiper-slide\" role=\"group\" aria-roledescription=\"slide\" aria-label=\"1 von 3\"><figure class=\"swiper-slide-inner\"><img decoding=\"async\" class=\"swiper-slide-image\" src=\"https:\/\/lacultivada.com\/wp-content\/uploads\/2023\/06\/ancestras-olivos.jpg\" alt=\"ancestras olivos\" \/><\/figure><\/div><div class=\"swiper-slide\" role=\"group\" aria-roledescription=\"slide\" aria-label=\"2 von 3\"><figure class=\"swiper-slide-inner\"><img decoding=\"async\" class=\"swiper-slide-image\" src=\"https:\/\/lacultivada.com\/wp-content\/uploads\/2023\/06\/quienes-somos-la-cultivada-aove.jpg\" alt=\"quienes somos La Cultivada Aove\" \/><\/figure><\/div><div class=\"swiper-slide\" role=\"group\" aria-roledescription=\"slide\" aria-label=\"3 von 3\"><figure class=\"swiper-slide-inner\"><img decoding=\"async\" class=\"swiper-slide-image\" src=\"https:\/\/lacultivada.com\/wp-content\/uploads\/2023\/06\/proxima-generacion-la-cultivada.jpg\" alt=\"pr\u00f3xima generaci\u00f3n la cultivada\" \/><\/figure><\/div>\t\t\t<\/div>\n\t\t\t\t\t\t\t\n\t\t\t\t\t\t\t\t\t<\/div>\n\t\t\t\t\t\t<\/div>\n\t\t\t\t<\/div>\n\t\t\t\t\t<\/div>\n\t\t<\/div>\n\t\t\t\t\t<\/div>\n\t\t<\/section>\n\t\t\t\t<section class=\"elementor-section elementor-top-section elementor-element elementor-element-95aae4b elementor-section-boxed elementor-section-height-default elementor-section-height-default\" data-id=\"95aae4b\" data-element_type=\"section\" data-e-type=\"section\" data-settings=\"{&quot;background_background&quot;:&quot;video&quot;,&quot;background_video_link&quot;:&quot;https:\\\/\\\/vimeo.com\\\/834694650?share=copy&quot;,&quot;background_video_start&quot;:1,&quot;background_play_on_mobile&quot;:&quot;yes&quot;}\">\n\t\t\t\t\t\t\t\t<div class=\"elementor-background-video-container\">\n\t\t\t\t\t\t\t\t\t\t\t\t\t<div class=\"elementor-background-video-embed\" role=\"presentation\"><\/div>\n\t\t\t\t\t\t\t\t\t\t\t\t<\/div>\n\t\t\t\t\t\t\t\t\t<div class=\"elementor-background-overlay\"><\/div>\n\t\t\t\t\t\t\t<div class=\"elementor-container elementor-column-gap-default\">\n\t\t\t\t\t<div class=\"elementor-column elementor-col-100 elementor-top-column elementor-element elementor-element-492fc15\" data-id=\"492fc15\" data-element_type=\"column\" data-e-type=\"column\">\n\t\t\t<div class=\"elementor-widget-wrap elementor-element-populated\">\n\t\t\t\t\t\t<div class=\"elementor-element elementor-element-77ead95 elementor-widget__width-initial elementor-invisible elementor-widget elementor-widget-text-editor\" data-id=\"77ead95\" data-element_type=\"widget\" data-e-type=\"widget\" data-settings=\"{&quot;_animation&quot;:&quot;fadeInDown&quot;}\" data-widget_type=\"text-editor.default\">\n\t\t\t\t<div class=\"elementor-widget-container\">\n\t\t\t\t\t\t\t\t\t<p>Unser Ururgro\u00dfvater m\u00fctterlicherseits liebte Olivenb\u00e4ume und Oliven\u00f6l so sehr, dass er wichtige Bauernh\u00e4user gegen Olivenhaine und \u00d6lm\u00fchlen eintauschte. Ihm verdanken wir unsere Liebe zum Olivenbaum.<\/p>\t\t\t\t\t\t\t\t<\/div>\n\t\t\t\t<\/div>\n\t\t\t\t<div class=\"elementor-element elementor-element-ea8d55a elementor-widget elementor-widget-text-editor\" data-id=\"ea8d55a\" data-element_type=\"widget\" data-e-type=\"widget\" data-widget_type=\"text-editor.default\">\n\t\t\t\t<div class=\"elementor-widget-container\">\n\t\t\t\t\t\t\t\t\t<p>Die L\u00e4ndereien von La Cultivada befinden sich im S\u00fcdwesten von C\u00f3rdoba, in dem ber\u00fchmten Dreieck, aus dem die wertvollsten Oliven\u00f6l des R\u00f6mischen Reiches stammen.<\/p>\t\t\t\t\t\t\t\t<\/div>\n\t\t\t\t<\/div>\n\t\t\t\t<div class=\"elementor-element elementor-element-051cb53 elementor-widget elementor-widget-text-editor\" data-id=\"051cb53\" data-element_type=\"widget\" data-e-type=\"widget\" data-widget_type=\"text-editor.default\">\n\t\t\t\t<div class=\"elementor-widget-container\">\n\t\t\t\t\t\t\t\t\t<p>Unsere geliebte Molino de Santa Ana stammt aus den sp\u00e4ten 1800er Jahren und ist wegen der fortschrittlichen Technologie, die damals verwendet wurde, als &#8222;Molino Moderno&#8220; bekannt. Vom Anwesen aus hat man einen sch\u00f6nen Blick auf die Burg von Almod\u00f3var, die mit dem Kalifat von C\u00f3rdoba verbunden ist, einer Zeit, in der der Olivenanbau gepriesen und die Olive sogar zum Kulturgut erkl\u00e4rt wurde.<\/p>\t\t\t\t\t\t\t\t<\/div>\n\t\t\t\t<\/div>\n\t\t\t\t\t<\/div>\n\t\t<\/div>\n\t\t\t\t\t<\/div>\n\t\t<\/section>\n\t\t\t\t<section class=\"elementor-section elementor-top-section elementor-element elementor-element-4792248 elementor-section-height-min-height elementor-section-boxed elementor-section-height-default elementor-section-items-middle\" data-id=\"4792248\" data-element_type=\"section\" data-e-type=\"section\" data-settings=\"{&quot;background_background&quot;:&quot;slideshow&quot;,&quot;background_slideshow_gallery&quot;:[{&quot;id&quot;:5830,&quot;url&quot;:&quot;https:\\\/\\\/lacultivada.com\\\/wp-content\\\/uploads\\\/2023\\\/06\\\/molino-de-santa-ana-cordoba-andalucia-02.jpg&quot;},{&quot;id&quot;:5739,&quot;url&quot;:&quot;https:\\\/\\\/lacultivada.com\\\/wp-content\\\/uploads\\\/2023\\\/06\\\/campo-olivos-cordoba-cultivo-biodinamico-eco.jpg&quot;},{&quot;id&quot;:6335,&quot;url&quot;:&quot;https:\\\/\\\/lacultivada.com\\\/wp-content\\\/uploads\\\/2023\\\/06\\\/cordoba-olivos-castillo-almodovar-01.jpg&quot;},{&quot;id&quot;:6329,&quot;url&quot;:&quot;https:\\\/\\\/lacultivada.com\\\/wp-content\\\/uploads\\\/2023\\\/06\\\/aceite-oliva-virgen-extra-la-cultivada.jpg&quot;}],&quot;background_slideshow_loop&quot;:&quot;yes&quot;,&quot;background_slideshow_slide_duration&quot;:5000,&quot;background_slideshow_slide_transition&quot;:&quot;fade&quot;,&quot;background_slideshow_transition_duration&quot;:500}\">\n\t\t\t\t\t\t<div class=\"elementor-container elementor-column-gap-default\">\n\t\t\t\t\t<div class=\"elementor-column elementor-col-100 elementor-top-column elementor-element elementor-element-bf309d5\" data-id=\"bf309d5\" data-element_type=\"column\" data-e-type=\"column\">\n\t\t\t<div class=\"elementor-widget-wrap\">\n\t\t\t\t\t\t\t<\/div>\n\t\t<\/div>\n\t\t\t\t\t<\/div>\n\t\t<\/section>\n\t\t\t\t<section class=\"elementor-section elementor-top-section elementor-element elementor-element-2b18100 elementor-section-boxed elementor-section-height-default elementor-section-height-default\" data-id=\"2b18100\" data-element_type=\"section\" data-e-type=\"section\" data-settings=\"{&quot;background_background&quot;:&quot;classic&quot;}\">\n\t\t\t\t\t\t<div class=\"elementor-container elementor-column-gap-default\">\n\t\t\t\t\t<div class=\"elementor-column elementor-col-100 elementor-top-column elementor-element elementor-element-5fffba2\" data-id=\"5fffba2\" data-element_type=\"column\" data-e-type=\"column\">\n\t\t\t<div class=\"elementor-widget-wrap elementor-element-populated\">\n\t\t\t\t\t\t<div class=\"elementor-element elementor-element-89393b1 premium-header-inline premium-lq__none premium-box-lq__none elementor-invisible elementor-widget elementor-widget-premium-addon-dual-header\" data-id=\"89393b1\" data-element_type=\"widget\" data-e-type=\"widget\" data-settings=\"{&quot;_animation&quot;:&quot;fadeInUp&quot;}\" data-widget_type=\"premium-addon-dual-header.default\">\n\t\t\t\t\t\n\t\t<div class=\"elementor-widget-container\">\n\t\t\t\t\t<h2 class=\"premium-dual-header-first-header \"><span class=\"premium-dual-header-first-span\">Die Liebe dominiert nicht; <\/span><span class=\"premium-dual-header-second-header \">Kultiviert<\/span><\/h2> \t\t\t\t<\/div>\n\n\t\t\t\t\t\t<\/div>\n\t\t\t\t<div class=\"elementor-element elementor-element-5f4a3ab elementor-widget__width-initial elementor-widget elementor-widget-text-editor\" data-id=\"5f4a3ab\" data-element_type=\"widget\" data-e-type=\"widget\" data-widget_type=\"text-editor.default\">\n\t\t\t\t<div class=\"elementor-widget-container\">\n\t\t\t\t\t\t\t\t\t<p>La Cultivada wurde aus einem Traum geboren, der Wirklichkeit werden sollte.<\/p><p>Im Jahr 2007 kehrte ich in den S\u00fcden zur\u00fcck und n\u00e4herte mich den L\u00e4ndereien, die von meinen Vorfahren bewirtschaftet wurden, mit der Absicht, ein Familien\u00f6l zu benennen.<\/p><p>Ein Oliven\u00f6l, dessen Exzellenz die Werte einer zivilisierten Landwirtschaft und ihren angestammten Pakt mit der Natur widerspiegeln wird. Ich werde zum Baumliebhaber, Unternehmer und Botschafter eines Saftes, der die Identit\u00e4t des Mittelmeerraums, ein uraltes Erbe und einen gesunden Lebensstil bekr\u00e4ftigt.<\/p><p>La Cultivada bringt den Geschmack seiner Umgebung zum Ausdruck und l\u00e4dt uns ein, in der K\u00fcche und beim Essen bewusst und kreativ zu sein, um die Sinne, die Seele und das Herz zu n\u00e4hren. La Cultivada ist \u00c4sthetik und Ethik, ist Gesundheit und Danksagung, ist H\u00f6ren auf die Natur und eine mythologische Erfahrung.<\/p>\t\t\t\t\t\t\t\t<\/div>\n\t\t\t\t<\/div>\n\t\t\t\t<div class=\"elementor-element elementor-element-5148a8b elementor-widget elementor-widget-text-editor\" data-id=\"5148a8b\" data-element_type=\"widget\" data-e-type=\"widget\" data-widget_type=\"text-editor.default\">\n\t\t\t\t<div class=\"elementor-widget-container\">\n\t\t\t\t\t\t\t\t\tDie Gr\u00fcnderin von La Cultivada, Elena Vecino.\t\t\t\t\t\t\t\t<\/div>\n\t\t\t\t<\/div>\n\t\t\t\t\t<\/div>\n\t\t<\/div>\n\t\t\t\t\t<\/div>\n\t\t<\/section>\n\t\t\t\t<section class=\"elementor-section elementor-top-section elementor-element elementor-element-573b587 elementor-section-content-middle elementor-section-items-top elementor-section-full_width elementor-hidden-mobile elementor-section-height-min-height elementor-hidden-laptop elementor-hidden-tablet elementor-section-height-default\" data-id=\"573b587\" data-element_type=\"section\" data-e-type=\"section\" data-settings=\"{&quot;background_background&quot;:&quot;classic&quot;}\">\n\t\t\t\t\t\t\t<div class=\"elementor-background-overlay\"><\/div>\n\t\t\t\t\t\t\t<div class=\"elementor-container elementor-column-gap-default\">\n\t\t\t\t\t<div class=\"elementor-column elementor-col-50 elementor-top-column elementor-element elementor-element-67f1b28\" data-id=\"67f1b28\" data-element_type=\"column\" data-e-type=\"column\">\n\t\t\t<div class=\"elementor-widget-wrap\">\n\t\t\t\t\t\t\t<\/div>\n\t\t<\/div>\n\t\t\t\t<div class=\"elementor-column elementor-col-50 elementor-top-column elementor-element elementor-element-48eb80f\" data-id=\"48eb80f\" data-element_type=\"column\" data-e-type=\"column\" data-settings=\"{&quot;background_background&quot;:&quot;classic&quot;}\">\n\t\t\t<div class=\"elementor-widget-wrap elementor-element-populated\">\n\t\t\t\t\t\t<div class=\"elementor-element elementor-element-78da70a e-transform elementor-view-default elementor-widget elementor-widget-icon\" data-id=\"78da70a\" data-element_type=\"widget\" data-e-type=\"widget\" data-settings=\"{&quot;_transform_flipX_effect&quot;:&quot;transform&quot;}\" data-widget_type=\"icon.default\">\n\t\t\t\t<div class=\"elementor-widget-container\">\n\t\t\t\t\t\t\t<div class=\"elementor-icon-wrapper\">\n\t\t\t<div class=\"elementor-icon\">\n\t\t\t<svg xmlns=\"http:\/\/www.w3.org\/2000\/svg\" xmlns:xlink=\"http:\/\/www.w3.org\/1999\/xlink\" id=\"Capa_1\" x=\"0px\" y=\"0px\" width=\"76.3px\" height=\"48.7px\" viewBox=\"0 0 76.3 48.7\" style=\"enable-background:new 0 0 76.3 48.7;\" xml:space=\"preserve\"> <path d=\"M45.7,48.7c-0.5-0.5,1.9-4.7,3-6.3c1.2-1.6,9.1-9.8,9.6-9.3c0.5,0.6-3.4,8.3-6.2,11.3C49.3,47.4,46,48.9,45.7,48.7z M42.9,2.8c0.4-0.3,5,1.8,8.8,5.9c3.9,4.1,9.3,14.8,8.5,15.5C59.6,24.9,49.5,13.2,47.9,11C46.4,8.7,42.5,3.3,42.9,2.8z M29.3,45.8 c-1.3,0,6.5-11.5,13.9-15.2c1.9-0.9,4.9-2.1,5.5-1.5c0.4,0.4-4.9,5.7-7.2,7.4C39.3,38.1,31.2,45.8,29.3,45.8z M22.8,0.6 c0.3-0.3,3.6,0.4,9.4,4.2c4.3,2.8,11.6,11.9,10.8,12.7c-0.8,0.8-13.5-9.6-15.5-11.5C23.7,2.6,22.4,0.9,22.8,0.6z M14.8,41 c-1,0,3.3-7.1,10.4-11.3c3.6-2,8.6-4.1,9.1-3.5c0.5,0.4-1.5,2.6-3.8,4.2C28.3,32.1,15.8,41,14.8,41z M7.7,7.2c0.5-0.4,4,0.2,9.6,1.9 c6.9,2,13.2,8.1,12.5,8.8c-0.5,0.5-10-3.2-14.1-5.2C11.7,10.6,7.3,7.6,7.7,7.2z M0,24.6c0-0.7,2.4-1.9,8.9-3.3 c5.7-1.2,15.7-0.7,15.7,0.3c0,0.8-9.8,2.8-14.8,3.5C4.6,25.8,0,25.1,0,24.6z M75.4,37.3c0.8,0.7-1.7,2.9-2.2,2.4 C54.2,20.6,29.8,22.9,29.8,22.1C29.8,21.4,55.9,17.8,75.4,37.3z\"><\/path> <\/svg>\t\t\t<\/div>\n\t\t<\/div>\n\t\t\t\t\t\t<\/div>\n\t\t\t\t<\/div>\n\t\t\t\t<div class=\"elementor-element elementor-element-a9ea573 premium-header-block premium-lq__none premium-box-lq__none elementor-widget elementor-widget-premium-addon-dual-header\" data-id=\"a9ea573\" data-element_type=\"widget\" data-e-type=\"widget\" data-widget_type=\"premium-addon-dual-header.default\">\n\t\t\t\t\t\n\t\t<div class=\"elementor-widget-container\">\n\t\t\t\t\t<h2 class=\"premium-dual-header-first-header \"><span class=\"premium-dual-header-first-span\">Kultivierung von <\/span><span class=\"premium-dual-header-second-header \">eine bessere Welt.<\/span><\/h2> \t\t\t\t<\/div>\n\n\t\t\t\t\t\t<\/div>\n\t\t\t\t<div class=\"elementor-element elementor-element-ee9de47 elementor-widget elementor-widget-text-editor\" data-id=\"ee9de47\" data-element_type=\"widget\" data-e-type=\"widget\" data-widget_type=\"text-editor.default\">\n\t\t\t\t<div class=\"elementor-widget-container\">\n\t\t\t\t\t\t\t\t\t<p>Wir sind ein kleines Team mit starken pers\u00f6nlichen Bindungen und einem hohen Ma\u00df an Engagement. Bei uns geht es um Qualit\u00e4t, nicht um Quantit\u00e4t.<\/p><p><em><strong>Wir behandeln diejenigen, die eine Dose kaufen, genauso wie diejenigen, die tausend Dosen kaufen.<\/strong><\/em><\/p><p>Wir glauben an das, was wir tun, und deshalb widmen wir dem Anbau, der Herstellung und der Auswahl unserer exzellenten \u00d6le so viel Aufmerksamkeit.<\/p><p>Wir kennen unsere Kunden, ihren Geschmack und ihre Bed\u00fcrfnisse, und wir versorgen sie mit Informationen und Schulungen.<\/p>\t\t\t\t\t\t\t\t<\/div>\n\t\t\t\t<\/div>\n\t\t\t\t\t<\/div>\n\t\t<\/div>\n\t\t\t\t\t<\/div>\n\t\t<\/section>\n\t\t\t\t<section class=\"elementor-section elementor-top-section elementor-element elementor-element-59aed9f elementor-section-height-min-height elementor-section-full_width elementor-hidden-desktop elementor-section-height-default elementor-section-items-middle\" data-id=\"59aed9f\" data-element_type=\"section\" data-e-type=\"section\" data-settings=\"{&quot;background_background&quot;:&quot;classic&quot;}\">\n\t\t\t\t\t\t<div class=\"elementor-container elementor-column-gap-default\">\n\t\t\t\t\t<div class=\"elementor-column elementor-col-100 elementor-top-column elementor-element elementor-element-f07ba73\" data-id=\"f07ba73\" data-element_type=\"column\" data-e-type=\"column\">\n\t\t\t<div class=\"elementor-widget-wrap elementor-element-populated\">\n\t\t\t\t\t\t<div class=\"elementor-element elementor-element-f957364 elementor-widget elementor-widget-image\" data-id=\"f957364\" data-element_type=\"widget\" data-e-type=\"widget\" data-widget_type=\"image.default\">\n\t\t\t\t<div class=\"elementor-widget-container\">\n\t\t\t\t\t\t\t\t\t\t\t\t\t\t\t<img fetchpriority=\"high\" decoding=\"async\" width=\"1024\" height=\"741\" src=\"https:\/\/lacultivada.com\/wp-content\/uploads\/2023\/05\/cata-aceite-olive-virgen-extra-equipo-cultivado-1024x741.jpg\" class=\"attachment-large size-large wp-image-3834\" alt=\"cata aceite olive virgen extra La Cultivada\" srcset=\"https:\/\/lacultivada.com\/wp-content\/uploads\/2023\/05\/cata-aceite-olive-virgen-extra-equipo-cultivado-1024x741.jpg 1024w, https:\/\/lacultivada.com\/wp-content\/uploads\/2023\/05\/cata-aceite-olive-virgen-extra-equipo-cultivado-400x289.jpg 400w, https:\/\/lacultivada.com\/wp-content\/uploads\/2023\/05\/cata-aceite-olive-virgen-extra-equipo-cultivado-800x579.jpg 800w, https:\/\/lacultivada.com\/wp-content\/uploads\/2023\/05\/cata-aceite-olive-virgen-extra-equipo-cultivado-300x217.jpg 300w, https:\/\/lacultivada.com\/wp-content\/uploads\/2023\/05\/cata-aceite-olive-virgen-extra-equipo-cultivado-768x556.jpg 768w, https:\/\/lacultivada.com\/wp-content\/uploads\/2023\/05\/cata-aceite-olive-virgen-extra-equipo-cultivado-1536x1111.jpg 1536w, https:\/\/lacultivada.com\/wp-content\/uploads\/2023\/05\/cata-aceite-olive-virgen-extra-equipo-cultivado.jpg 1887w\" sizes=\"(max-width: 1024px) 100vw, 1024px\" \/>\t\t\t\t\t\t\t\t\t\t\t\t\t\t\t<\/div>\n\t\t\t\t<\/div>\n\t\t\t\t\t<\/div>\n\t\t<\/div>\n\t\t\t\t\t<\/div>\n\t\t<\/section>\n\t\t\t\t<section class=\"elementor-section elementor-top-section elementor-element elementor-element-d099d87 elementor-section-full_width elementor-hidden-desktop elementor-section-height-default elementor-section-height-default\" data-id=\"d099d87\" data-element_type=\"section\" data-e-type=\"section\" data-settings=\"{&quot;background_background&quot;:&quot;classic&quot;}\">\n\t\t\t\t\t\t<div class=\"elementor-container elementor-column-gap-default\">\n\t\t\t\t\t<div class=\"elementor-column elementor-col-100 elementor-top-column elementor-element elementor-element-1aca6c6\" data-id=\"1aca6c6\" data-element_type=\"column\" data-e-type=\"column\">\n\t\t\t<div class=\"elementor-widget-wrap elementor-element-populated\">\n\t\t\t\t\t\t<div class=\"elementor-element elementor-element-18877df e-transform elementor-view-default elementor-widget elementor-widget-icon\" data-id=\"18877df\" data-element_type=\"widget\" data-e-type=\"widget\" data-settings=\"{&quot;_transform_flipX_effect&quot;:&quot;transform&quot;}\" data-widget_type=\"icon.default\">\n\t\t\t\t<div class=\"elementor-widget-container\">\n\t\t\t\t\t\t\t<div class=\"elementor-icon-wrapper\">\n\t\t\t<div class=\"elementor-icon\">\n\t\t\t<svg xmlns=\"http:\/\/www.w3.org\/2000\/svg\" xmlns:xlink=\"http:\/\/www.w3.org\/1999\/xlink\" id=\"Capa_1\" x=\"0px\" y=\"0px\" width=\"76.3px\" height=\"48.7px\" viewBox=\"0 0 76.3 48.7\" style=\"enable-background:new 0 0 76.3 48.7;\" xml:space=\"preserve\"> <path d=\"M45.7,48.7c-0.5-0.5,1.9-4.7,3-6.3c1.2-1.6,9.1-9.8,9.6-9.3c0.5,0.6-3.4,8.3-6.2,11.3C49.3,47.4,46,48.9,45.7,48.7z M42.9,2.8c0.4-0.3,5,1.8,8.8,5.9c3.9,4.1,9.3,14.8,8.5,15.5C59.6,24.9,49.5,13.2,47.9,11C46.4,8.7,42.5,3.3,42.9,2.8z M29.3,45.8 c-1.3,0,6.5-11.5,13.9-15.2c1.9-0.9,4.9-2.1,5.5-1.5c0.4,0.4-4.9,5.7-7.2,7.4C39.3,38.1,31.2,45.8,29.3,45.8z M22.8,0.6 c0.3-0.3,3.6,0.4,9.4,4.2c4.3,2.8,11.6,11.9,10.8,12.7c-0.8,0.8-13.5-9.6-15.5-11.5C23.7,2.6,22.4,0.9,22.8,0.6z M14.8,41 c-1,0,3.3-7.1,10.4-11.3c3.6-2,8.6-4.1,9.1-3.5c0.5,0.4-1.5,2.6-3.8,4.2C28.3,32.1,15.8,41,14.8,41z M7.7,7.2c0.5-0.4,4,0.2,9.6,1.9 c6.9,2,13.2,8.1,12.5,8.8c-0.5,0.5-10-3.2-14.1-5.2C11.7,10.6,7.3,7.6,7.7,7.2z M0,24.6c0-0.7,2.4-1.9,8.9-3.3 c5.7-1.2,15.7-0.7,15.7,0.3c0,0.8-9.8,2.8-14.8,3.5C4.6,25.8,0,25.1,0,24.6z M75.4,37.3c0.8,0.7-1.7,2.9-2.2,2.4 C54.2,20.6,29.8,22.9,29.8,22.1C29.8,21.4,55.9,17.8,75.4,37.3z\"><\/path> <\/svg>\t\t\t<\/div>\n\t\t<\/div>\n\t\t\t\t\t\t<\/div>\n\t\t\t\t<\/div>\n\t\t\t\t<div class=\"elementor-element elementor-element-b01049f premium-header-block premium-lq__none premium-box-lq__none elementor-widget elementor-widget-premium-addon-dual-header\" data-id=\"b01049f\" data-element_type=\"widget\" data-e-type=\"widget\" data-widget_type=\"premium-addon-dual-header.default\">\n\t\t\t\t\t\n\t\t<div class=\"elementor-widget-container\">\n\t\t\t\t\t<h2 class=\"premium-dual-header-first-header \"><span class=\"premium-dual-header-first-span\">Kultivierung von <\/span><span class=\"premium-dual-header-second-header \">eine bessere Welt.<\/span><\/h2> \t\t\t\t<\/div>\n\n\t\t\t\t\t\t<\/div>\n\t\t\t\t<div class=\"elementor-element elementor-element-117c155 elementor-widget elementor-widget-text-editor\" data-id=\"117c155\" data-element_type=\"widget\" data-e-type=\"widget\" data-widget_type=\"text-editor.default\">\n\t\t\t\t<div class=\"elementor-widget-container\">\n\t\t\t\t\t\t\t\t\t<p>Wir sind ein kleines Team mit starken pers\u00f6nlichen Bindungen und einem hohen Ma\u00df an Engagement. Bei uns geht es um Qualit\u00e4t, nicht um Quantit\u00e4t.<\/p><p><em><strong>Wir behandeln diejenigen, die eine Dose kaufen, genauso wie diejenigen, die tausend Dosen kaufen.<\/strong><\/em><\/p><p>Wir glauben an das, was wir tun, und deshalb widmen wir dem Anbau, der Herstellung und der Auswahl unserer exzellenten \u00d6le so viel Aufmerksamkeit.<\/p><p>Wir kennen unsere Kunden, ihren Geschmack und ihre Bed\u00fcrfnisse, und wir versorgen sie mit Informationen und Schulungen.<\/p>\t\t\t\t\t\t\t\t<\/div>\n\t\t\t\t<\/div>\n\t\t\t\t\t<\/div>\n\t\t<\/div>\n\t\t\t\t\t<\/div>\n\t\t<\/section>\n\t\t\t\t<section class=\"elementor-section elementor-top-section elementor-element elementor-element-2684d93 elementor-section-boxed elementor-section-height-default elementor-section-height-default\" data-id=\"2684d93\" data-element_type=\"section\" data-e-type=\"section\">\n\t\t\t\t\t\t<div class=\"elementor-container elementor-column-gap-default\">\n\t\t\t\t\t<div class=\"elementor-column elementor-col-100 elementor-top-column elementor-element elementor-element-b2564eb\" data-id=\"b2564eb\" data-element_type=\"column\" data-e-type=\"column\">\n\t\t\t<div class=\"elementor-widget-wrap elementor-element-populated\">\n\t\t\t\t\t\t<div class=\"elementor-element elementor-element-a20ce16 premium-header-inline premium-lq__none premium-box-lq__none elementor-invisible elementor-widget elementor-widget-premium-addon-dual-header\" data-id=\"a20ce16\" data-element_type=\"widget\" data-e-type=\"widget\" data-settings=\"{&quot;_animation&quot;:&quot;fadeInUp&quot;}\" data-widget_type=\"premium-addon-dual-header.default\">\n\t\t\t\t\t\n\t\t<div class=\"elementor-widget-container\">\n\t\t\t\t\t<h2 class=\"premium-dual-header-first-header \"><span class=\"premium-dual-header-first-span\">Team <\/span><span class=\"premium-dual-header-second-header \">La Cultivada<\/span><\/h2> \t\t\t\t<\/div>\n\n\t\t\t\t\t\t<\/div>\n\t\t\t\t\t<\/div>\n\t\t<\/div>\n\t\t\t\t\t<\/div>\n\t\t<\/section>\n\t\t\t\t<section class=\"elementor-section elementor-top-section elementor-element elementor-element-6cf25200 elementor-section-content-middle elementor-section-boxed elementor-section-height-default elementor-section-height-default\" data-id=\"6cf25200\" data-element_type=\"section\" data-e-type=\"section\">\n\t\t\t\t\t\t<div class=\"elementor-container elementor-column-gap-no\">\n\t\t\t\t\t<div class=\"elementor-column elementor-col-33 elementor-top-column elementor-element elementor-element-9363c92\" data-id=\"9363c92\" data-element_type=\"column\" data-e-type=\"column\">\n\t\t\t<div class=\"elementor-widget-wrap elementor-element-populated\">\n\t\t\t\t\t\t<div class=\"elementor-element elementor-element-24b0e283 elementor-position-top elementor-widget elementor-widget-image-box\" data-id=\"24b0e283\" data-element_type=\"widget\" data-e-type=\"widget\" data-widget_type=\"image-box.default\">\n\t\t\t\t<div class=\"elementor-widget-container\">\n\t\t\t\t\t<div class=\"elementor-image-box-wrapper\"><figure class=\"elementor-image-box-img\"><img decoding=\"async\" width=\"500\" height=\"621\" src=\"https:\/\/lacultivada.com\/wp-content\/uploads\/2023\/06\/elena-vecino.jpg\" class=\"attachment-full size-full wp-image-5886\" alt=\"elena vecino\" srcset=\"https:\/\/lacultivada.com\/wp-content\/uploads\/2023\/06\/elena-vecino.jpg 500w, https:\/\/lacultivada.com\/wp-content\/uploads\/2023\/06\/elena-vecino-242x300.jpg 242w, https:\/\/lacultivada.com\/wp-content\/uploads\/2023\/06\/elena-vecino-400x497.jpg 400w\" sizes=\"(max-width: 500px) 100vw, 500px\" \/><\/figure><div class=\"elementor-image-box-content\"><h3 class=\"elementor-image-box-title\">Elena Vecino<\/h3><p class=\"elementor-image-box-description\">Gr\u00fcnder und Gesch\u00e4ftsf\u00fchrer von La Cultivada<\/p><\/div><\/div>\t\t\t\t<\/div>\n\t\t\t\t<\/div>\n\t\t\t\t<div class=\"elementor-element elementor-element-30b8668 elementor-widget elementor-widget-text-editor\" data-id=\"30b8668\" data-element_type=\"widget\" data-e-type=\"widget\" data-widget_type=\"text-editor.default\">\n\t\t\t\t<div class=\"elementor-widget-container\">\n\t\t\t\t\t\t\t\t\tDie Olivenfrau, Liebhaberin des Landes und des Wissens.  \t\t\t\t\t\t\t\t<\/div>\n\t\t\t\t<\/div>\n\t\t\t\t<div class=\"elementor-element elementor-element-de1cc60 elementor-icon-list--layout-traditional elementor-list-item-link-full_width elementor-widget elementor-widget-icon-list\" data-id=\"de1cc60\" data-element_type=\"widget\" data-e-type=\"widget\" data-widget_type=\"icon-list.default\">\n\t\t\t\t<div class=\"elementor-widget-container\">\n\t\t\t\t\t\t\t<ul class=\"elementor-icon-list-items\">\n\t\t\t\t\t\t\t<li class=\"elementor-icon-list-item\">\n\t\t\t\t\t\t\t\t\t\t\t<a href=\"mailto:elena@lacultivada.com\">\n\n\t\t\t\t\t\t\t\t\t\t\t<span class=\"elementor-icon-list-text\">elena@lacultivada.com<\/span>\n\t\t\t\t\t\t\t\t\t\t\t<\/a>\n\t\t\t\t\t\t\t\t\t<\/li>\n\t\t\t\t\t\t\t\t<li class=\"elementor-icon-list-item\">\n\t\t\t\t\t\t\t\t\t\t\t<a href=\"https:\/\/api.whatsapp.com\/send?phone=+34667725825\">\n\n\t\t\t\t\t\t\t\t\t\t\t<span class=\"elementor-icon-list-text\">+34 667 725 825<br>(nur \u00fcber WhatsApp funktionsf\u00e4hig)<\/span>\n\t\t\t\t\t\t\t\t\t\t\t<\/a>\n\t\t\t\t\t\t\t\t\t<\/li>\n\t\t\t\t\t\t<\/ul>\n\t\t\t\t\t\t<\/div>\n\t\t\t\t<\/div>\n\t\t\t\t\t<\/div>\n\t\t<\/div>\n\t\t\t\t<div class=\"elementor-column elementor-col-33 elementor-top-column elementor-element elementor-element-69b8500\" data-id=\"69b8500\" data-element_type=\"column\" data-e-type=\"column\">\n\t\t\t<div class=\"elementor-widget-wrap elementor-element-populated\">\n\t\t\t\t\t\t<div class=\"elementor-element elementor-element-abf33df elementor-position-top elementor-widget elementor-widget-image-box\" data-id=\"abf33df\" data-element_type=\"widget\" data-e-type=\"widget\" data-widget_type=\"image-box.default\">\n\t\t\t\t<div class=\"elementor-widget-container\">\n\t\t\t\t\t<div class=\"elementor-image-box-wrapper\"><figure class=\"elementor-image-box-img\"><img decoding=\"async\" width=\"500\" height=\"621\" src=\"https:\/\/lacultivada.com\/wp-content\/uploads\/2023\/06\/sharon-page.jpg\" class=\"attachment-full size-full wp-image-5891\" alt=\"sharon page\" srcset=\"https:\/\/lacultivada.com\/wp-content\/uploads\/2023\/06\/sharon-page.jpg 500w, https:\/\/lacultivada.com\/wp-content\/uploads\/2023\/06\/sharon-page-242x300.jpg 242w, https:\/\/lacultivada.com\/wp-content\/uploads\/2023\/06\/sharon-page-400x497.jpg 400w\" sizes=\"(max-width: 500px) 100vw, 500px\" \/><\/figure><div class=\"elementor-image-box-content\"><h3 class=\"elementor-image-box-title\">sharon page<\/h3><p class=\"elementor-image-box-description\">Exportleiter<\/p><\/div><\/div>\t\t\t\t<\/div>\n\t\t\t\t<\/div>\n\t\t\t\t<div class=\"elementor-element elementor-element-5994553 elementor-widget elementor-widget-text-editor\" data-id=\"5994553\" data-element_type=\"widget\" data-e-type=\"widget\" data-widget_type=\"text-editor.default\">\n\t\t\t\t<div class=\"elementor-widget-container\">\n\t\t\t\t\t\t\t\t\tAls Expertin f\u00fcr EVOO-Verkostungen organisiert sie die La Cultivada-Expeditionen \u00fcber die Meere.\t\t\t\t\t\t\t\t<\/div>\n\t\t\t\t<\/div>\n\t\t\t\t<div class=\"elementor-element elementor-element-59172f5 elementor-icon-list--layout-traditional elementor-list-item-link-full_width elementor-widget elementor-widget-icon-list\" data-id=\"59172f5\" data-element_type=\"widget\" data-e-type=\"widget\" data-widget_type=\"icon-list.default\">\n\t\t\t\t<div class=\"elementor-widget-container\">\n\t\t\t\t\t\t\t<ul class=\"elementor-icon-list-items\">\n\t\t\t\t\t\t\t<li class=\"elementor-icon-list-item\">\n\t\t\t\t\t\t\t\t\t\t\t<a href=\"mailto:sharon@lacultivada.com\">\n\n\t\t\t\t\t\t\t\t\t\t\t<span class=\"elementor-icon-list-text\">sharon@lacultivada.com<\/span>\n\t\t\t\t\t\t\t\t\t\t\t<\/a>\n\t\t\t\t\t\t\t\t\t<\/li>\n\t\t\t\t\t\t\t\t<li class=\"elementor-icon-list-item\">\n\t\t\t\t\t\t\t\t\t\t\t<a href=\"tel:+34687592170\">\n\n\t\t\t\t\t\t\t\t\t\t\t<span class=\"elementor-icon-list-text\">+34 687 592 170<\/span>\n\t\t\t\t\t\t\t\t\t\t\t<\/a>\n\t\t\t\t\t\t\t\t\t<\/li>\n\t\t\t\t\t\t<\/ul>\n\t\t\t\t\t\t<\/div>\n\t\t\t\t<\/div>\n\t\t\t\t\t<\/div>\n\t\t<\/div>\n\t\t\t\t<div class=\"elementor-column elementor-col-33 elementor-top-column elementor-element elementor-element-d9d6bc3\" data-id=\"d9d6bc3\" data-element_type=\"column\" data-e-type=\"column\">\n\t\t\t<div class=\"elementor-widget-wrap elementor-element-populated\">\n\t\t\t\t\t\t<div class=\"elementor-element elementor-element-870a571 elementor-position-top elementor-widget elementor-widget-image-box\" data-id=\"870a571\" data-element_type=\"widget\" data-e-type=\"widget\" data-widget_type=\"image-box.default\">\n\t\t\t\t<div class=\"elementor-widget-container\">\n\t\t\t\t\t<div class=\"elementor-image-box-wrapper\"><figure class=\"elementor-image-box-img\"><img loading=\"lazy\" decoding=\"async\" width=\"500\" height=\"621\" src=\"https:\/\/lacultivada.com\/wp-content\/uploads\/2024\/11\/mangeles-bermudo.jpg\" class=\"attachment-full size-full wp-image-27662\" alt=\"M.\u00c1ngeles Bermudo\" srcset=\"https:\/\/lacultivada.com\/wp-content\/uploads\/2024\/11\/mangeles-bermudo.jpg 500w, https:\/\/lacultivada.com\/wp-content\/uploads\/2024\/11\/mangeles-bermudo-242x300.jpg 242w, https:\/\/lacultivada.com\/wp-content\/uploads\/2024\/11\/mangeles-bermudo-400x497.jpg 400w\" sizes=\"(max-width: 500px) 100vw, 500px\" \/><\/figure><div class=\"elementor-image-box-content\"><h3 class=\"elementor-image-box-title\">Mari Angeles Bermudo<\/h3><p class=\"elementor-image-box-description\">Verwaltung der Logistik<\/p><\/div><\/div>\t\t\t\t<\/div>\n\t\t\t\t<\/div>\n\t\t\t\t<div class=\"elementor-element elementor-element-f391e55 elementor-widget elementor-widget-text-editor\" data-id=\"f391e55\" data-element_type=\"widget\" data-e-type=\"widget\" data-widget_type=\"text-editor.default\">\n\t\t\t\t<div class=\"elementor-widget-container\">\n\t\t\t\t\t\t\t\t\tSie plant effizient und bereitet die Bestellungen von La Cultivada mit Liebe vor.\t\t\t\t\t\t\t\t<\/div>\n\t\t\t\t<\/div>\n\t\t\t\t<div class=\"elementor-element elementor-element-70fe280 elementor-icon-list--layout-traditional elementor-list-item-link-full_width elementor-widget elementor-widget-icon-list\" data-id=\"70fe280\" data-element_type=\"widget\" data-e-type=\"widget\" data-widget_type=\"icon-list.default\">\n\t\t\t\t<div class=\"elementor-widget-container\">\n\t\t\t\t\t\t\t<ul class=\"elementor-icon-list-items\">\n\t\t\t\t\t\t\t<li class=\"elementor-icon-list-item\">\n\t\t\t\t\t\t\t\t\t\t\t<a href=\"mailto:elena@lacultivada.com\">\n\n\t\t\t\t\t\t\t\t\t\t\t<span class=\"elementor-icon-list-text\">hola@lacultivada.com<\/span>\n\t\t\t\t\t\t\t\t\t\t\t<\/a>\n\t\t\t\t\t\t\t\t\t<\/li>\n\t\t\t\t\t\t\t\t<li class=\"elementor-icon-list-item\">\n\t\t\t\t\t\t\t\t\t\t\t<a href=\"tel:+34672106981\">\n\n\t\t\t\t\t\t\t\t\t\t\t<span class=\"elementor-icon-list-text\">+34 672 106 981<\/span>\n\t\t\t\t\t\t\t\t\t\t\t<\/a>\n\t\t\t\t\t\t\t\t\t<\/li>\n\t\t\t\t\t\t<\/ul>\n\t\t\t\t\t\t<\/div>\n\t\t\t\t<\/div>\n\t\t\t\t\t<\/div>\n\t\t<\/div>\n\t\t\t\t\t<\/div>\n\t\t<\/section>\n\t\t\t\t<section class=\"elementor-section elementor-top-section elementor-element elementor-element-8730a80 elementor-section-content-middle elementor-section-boxed elementor-section-height-default elementor-section-height-default\" data-id=\"8730a80\" data-element_type=\"section\" data-e-type=\"section\">\n\t\t\t\t\t\t<div class=\"elementor-container elementor-column-gap-no\">\n\t\t\t\t\t<div class=\"elementor-column elementor-col-33 elementor-top-column elementor-element elementor-element-e687c77\" data-id=\"e687c77\" data-element_type=\"column\" data-e-type=\"column\">\n\t\t\t<div class=\"elementor-widget-wrap elementor-element-populated\">\n\t\t\t\t\t\t<div class=\"elementor-element elementor-element-57265c6 elementor-position-top elementor-widget elementor-widget-image-box\" data-id=\"57265c6\" data-element_type=\"widget\" data-e-type=\"widget\" data-widget_type=\"image-box.default\">\n\t\t\t\t<div class=\"elementor-widget-container\">\n\t\t\t\t\t<div class=\"elementor-image-box-wrapper\"><figure class=\"elementor-image-box-img\"><img loading=\"lazy\" decoding=\"async\" width=\"500\" height=\"621\" src=\"https:\/\/lacultivada.com\/wp-content\/uploads\/2023\/06\/pedro-vecino.jpg\" class=\"attachment-full size-full wp-image-5901\" alt=\"pedro vecino\" srcset=\"https:\/\/lacultivada.com\/wp-content\/uploads\/2023\/06\/pedro-vecino.jpg 500w, https:\/\/lacultivada.com\/wp-content\/uploads\/2023\/06\/pedro-vecino-242x300.jpg 242w, https:\/\/lacultivada.com\/wp-content\/uploads\/2023\/06\/pedro-vecino-400x497.jpg 400w\" sizes=\"(max-width: 500px) 100vw, 500px\" \/><\/figure><div class=\"elementor-image-box-content\"><h3 class=\"elementor-image-box-title\">Pedro Vecino<\/h3><p class=\"elementor-image-box-description\">Leiter der landwirtschaftlichen Produktion<\/p><\/div><\/div>\t\t\t\t<\/div>\n\t\t\t\t<\/div>\n\t\t\t\t<div class=\"elementor-element elementor-element-df9178d elementor-widget elementor-widget-text-editor\" data-id=\"df9178d\" data-element_type=\"widget\" data-e-type=\"widget\" data-widget_type=\"text-editor.default\">\n\t\t\t\t<div class=\"elementor-widget-container\">\n\t\t\t\t\t\t\t\t\tSie f\u00f6rdert die Nachhaltigkeit des Unternehmens und der Landschaft.\t\t\t\t\t\t\t\t<\/div>\n\t\t\t\t<\/div>\n\t\t\t\t\t<\/div>\n\t\t<\/div>\n\t\t\t\t<div class=\"elementor-column elementor-col-33 elementor-top-column elementor-element elementor-element-7572696\" data-id=\"7572696\" data-element_type=\"column\" data-e-type=\"column\">\n\t\t\t<div class=\"elementor-widget-wrap elementor-element-populated\">\n\t\t\t\t\t\t<div class=\"elementor-element elementor-element-2c97045 elementor-position-top elementor-widget elementor-widget-image-box\" data-id=\"2c97045\" data-element_type=\"widget\" data-e-type=\"widget\" data-widget_type=\"image-box.default\">\n\t\t\t\t<div class=\"elementor-widget-container\">\n\t\t\t\t\t<div class=\"elementor-image-box-wrapper\"><figure class=\"elementor-image-box-img\"><img loading=\"lazy\" decoding=\"async\" width=\"500\" height=\"621\" src=\"https:\/\/lacultivada.com\/wp-content\/uploads\/2023\/06\/ramon-sanchez-ostos.jpg\" class=\"attachment-full size-full wp-image-5906\" alt=\"ramon sanchez ostos\" srcset=\"https:\/\/lacultivada.com\/wp-content\/uploads\/2023\/06\/ramon-sanchez-ostos.jpg 500w, https:\/\/lacultivada.com\/wp-content\/uploads\/2023\/06\/ramon-sanchez-ostos-242x300.jpg 242w, https:\/\/lacultivada.com\/wp-content\/uploads\/2023\/06\/ramon-sanchez-ostos-400x497.jpg 400w\" sizes=\"(max-width: 500px) 100vw, 500px\" \/><\/figure><div class=\"elementor-image-box-content\"><h3 class=\"elementor-image-box-title\">ram\u00f3n s\u00e1nchez<\/h3><p class=\"elementor-image-box-description\">Landwirtschaftlicher Vorarbeiter<\/p><\/div><\/div>\t\t\t\t<\/div>\n\t\t\t\t<\/div>\n\t\t\t\t<div class=\"elementor-element elementor-element-a15af7f elementor-widget elementor-widget-text-editor\" data-id=\"a15af7f\" data-element_type=\"widget\" data-e-type=\"widget\" data-widget_type=\"text-editor.default\">\n\t\t\t\t<div class=\"elementor-widget-container\">\n\t\t\t\t\t\t\t\t\tEr kennt alle Geheimnisse der M\u00fchle von Santa Ana und hat die Kraft eines Supermanns.\t\t\t\t\t\t\t\t<\/div>\n\t\t\t\t<\/div>\n\t\t\t\t\t<\/div>\n\t\t<\/div>\n\t\t\t\t<div class=\"elementor-column elementor-col-33 elementor-top-column elementor-element elementor-element-e6efe12\" data-id=\"e6efe12\" data-element_type=\"column\" data-e-type=\"column\">\n\t\t\t<div class=\"elementor-widget-wrap elementor-element-populated\">\n\t\t\t\t\t\t<div class=\"elementor-element elementor-element-a508c07 elementor-position-top elementor-widget elementor-widget-image-box\" data-id=\"a508c07\" data-element_type=\"widget\" data-e-type=\"widget\" data-widget_type=\"image-box.default\">\n\t\t\t\t<div class=\"elementor-widget-container\">\n\t\t\t\t\t<div class=\"elementor-image-box-wrapper\"><figure class=\"elementor-image-box-img\"><img loading=\"lazy\" decoding=\"async\" width=\"500\" height=\"621\" src=\"https:\/\/lacultivada.com\/wp-content\/uploads\/2023\/06\/antonio-murillo.jpg\" class=\"attachment-full size-full wp-image-5881\" alt=\"Antonio Murillo\" srcset=\"https:\/\/lacultivada.com\/wp-content\/uploads\/2023\/06\/antonio-murillo.jpg 500w, https:\/\/lacultivada.com\/wp-content\/uploads\/2023\/06\/antonio-murillo-242x300.jpg 242w, https:\/\/lacultivada.com\/wp-content\/uploads\/2023\/06\/antonio-murillo-400x497.jpg 400w\" sizes=\"(max-width: 500px) 100vw, 500px\" \/><\/figure><div class=\"elementor-image-box-content\"><h3 class=\"elementor-image-box-title\">antonio murillo<\/h3><p class=\"elementor-image-box-description\">Landwirt Molino de Santa Ana<\/p><\/div><\/div>\t\t\t\t<\/div>\n\t\t\t\t<\/div>\n\t\t\t\t<div class=\"elementor-element elementor-element-0b2e049 elementor-widget elementor-widget-text-editor\" data-id=\"0b2e049\" data-element_type=\"widget\" data-e-type=\"widget\" data-widget_type=\"text-editor.default\">\n\t\t\t\t<div class=\"elementor-widget-container\">\n\t\t\t\t\t\t\t\t\tAllesk\u00f6nner. Immer fr\u00f6hlich und ein gro\u00dfartiger Teamplayer.\t\t\t\t\t\t\t\t<\/div>\n\t\t\t\t<\/div>\n\t\t\t\t\t<\/div>\n\t\t<\/div>\n\t\t\t\t\t<\/div>\n\t\t<\/section>\n\t\t\t\t<section class=\"elementor-section elementor-top-section elementor-element elementor-element-89f53aa elementor-section-boxed elementor-section-height-default elementor-section-height-default\" data-id=\"89f53aa\" data-element_type=\"section\" data-e-type=\"section\" data-settings=\"{&quot;background_background&quot;:&quot;classic&quot;}\">\n\t\t\t\t\t\t\t<div class=\"elementor-background-overlay\"><\/div>\n\t\t\t\t\t\t\t<div class=\"elementor-container elementor-column-gap-default\">\n\t\t\t\t\t<div class=\"elementor-column elementor-col-100 elementor-top-column elementor-element elementor-element-5fc4c18\" data-id=\"5fc4c18\" data-element_type=\"column\" data-e-type=\"column\">\n\t\t\t<div class=\"elementor-widget-wrap elementor-element-populated\">\n\t\t\t\t\t\t<div class=\"elementor-element elementor-element-bf1e81b elementor-widget__width-auto elementor-hidden-mobile elementor-view-default elementor-invisible elementor-widget elementor-widget-icon\" data-id=\"bf1e81b\" data-element_type=\"widget\" data-e-type=\"widget\" data-settings=\"{&quot;_animation&quot;:&quot;fadeInLeft&quot;}\" data-widget_type=\"icon.default\">\n\t\t\t\t<div class=\"elementor-widget-container\">\n\t\t\t\t\t\t\t<div class=\"elementor-icon-wrapper\">\n\t\t\t<div class=\"elementor-icon\">\n\t\t\t<svg xmlns=\"http:\/\/www.w3.org\/2000\/svg\" xmlns:xlink=\"http:\/\/www.w3.org\/1999\/xlink\" id=\"Capa_1\" x=\"0px\" y=\"0px\" width=\"76.3px\" height=\"48.7px\" viewBox=\"0 0 76.3 48.7\" style=\"enable-background:new 0 0 76.3 48.7;\" xml:space=\"preserve\"> <path d=\"M45.7,48.7c-0.5-0.5,1.9-4.7,3-6.3c1.2-1.6,9.1-9.8,9.6-9.3c0.5,0.6-3.4,8.3-6.2,11.3C49.3,47.4,46,48.9,45.7,48.7z M42.9,2.8c0.4-0.3,5,1.8,8.8,5.9c3.9,4.1,9.3,14.8,8.5,15.5C59.6,24.9,49.5,13.2,47.9,11C46.4,8.7,42.5,3.3,42.9,2.8z M29.3,45.8 c-1.3,0,6.5-11.5,13.9-15.2c1.9-0.9,4.9-2.1,5.5-1.5c0.4,0.4-4.9,5.7-7.2,7.4C39.3,38.1,31.2,45.8,29.3,45.8z M22.8,0.6 c0.3-0.3,3.6,0.4,9.4,4.2c4.3,2.8,11.6,11.9,10.8,12.7c-0.8,0.8-13.5-9.6-15.5-11.5C23.7,2.6,22.4,0.9,22.8,0.6z M14.8,41 c-1,0,3.3-7.1,10.4-11.3c3.6-2,8.6-4.1,9.1-3.5c0.5,0.4-1.5,2.6-3.8,4.2C28.3,32.1,15.8,41,14.8,41z M7.7,7.2c0.5-0.4,4,0.2,9.6,1.9 c6.9,2,13.2,8.1,12.5,8.8c-0.5,0.5-10-3.2-14.1-5.2C11.7,10.6,7.3,7.6,7.7,7.2z M0,24.6c0-0.7,2.4-1.9,8.9-3.3 c5.7-1.2,15.7-0.7,15.7,0.3c0,0.8-9.8,2.8-14.8,3.5C4.6,25.8,0,25.1,0,24.6z M75.4,37.3c0.8,0.7-1.7,2.9-2.2,2.4 C54.2,20.6,29.8,22.9,29.8,22.1C29.8,21.4,55.9,17.8,75.4,37.3z\"><\/path> <\/svg>\t\t\t<\/div>\n\t\t<\/div>\n\t\t\t\t\t\t<\/div>\n\t\t\t\t<\/div>\n\t\t\t\t<div class=\"elementor-element elementor-element-7ea1d42 elementor-widget__width-auto elementor-invisible elementor-widget elementor-widget-heading\" data-id=\"7ea1d42\" data-element_type=\"widget\" data-e-type=\"widget\" data-settings=\"{&quot;_animation&quot;:&quot;fadeInUp&quot;}\" data-widget_type=\"heading.default\">\n\t\t\t\t<div class=\"elementor-widget-container\">\n\t\t\t\t\t<p class=\"elementor-heading-title elementor-size-default\">UNSERE WERTE<\/p>\t\t\t\t<\/div>\n\t\t\t\t<\/div>\n\t\t\t\t<div class=\"elementor-element elementor-element-bc5008b elementor-widget__width-auto e-transform elementor-hidden-mobile elementor-view-default elementor-invisible elementor-widget elementor-widget-icon\" data-id=\"bc5008b\" data-element_type=\"widget\" data-e-type=\"widget\" data-settings=\"{&quot;_transform_flipX_effect&quot;:&quot;transform&quot;,&quot;_animation&quot;:&quot;fadeInRight&quot;}\" data-widget_type=\"icon.default\">\n\t\t\t\t<div class=\"elementor-widget-container\">\n\t\t\t\t\t\t\t<div class=\"elementor-icon-wrapper\">\n\t\t\t<div class=\"elementor-icon\">\n\t\t\t<svg xmlns=\"http:\/\/www.w3.org\/2000\/svg\" xmlns:xlink=\"http:\/\/www.w3.org\/1999\/xlink\" id=\"Capa_1\" x=\"0px\" y=\"0px\" width=\"76.3px\" height=\"48.7px\" viewBox=\"0 0 76.3 48.7\" style=\"enable-background:new 0 0 76.3 48.7;\" xml:space=\"preserve\"> <path d=\"M45.7,48.7c-0.5-0.5,1.9-4.7,3-6.3c1.2-1.6,9.1-9.8,9.6-9.3c0.5,0.6-3.4,8.3-6.2,11.3C49.3,47.4,46,48.9,45.7,48.7z M42.9,2.8c0.4-0.3,5,1.8,8.8,5.9c3.9,4.1,9.3,14.8,8.5,15.5C59.6,24.9,49.5,13.2,47.9,11C46.4,8.7,42.5,3.3,42.9,2.8z M29.3,45.8 c-1.3,0,6.5-11.5,13.9-15.2c1.9-0.9,4.9-2.1,5.5-1.5c0.4,0.4-4.9,5.7-7.2,7.4C39.3,38.1,31.2,45.8,29.3,45.8z M22.8,0.6 c0.3-0.3,3.6,0.4,9.4,4.2c4.3,2.8,11.6,11.9,10.8,12.7c-0.8,0.8-13.5-9.6-15.5-11.5C23.7,2.6,22.4,0.9,22.8,0.6z M14.8,41 c-1,0,3.3-7.1,10.4-11.3c3.6-2,8.6-4.1,9.1-3.5c0.5,0.4-1.5,2.6-3.8,4.2C28.3,32.1,15.8,41,14.8,41z M7.7,7.2c0.5-0.4,4,0.2,9.6,1.9 c6.9,2,13.2,8.1,12.5,8.8c-0.5,0.5-10-3.2-14.1-5.2C11.7,10.6,7.3,7.6,7.7,7.2z M0,24.6c0-0.7,2.4-1.9,8.9-3.3 c5.7-1.2,15.7-0.7,15.7,0.3c0,0.8-9.8,2.8-14.8,3.5C4.6,25.8,0,25.1,0,24.6z M75.4,37.3c0.8,0.7-1.7,2.9-2.2,2.4 C54.2,20.6,29.8,22.9,29.8,22.1C29.8,21.4,55.9,17.8,75.4,37.3z\"><\/path> <\/svg>\t\t\t<\/div>\n\t\t<\/div>\n\t\t\t\t\t\t<\/div>\n\t\t\t\t<\/div>\n\t\t\t\t<div class=\"elementor-element elementor-element-3f7ec3e elementor-widget__width-initial elementor-widget elementor-widget-text-editor\" data-id=\"3f7ec3e\" data-element_type=\"widget\" data-e-type=\"widget\" data-widget_type=\"text-editor.default\">\n\t\t\t\t<div class=\"elementor-widget-container\">\n\t\t\t\t\t\t\t\t\t<p>Eine Produktions- und Verbrauchsethik, die die Qualit\u00e4t und Herkunft von Lebensmitteln bevorzugt und nachhaltige Praktiken f\u00f6rdert.<\/p><p>Verantwortungsvoller und umweltfreundlicher Olivenanbau. Wir k\u00fcmmern uns um die nat\u00fcrliche Umwelt und sch\u00e4tzen die Menschen, die das Land bearbeiten.<\/p><p>Ein charakteristisches Oliven\u00f6l, das sich von den anonymen und homologierten Produkten unterscheidet, die den Markt f\u00fcr natives Oliven\u00f6l extra beherrschen.<\/p><p>Ein organoleptisch bemerkenswerter Oliven\u00f6l, der den Wert der Sortenunterschiede widerspiegelt und der mit Spanien verbunden ist.<\/p><p>Eine Mitteilung, die sich f\u00fcr den Wiederaufbau der \u00d6lkultur im Einklang mit den zum Ausdruck gebrachten Werten einsetzt.<\/p>\t\t\t\t\t\t\t\t<\/div>\n\t\t\t\t<\/div>\n\t\t\t\t\t<\/div>\n\t\t<\/div>\n\t\t\t\t\t<\/div>\n\t\t<\/section>\n\t\t\t\t<section class=\"elementor-section elementor-top-section elementor-element elementor-element-3554429 elementor-section-content-middle elementor-reverse-mobile elementor-reverse-tablet elementor-section-boxed elementor-section-height-default elementor-section-height-default\" data-id=\"3554429\" data-element_type=\"section\" data-e-type=\"section\" data-settings=\"{&quot;background_background&quot;:&quot;classic&quot;}\">\n\t\t\t\t\t\t\t<div class=\"elementor-background-overlay\"><\/div>\n\t\t\t\t\t\t\t<div class=\"elementor-container elementor-column-gap-default\">\n\t\t\t\t\t<div class=\"elementor-column elementor-col-50 elementor-top-column elementor-element elementor-element-d590082\" data-id=\"d590082\" data-element_type=\"column\" data-e-type=\"column\">\n\t\t\t<div class=\"elementor-widget-wrap elementor-element-populated\">\n\t\t\t\t\t\t<div class=\"elementor-element elementor-element-14b6ee7 premium-header-inline premium-lq__none premium-box-lq__none elementor-invisible elementor-widget elementor-widget-premium-addon-dual-header\" data-id=\"14b6ee7\" data-element_type=\"widget\" data-e-type=\"widget\" data-settings=\"{&quot;_animation&quot;:&quot;fadeInUp&quot;}\" data-widget_type=\"premium-addon-dual-header.default\">\n\t\t\t\t\t\n\t\t<div class=\"elementor-widget-container\">\n\t\t\t\t\t<h2 class=\"premium-dual-header-first-header \"><span class=\"premium-dual-header-first-span\">Die Eule <\/span><span class=\"premium-dual-header-second-header \">Kultiviert<\/span><\/h2> \t\t\t\t<\/div>\n\n\t\t\t\t\t\t<\/div>\n\t\t\t\t<div class=\"elementor-element elementor-element-3184035 elementor-widget elementor-widget-text-editor\" data-id=\"3184035\" data-element_type=\"widget\" data-e-type=\"widget\" data-widget_type=\"text-editor.default\">\n\t\t\t\t<div class=\"elementor-widget-container\">\n\t\t\t\t\t\t\t\t\t<p>Noctua, Symbol der Weisheit und H\u00fcterin der guten Sitten in der M\u00fchle von Santa Ana.<\/p><p>Treue Gef\u00e4hrtin von Pallas Athene, der siegreichen G\u00f6ttin dank ihres zivilisatorischen Beitrags: des Olivenbaums. Kennen Sie die Geschichte?<\/p>\t\t\t\t\t\t\t\t<\/div>\n\t\t\t\t<\/div>\n\t\t\t\t<div class=\"elementor-element elementor-element-cc85592 elementor-invisible elementor-widget elementor-widget-button\" data-id=\"cc85592\" data-element_type=\"widget\" data-e-type=\"widget\" data-settings=\"{&quot;_animation&quot;:&quot;fadeInUp&quot;}\" data-widget_type=\"button.default\">\n\t\t\t\t<div class=\"elementor-widget-container\">\n\t\t\t\t\t\t\t\t\t<div class=\"elementor-button-wrapper\">\n\t\t\t\t\t<a class=\"elementor-button elementor-button-link elementor-size-sm\" href=\"https:\/\/lacultivada.com\/epilogo-de-mochuela-a-lechuza\/\">\n\t\t\t\t\t\t<span class=\"elementor-button-content-wrapper\">\n\t\t\t\t\t\t\t\t\t<span class=\"elementor-button-text\">mehr Informationen<\/span>\n\t\t\t\t\t<\/span>\n\t\t\t\t\t<\/a>\n\t\t\t\t<\/div>\n\t\t\t\t\t\t\t\t<\/div>\n\t\t\t\t<\/div>\n\t\t\t\t\t<\/div>\n\t\t<\/div>\n\t\t\t\t<div class=\"elementor-column elementor-col-50 elementor-top-column elementor-element elementor-element-0d87eae\" data-id=\"0d87eae\" data-element_type=\"column\" data-e-type=\"column\">\n\t\t\t<div class=\"elementor-widget-wrap elementor-element-populated\">\n\t\t\t\t\t\t<div class=\"elementor-element elementor-element-b29f8bd elementor-widget elementor-widget-image\" data-id=\"b29f8bd\" data-element_type=\"widget\" data-e-type=\"widget\" data-widget_type=\"image.default\">\n\t\t\t\t<div class=\"elementor-widget-container\">\n\t\t\t\t\t\t\t\t\t\t\t\t\t\t\t<img loading=\"lazy\" decoding=\"async\" width=\"1024\" height=\"1024\" src=\"https:\/\/lacultivada.com\/wp-content\/uploads\/2023\/06\/la-lechuza-cultivada-1024x1024.jpg\" class=\"attachment-large size-large wp-image-6077\" alt=\"lechuza cultivada\" srcset=\"https:\/\/lacultivada.com\/wp-content\/uploads\/2023\/06\/la-lechuza-cultivada-1024x1024.jpg 1024w, https:\/\/lacultivada.com\/wp-content\/uploads\/2023\/06\/la-lechuza-cultivada-300x300.jpg 300w, https:\/\/lacultivada.com\/wp-content\/uploads\/2023\/06\/la-lechuza-cultivada-150x150.jpg 150w, https:\/\/lacultivada.com\/wp-content\/uploads\/2023\/06\/la-lechuza-cultivada-768x768.jpg 768w, https:\/\/lacultivada.com\/wp-content\/uploads\/2023\/06\/la-lechuza-cultivada-600x600.jpg 600w, https:\/\/lacultivada.com\/wp-content\/uploads\/2023\/06\/la-lechuza-cultivada-400x400.jpg 400w, https:\/\/lacultivada.com\/wp-content\/uploads\/2023\/06\/la-lechuza-cultivada-800x800.jpg 800w, https:\/\/lacultivada.com\/wp-content\/uploads\/2023\/06\/la-lechuza-cultivada-100x100.jpg 100w, https:\/\/lacultivada.com\/wp-content\/uploads\/2023\/06\/la-lechuza-cultivada.jpg 1080w\" sizes=\"(max-width: 1024px) 100vw, 1024px\" \/>\t\t\t\t\t\t\t\t\t\t\t\t\t\t\t<\/div>\n\t\t\t\t<\/div>\n\t\t\t\t\t<\/div>\n\t\t<\/div>\n\t\t\t\t\t<\/div>\n\t\t<\/section>\n\t\t\t\t<section class=\"elementor-section elementor-top-section elementor-element elementor-element-4b298a5 elementor-section-full_width elementor-section-height-min-height elementor-hidden-laptop elementor-hidden-tablet elementor-hidden-mobile elementor-section-height-default elementor-section-items-middle\" data-id=\"4b298a5\" data-element_type=\"section\" data-e-type=\"section\" data-settings=\"{&quot;background_background&quot;:&quot;video&quot;,&quot;background_video_link&quot;:&quot;https:\\\/\\\/vimeo.com\\\/835714436&quot;}\">\n\t\t\t\t\t\t\t\t<div class=\"elementor-background-video-container elementor-hidden-mobile\">\n\t\t\t\t\t\t\t\t\t\t\t\t\t<div class=\"elementor-background-video-embed\" role=\"presentation\"><\/div>\n\t\t\t\t\t\t\t\t\t\t\t\t<\/div>\n\t\t\t\t\t\t\t\t<div class=\"elementor-container elementor-column-gap-default\">\n\t\t\t\t\t<div class=\"elementor-column elementor-col-50 elementor-top-column elementor-element elementor-element-d957caf\" data-id=\"d957caf\" data-element_type=\"column\" data-e-type=\"column\">\n\t\t\t<div class=\"elementor-widget-wrap elementor-element-populated\">\n\t\t\t\t\t\t<div class=\"elementor-element elementor-element-488219a elementor-widget elementor-widget-spacer\" data-id=\"488219a\" data-element_type=\"widget\" data-e-type=\"widget\" data-widget_type=\"spacer.default\">\n\t\t\t\t<div class=\"elementor-widget-container\">\n\t\t\t\t\t\t\t<div class=\"elementor-spacer\">\n\t\t\t<div class=\"elementor-spacer-inner\"><\/div>\n\t\t<\/div>\n\t\t\t\t\t\t<\/div>\n\t\t\t\t<\/div>\n\t\t\t\t\t<\/div>\n\t\t<\/div>\n\t\t\t\t<div class=\"elementor-column elementor-col-50 elementor-top-column elementor-element elementor-element-15a2c78\" data-id=\"15a2c78\" data-element_type=\"column\" data-e-type=\"column\" data-settings=\"{&quot;background_background&quot;:&quot;classic&quot;}\">\n\t\t\t<div class=\"elementor-widget-wrap elementor-element-populated\">\n\t\t\t\t\t\t<section class=\"elementor-section elementor-inner-section elementor-element elementor-element-e1fa5fe elementor-section-boxed elementor-section-height-default elementor-section-height-default\" data-id=\"e1fa5fe\" data-element_type=\"section\" data-e-type=\"section\">\n\t\t\t\t\t\t<div class=\"elementor-container elementor-column-gap-default\">\n\t\t\t\t\t<div class=\"elementor-column elementor-col-100 elementor-inner-column elementor-element elementor-element-3e8ce4d\" data-id=\"3e8ce4d\" data-element_type=\"column\" data-e-type=\"column\" data-settings=\"{&quot;background_background&quot;:&quot;classic&quot;}\">\n\t\t\t<div class=\"elementor-widget-wrap elementor-element-populated\">\n\t\t\t\t\t\t<div class=\"elementor-element elementor-element-a3c0aff elementor-widget elementor-widget-heading\" data-id=\"a3c0aff\" data-element_type=\"widget\" data-e-type=\"widget\" data-widget_type=\"heading.default\">\n\t\t\t\t<div class=\"elementor-widget-container\">\n\t\t\t\t\t<p class=\"elementor-heading-title elementor-size-default\">kultiviertes Manifest<\/p>\t\t\t\t<\/div>\n\t\t\t\t<\/div>\n\t\t\t\t<div class=\"elementor-element elementor-element-45a43b3 elementor-widget elementor-widget-text-editor\" data-id=\"45a43b3\" data-element_type=\"widget\" data-e-type=\"widget\" data-widget_type=\"text-editor.default\">\n\t\t\t\t<div class=\"elementor-widget-container\">\n\t\t\t\t\t\t\t\t\t<p>Wenn wir verstehen, dass wir dem Land geh\u00f6ren, nicht dass das Land uns geh\u00f6rt.<\/p><p>Wenn wir verstehen, dass Ackerbau bedeutet, dass wir uns um das Land k\u00fcmmern, das uns ern\u00e4hrt.<\/p><p>Wenn wir verstehen, dass kultiviert sein heute bedeutet, neue Lebensweisen zu lernen.<\/p><p>Wenn wir verstehen, dass es unsere wahre Bestimmung ist, Versorger und nicht R\u00e4uber zu sein.<\/p><p>Wenn wir verstehen, dass die Nahrung aus der Erde kommt und es keinen anderen Planeten gibt, auf den wir fliehen k\u00f6nnen.<\/p><p><span style=\"font-size: 17px; color: var( --e-global-color-text ); letter-spacing: 0.4px; word-spacing: 0em;\">Wenn wir verstehen, dass wir voneinander abh\u00e4ngig sind und dass es kein Wir ohne die anderen gibt.<\/span><\/p><p>Wenn wir verstehen, dass Erfolg gegeneinander ein Nullsummenspiel ist und dass wir mehr sind als Gewinner und Verlierer.<\/p><p>Wenn wir verstehen, dass unsere Gesundheit auch durch gutes Essen gef\u00f6rdert wird.<\/p><p>Wenn wir verstehen, dass gesunde Lebensmittel ein wesentliches Menschenrecht sind, das aus einer lebendigen, nachhaltigen Landwirtschaft hervorgeht, werden wir in der Lage sein,&#8230;<\/p><p>Dann, und nur dann, werden wir die Ver\u00e4nderung sein und die kultivierte Zukunft selbst in die Hand nehmen.<\/p>\t\t\t\t\t\t\t\t<\/div>\n\t\t\t\t<\/div>\n\t\t\t\t\t<\/div>\n\t\t<\/div>\n\t\t\t\t\t<\/div>\n\t\t<\/section>\n\t\t\t\t\t<\/div>\n\t\t<\/div>\n\t\t\t\t\t<\/div>\n\t\t<\/section>\n\t\t\t\t<section class=\"elementor-section elementor-top-section elementor-element elementor-element-98aa6f4 elementor-section-height-min-height elementor-hidden-desktop elementor-section-boxed elementor-section-height-default elementor-section-items-middle\" data-id=\"98aa6f4\" data-element_type=\"section\" data-e-type=\"section\" data-settings=\"{&quot;background_background&quot;:&quot;video&quot;,&quot;background_video_link&quot;:&quot;https:\\\/\\\/vimeo.com\\\/835714436&quot;,&quot;background_play_on_mobile&quot;:&quot;yes&quot;}\">\n\t\t\t\t\t\t\t\t<div class=\"elementor-background-video-container\">\n\t\t\t\t\t\t\t\t\t\t\t\t\t<div class=\"elementor-background-video-embed\" role=\"presentation\"><\/div>\n\t\t\t\t\t\t\t\t\t\t\t\t<\/div>\n\t\t\t\t\t\t\t\t<div class=\"elementor-container elementor-column-gap-default\">\n\t\t\t\t\t<div class=\"elementor-column elementor-col-100 elementor-top-column elementor-element elementor-element-a9f75de\" data-id=\"a9f75de\" data-element_type=\"column\" data-e-type=\"column\">\n\t\t\t<div class=\"elementor-widget-wrap\">\n\t\t\t\t\t\t\t<\/div>\n\t\t<\/div>\n\t\t\t\t\t<\/div>\n\t\t<\/section>\n\t\t\t\t<section class=\"elementor-section elementor-top-section elementor-element elementor-element-fcae192 elementor-section-full_width elementor-hidden-desktop elementor-section-height-default elementor-section-height-default\" data-id=\"fcae192\" data-element_type=\"section\" data-e-type=\"section\" data-settings=\"{&quot;background_background&quot;:&quot;classic&quot;}\">\n\t\t\t\t\t\t<div class=\"elementor-container elementor-column-gap-default\">\n\t\t\t\t\t<div class=\"elementor-column elementor-col-100 elementor-top-column elementor-element elementor-element-db9ed2b\" data-id=\"db9ed2b\" data-element_type=\"column\" data-e-type=\"column\">\n\t\t\t<div class=\"elementor-widget-wrap elementor-element-populated\">\n\t\t\t\t\t\t<div class=\"elementor-element elementor-element-e931abd elementor-widget elementor-widget-heading\" data-id=\"e931abd\" data-element_type=\"widget\" data-e-type=\"widget\" data-widget_type=\"heading.default\">\n\t\t\t\t<div class=\"elementor-widget-container\">\n\t\t\t\t\t<p class=\"elementor-heading-title elementor-size-default\">kultiviertes Manifest<\/p>\t\t\t\t<\/div>\n\t\t\t\t<\/div>\n\t\t\t\t<div class=\"elementor-element elementor-element-bf1cf96 elementor-widget elementor-widget-text-editor\" data-id=\"bf1cf96\" data-element_type=\"widget\" data-e-type=\"widget\" data-widget_type=\"text-editor.default\">\n\t\t\t\t<div class=\"elementor-widget-container\">\n\t\t\t\t\t\t\t\t\t<p>Wenn wir verstehen, dass wir dem Land geh\u00f6ren, nicht dass das Land uns geh\u00f6rt;<\/p><p>Wenn wir verstehen, dass Ackerbau bedeutet, dass wir uns um das Land k\u00fcmmern, das uns ern\u00e4hrt;<\/p><p>Wenn wir verstehen, dass kultiviert sein heute bedeutet, neue Lebensweisen zu lernen;<\/p><p>Wenn wir verstehen, dass es unsere wahre Bestimmung ist, Versorger und nicht R\u00e4uber zu sein;<\/p><p>Wenn wir verstehen, dass die Nahrung aus der Erde kommt und es keinen anderen Planeten gibt, auf den wir fliehen k\u00f6nnen;<\/p><p><span style=\"font-size: 17px; color: var( --e-global-color-text ); letter-spacing: 0.4px; word-spacing: 0em;\">Wenn wir verstehen, dass wir voneinander abh\u00e4ngig sind und dass es kein Wir ohne die anderen gibt;<\/span><\/p><p>Wenn wir verstehen, dass Erfolg gegeneinander ein Nullsummenspiel ist und dass wir mehr sind als Gewinner und Verlierer;<\/p><p>Wenn wir verstehen, dass unsere Gesundheit auch durch gutes Essen gef\u00f6rdert wird;<\/p><p>Wenn wir verstehen, dass gesunde Lebensmittel ein wesentliches Menschenrecht sind, das aus einer lebendigen, nachhaltigen Landwirtschaft hervorgeht, werden wir in der Lage sein,&#8230;<\/p><p>Dann, und nur dann, werden wir die Ver\u00e4nderung sein und die kultivierte Zukunft selbst in die Hand nehmen.<\/p>\t\t\t\t\t\t\t\t<\/div>\n\t\t\t\t<\/div>\n\t\t\t\t\t<\/div>\n\t\t<\/div>\n\t\t\t\t\t<\/div>\n\t\t<\/section>\n\t\t\t\t<section class=\"elementor-section elementor-top-section elementor-element elementor-element-bbed09f elementor-section-boxed elementor-section-height-default elementor-section-height-default elementor-invisible\" data-id=\"bbed09f\" data-element_type=\"section\" data-e-type=\"section\" data-settings=\"{&quot;background_background&quot;:&quot;classic&quot;,&quot;animation&quot;:&quot;fadeInUp&quot;}\">\n\t\t\t\t\t\t<div class=\"elementor-container elementor-column-gap-default\">\n\t\t\t\t\t<div class=\"elementor-column elementor-col-100 elementor-top-column elementor-element elementor-element-6bc2392\" data-id=\"6bc2392\" data-element_type=\"column\" data-e-type=\"column\">\n\t\t\t<div class=\"elementor-widget-wrap elementor-element-populated\">\n\t\t\t\t\t\t<div class=\"elementor-element elementor-element-42676c1 elementor-invisible elementor-widget elementor-widget-heading\" data-id=\"42676c1\" data-element_type=\"widget\" data-e-type=\"widget\" data-settings=\"{&quot;_animation&quot;:&quot;fadeInUp&quot;}\" data-widget_type=\"heading.default\">\n\t\t\t\t<div class=\"elementor-widget-container\">\n\t\t\t\t\t<h2 class=\"elementor-heading-title elementor-size-default\">bio-oliven\u00f6l la cultivada kaufen<\/h2>\t\t\t\t<\/div>\n\t\t\t\t<\/div>\n\t\t\t\t<section class=\"elementor-section elementor-inner-section elementor-element elementor-element-aed516a elementor-section-full_width elementor-section-height-default elementor-section-height-default\" data-id=\"aed516a\" data-element_type=\"section\" data-e-type=\"section\">\n\t\t\t\t\t\t<div class=\"elementor-container elementor-column-gap-default\">\n\t\t\t\t\t<div class=\"elementor-column elementor-col-25 elementor-inner-column elementor-element elementor-element-1daa65e\" data-id=\"1daa65e\" data-element_type=\"column\" data-e-type=\"column\">\n\t\t\t<div class=\"elementor-widget-wrap elementor-element-populated\">\n\t\t\t\t\t\t<div class=\"elementor-element elementor-element-75a1d18 elementor-widget elementor-widget-image\" data-id=\"75a1d18\" data-element_type=\"widget\" data-e-type=\"widget\" data-widget_type=\"image.default\">\n\t\t\t\t<div class=\"elementor-widget-container\">\n\t\t\t\t\t\t\t\t\t\t\t\t\t\t\t\t<a href=\"https:\/\/lacultivada.com\/comprar-aove\/aove-arbequina-aceite-oliva-virgen-extra\/\">\n\t\t\t\t\t\t\t<img loading=\"lazy\" decoding=\"async\" width=\"450\" height=\"783\" src=\"https:\/\/lacultivada.com\/wp-content\/uploads\/2023\/04\/AOVE-Eco-Arbequina-premium-01.jpg\" class=\"elementor-animation-grow attachment-large size-large wp-image-3212\" alt=\"\" srcset=\"https:\/\/lacultivada.com\/wp-content\/uploads\/2023\/04\/AOVE-Eco-Arbequina-premium-01.jpg 450w, https:\/\/lacultivada.com\/wp-content\/uploads\/2023\/04\/AOVE-Eco-Arbequina-premium-01-400x696.jpg 400w, https:\/\/lacultivada.com\/wp-content\/uploads\/2023\/04\/AOVE-Eco-Arbequina-premium-01-172x300.jpg 172w\" sizes=\"(max-width: 450px) 100vw, 450px\" \/>\t\t\t\t\t\t\t\t<\/a>\n\t\t\t\t\t\t\t\t\t\t\t\t\t\t\t<\/div>\n\t\t\t\t<\/div>\n\t\t\t\t<div class=\"elementor-element elementor-element-7de79a2 premium-header-block premium-lq__none premium-box-lq__none elementor-widget elementor-widget-premium-addon-dual-header\" data-id=\"7de79a2\" data-element_type=\"widget\" data-e-type=\"widget\" data-widget_type=\"premium-addon-dual-header.default\">\n\t\t\t\t\t\n\t\t<div class=\"elementor-widget-container\">\n\t\t\t\t\t<h3 class=\"premium-dual-header-first-header \"><span class=\"premium-dual-header-first-span\">Arbequina <\/span><span class=\"premium-dual-header-second-header \">Wohlriechend und aufrichtig<\/span><\/h3> \t\t\t\t<\/div>\n\n\t\t\t\t\t\t<\/div>\n\t\t\t\t<div class=\"elementor-element elementor-element-e673389 elementor-align-center elementor-invisible elementor-widget elementor-widget-button\" data-id=\"e673389\" data-element_type=\"widget\" data-e-type=\"widget\" data-settings=\"{&quot;_animation&quot;:&quot;fadeInUp&quot;}\" data-widget_type=\"button.default\">\n\t\t\t\t<div class=\"elementor-widget-container\">\n\t\t\t\t\t\t\t\t\t<div class=\"elementor-button-wrapper\">\n\t\t\t\t\t<a class=\"elementor-button elementor-button-link elementor-size-md elementor-animation-grow\" href=\"https:\/\/lacultivada.com\/de\/comprar-aove\/aove-arbequina-ol-olive-nativ-extra\/\">\n\t\t\t\t\t\t<span class=\"elementor-button-content-wrapper\">\n\t\t\t\t\t\t\t\t\t<span class=\"elementor-button-text\">Kaufen<\/span>\n\t\t\t\t\t<\/span>\n\t\t\t\t\t<\/a>\n\t\t\t\t<\/div>\n\t\t\t\t\t\t\t\t<\/div>\n\t\t\t\t<\/div>\n\t\t\t\t\t<\/div>\n\t\t<\/div>\n\t\t\t\t<div class=\"elementor-column elementor-col-25 elementor-inner-column elementor-element elementor-element-c857da6\" data-id=\"c857da6\" data-element_type=\"column\" data-e-type=\"column\">\n\t\t\t<div class=\"elementor-widget-wrap elementor-element-populated\">\n\t\t\t\t\t\t<div class=\"elementor-element elementor-element-703030b elementor-widget elementor-widget-image\" data-id=\"703030b\" data-element_type=\"widget\" data-e-type=\"widget\" data-widget_type=\"image.default\">\n\t\t\t\t<div class=\"elementor-widget-container\">\n\t\t\t\t\t\t\t\t\t\t\t\t\t\t\t\t<a href=\"https:\/\/lacultivada.com\/comprar-aove\/aove-hojiblanca\/\">\n\t\t\t\t\t\t\t<img loading=\"lazy\" decoding=\"async\" width=\"450\" height=\"783\" src=\"https:\/\/lacultivada.com\/wp-content\/uploads\/2023\/04\/AOVE-Eco-Hojiblanca-premium-01.jpg\" class=\"elementor-animation-grow attachment-large size-large wp-image-3208\" alt=\"\" srcset=\"https:\/\/lacultivada.com\/wp-content\/uploads\/2023\/04\/AOVE-Eco-Hojiblanca-premium-01.jpg 450w, https:\/\/lacultivada.com\/wp-content\/uploads\/2023\/04\/AOVE-Eco-Hojiblanca-premium-01-400x696.jpg 400w, https:\/\/lacultivada.com\/wp-content\/uploads\/2023\/04\/AOVE-Eco-Hojiblanca-premium-01-172x300.jpg 172w\" sizes=\"(max-width: 450px) 100vw, 450px\" \/>\t\t\t\t\t\t\t\t<\/a>\n\t\t\t\t\t\t\t\t\t\t\t\t\t\t\t<\/div>\n\t\t\t\t<\/div>\n\t\t\t\t<div class=\"elementor-element elementor-element-976def4 premium-header-block premium-lq__none premium-box-lq__none elementor-widget elementor-widget-premium-addon-dual-header\" data-id=\"976def4\" data-element_type=\"widget\" data-e-type=\"widget\" data-widget_type=\"premium-addon-dual-header.default\">\n\t\t\t\t\t\n\t\t<div class=\"elementor-widget-container\">\n\t\t\t\t\t<h3 class=\"premium-dual-header-first-header \"><span class=\"premium-dual-header-first-span\">Hojiblanca <\/span><span class=\"premium-dual-header-second-header \">Ausdrucksstark und distinguiert<\/span><\/h3> \t\t\t\t<\/div>\n\n\t\t\t\t\t\t<\/div>\n\t\t\t\t<div class=\"elementor-element elementor-element-531cfd2 elementor-align-center elementor-invisible elementor-widget elementor-widget-button\" data-id=\"531cfd2\" data-element_type=\"widget\" data-e-type=\"widget\" data-settings=\"{&quot;_animation&quot;:&quot;fadeInUp&quot;}\" data-widget_type=\"button.default\">\n\t\t\t\t<div class=\"elementor-widget-container\">\n\t\t\t\t\t\t\t\t\t<div class=\"elementor-button-wrapper\">\n\t\t\t\t\t<a class=\"elementor-button elementor-button-link elementor-size-md elementor-animation-grow\" href=\"https:\/\/lacultivada.com\/de\/comprar-aove\/aove-hojiblanca\/\">\n\t\t\t\t\t\t<span class=\"elementor-button-content-wrapper\">\n\t\t\t\t\t\t\t\t\t<span class=\"elementor-button-text\">Kaufen<\/span>\n\t\t\t\t\t<\/span>\n\t\t\t\t\t<\/a>\n\t\t\t\t<\/div>\n\t\t\t\t\t\t\t\t<\/div>\n\t\t\t\t<\/div>\n\t\t\t\t\t<\/div>\n\t\t<\/div>\n\t\t\t\t<div class=\"elementor-column elementor-col-25 elementor-inner-column elementor-element elementor-element-dcf82d7\" data-id=\"dcf82d7\" data-element_type=\"column\" data-e-type=\"column\">\n\t\t\t<div class=\"elementor-widget-wrap elementor-element-populated\">\n\t\t\t\t\t\t<div class=\"elementor-element elementor-element-518dd7b elementor-widget elementor-widget-image\" data-id=\"518dd7b\" data-element_type=\"widget\" data-e-type=\"widget\" data-widget_type=\"image.default\">\n\t\t\t\t<div class=\"elementor-widget-container\">\n\t\t\t\t\t\t\t\t\t\t\t\t\t\t\t\t<a href=\"https:\/\/lacultivada.com\/comprar-aove\/aove-picual\/\">\n\t\t\t\t\t\t\t<img loading=\"lazy\" decoding=\"async\" width=\"450\" height=\"783\" src=\"https:\/\/lacultivada.com\/wp-content\/uploads\/2023\/04\/AOVE-Eco-Picual-premium-01.jpg\" class=\"elementor-animation-grow attachment-large size-large wp-image-3204\" alt=\"\" srcset=\"https:\/\/lacultivada.com\/wp-content\/uploads\/2023\/04\/AOVE-Eco-Picual-premium-01.jpg 450w, https:\/\/lacultivada.com\/wp-content\/uploads\/2023\/04\/AOVE-Eco-Picual-premium-01-400x696.jpg 400w, https:\/\/lacultivada.com\/wp-content\/uploads\/2023\/04\/AOVE-Eco-Picual-premium-01-172x300.jpg 172w\" sizes=\"(max-width: 450px) 100vw, 450px\" \/>\t\t\t\t\t\t\t\t<\/a>\n\t\t\t\t\t\t\t\t\t\t\t\t\t\t\t<\/div>\n\t\t\t\t<\/div>\n\t\t\t\t<div class=\"elementor-element elementor-element-71b7065 premium-header-block premium-lq__none premium-box-lq__none elementor-widget elementor-widget-premium-addon-dual-header\" data-id=\"71b7065\" data-element_type=\"widget\" data-e-type=\"widget\" data-widget_type=\"premium-addon-dual-header.default\">\n\t\t\t\t\t\n\t\t<div class=\"elementor-widget-container\">\n\t\t\t\t\t<h3 class=\"premium-dual-header-first-header \"><span class=\"premium-dual-header-first-span\">Picual <\/span><span class=\"premium-dual-header-second-header \">Saftig und sinnlich<\/span><\/h3> \t\t\t\t<\/div>\n\n\t\t\t\t\t\t<\/div>\n\t\t\t\t<div class=\"elementor-element elementor-element-db440c3 elementor-align-center elementor-invisible elementor-widget elementor-widget-button\" data-id=\"db440c3\" data-element_type=\"widget\" data-e-type=\"widget\" data-settings=\"{&quot;_animation&quot;:&quot;fadeInUp&quot;}\" data-widget_type=\"button.default\">\n\t\t\t\t<div class=\"elementor-widget-container\">\n\t\t\t\t\t\t\t\t\t<div class=\"elementor-button-wrapper\">\n\t\t\t\t\t<a class=\"elementor-button elementor-button-link elementor-size-md elementor-animation-grow\" href=\"https:\/\/lacultivada.com\/de\/comprar-aove\/aove-picual\/\">\n\t\t\t\t\t\t<span class=\"elementor-button-content-wrapper\">\n\t\t\t\t\t\t\t\t\t<span class=\"elementor-button-text\">Kaufen<\/span>\n\t\t\t\t\t<\/span>\n\t\t\t\t\t<\/a>\n\t\t\t\t<\/div>\n\t\t\t\t\t\t\t\t<\/div>\n\t\t\t\t<\/div>\n\t\t\t\t\t<\/div>\n\t\t<\/div>\n\t\t\t\t<div class=\"elementor-column elementor-col-25 elementor-inner-column elementor-element elementor-element-18fb51e\" data-id=\"18fb51e\" data-element_type=\"column\" data-e-type=\"column\">\n\t\t\t<div class=\"elementor-widget-wrap elementor-element-populated\">\n\t\t\t\t\t\t<div class=\"elementor-element elementor-element-83a3748 elementor-widget elementor-widget-image\" data-id=\"83a3748\" data-element_type=\"widget\" data-e-type=\"widget\" data-widget_type=\"image.default\">\n\t\t\t\t<div class=\"elementor-widget-container\">\n\t\t\t\t\t\t\t\t\t\t\t\t\t\t\t\t<a href=\"https:\/\/lacultivada.com\/comprar-aove\/aove-quintaesencia\/\">\n\t\t\t\t\t\t\t<img loading=\"lazy\" decoding=\"async\" width=\"450\" height=\"783\" src=\"https:\/\/lacultivada.com\/wp-content\/uploads\/2023\/04\/AOVE-Eco-Quintaesencia-premium-01.jpg\" class=\"elementor-animation-grow attachment-large size-large wp-image-3200\" alt=\"\" srcset=\"https:\/\/lacultivada.com\/wp-content\/uploads\/2023\/04\/AOVE-Eco-Quintaesencia-premium-01.jpg 450w, https:\/\/lacultivada.com\/wp-content\/uploads\/2023\/04\/AOVE-Eco-Quintaesencia-premium-01-400x696.jpg 400w, https:\/\/lacultivada.com\/wp-content\/uploads\/2023\/04\/AOVE-Eco-Quintaesencia-premium-01-172x300.jpg 172w\" sizes=\"(max-width: 450px) 100vw, 450px\" \/>\t\t\t\t\t\t\t\t<\/a>\n\t\t\t\t\t\t\t\t\t\t\t\t\t\t\t<\/div>\n\t\t\t\t<\/div>\n\t\t\t\t<div class=\"elementor-element elementor-element-730c699 premium-header-block premium-lq__none premium-box-lq__none elementor-widget elementor-widget-premium-addon-dual-header\" data-id=\"730c699\" data-element_type=\"widget\" data-e-type=\"widget\" data-widget_type=\"premium-addon-dual-header.default\">\n\t\t\t\t\t\n\t\t<div class=\"elementor-widget-container\">\n\t\t\t\t\t<h3 class=\"premium-dual-header-first-header \"><span class=\"premium-dual-header-first-span\">Quintaesencia <\/span><span class=\"premium-dual-header-second-header \">\u00c4therisch und best\u00e4ndig<\/span><\/h3> \t\t\t\t<\/div>\n\n\t\t\t\t\t\t<\/div>\n\t\t\t\t<div class=\"elementor-element elementor-element-d6cfa8a elementor-align-center elementor-invisible elementor-widget elementor-widget-button\" data-id=\"d6cfa8a\" data-element_type=\"widget\" data-e-type=\"widget\" data-settings=\"{&quot;_animation&quot;:&quot;fadeInUp&quot;}\" data-widget_type=\"button.default\">\n\t\t\t\t<div class=\"elementor-widget-container\">\n\t\t\t\t\t\t\t\t\t<div class=\"elementor-button-wrapper\">\n\t\t\t\t\t<a class=\"elementor-button elementor-button-link elementor-size-md elementor-animation-grow\" href=\"https:\/\/lacultivada.com\/de\/comprar-aove\/aove-quintaesencia\/\">\n\t\t\t\t\t\t<span class=\"elementor-button-content-wrapper\">\n\t\t\t\t\t\t\t\t\t<span class=\"elementor-button-text\">Kaufen<\/span>\n\t\t\t\t\t<\/span>\n\t\t\t\t\t<\/a>\n\t\t\t\t<\/div>\n\t\t\t\t\t\t\t\t<\/div>\n\t\t\t\t<\/div>\n\t\t\t\t\t<\/div>\n\t\t<\/div>\n\t\t\t\t\t<\/div>\n\t\t<\/section>\n\t\t\t\t\t<\/div>\n\t\t<\/div>\n\t\t\t\t\t<\/div>\n\t\t<\/section>\n\t\t\t\t<\/div>\n\t\t","protected":false},"excerpt":{"rendered":"<p>https:\/\/vimeo.com\/837608365 \u00ab Unser Traum ist es nicht, das beste Oliven\u00f6l der Welt herzustellen,sondern um die Welt mit unserem Oliven\u00f6l zu verbessern. \u00bb Unser Land Freude wird durch Kultivierung geboren Wir sind ein Familienunternehmen, das sich am Vorbild unserer Eltern orientiert, die uns dieses Land vererbt haben. Unser Vater, Pedro Vecino Riera, hat den von unseren [&hellip;]<\/p>\n","protected":false},"author":1,"featured_media":3878,"parent":0,"menu_order":0,"comment_status":"closed","ping_status":"closed","template":"elementor_header_footer","meta":{"ocean_post_layout":"","ocean_both_sidebars_style":"","ocean_both_sidebars_content_width":0,"ocean_both_sidebars_sidebars_width":0,"ocean_sidebar":"0","ocean_second_sidebar":"0","ocean_disable_margins":"enable","ocean_add_body_class":"","ocean_shortcode_before_top_bar":"","ocean_shortcode_after_top_bar":"","ocean_shortcode_before_header":"","ocean_shortcode_after_header":"","ocean_has_shortcode":"","ocean_shortcode_after_title":"","ocean_shortcode_before_footer_widgets":"","ocean_shortcode_after_footer_widgets":"","ocean_shortcode_before_footer_bottom":"","ocean_shortcode_after_footer_bottom":"","ocean_display_top_bar":"default","ocean_display_header":"default","ocean_header_style":"","ocean_center_header_left_menu":"0","ocean_custom_header_template":"0","ocean_custom_logo":0,"ocean_custom_retina_logo":0,"ocean_custom_logo_max_width":0,"ocean_custom_logo_tablet_max_width":0,"ocean_custom_logo_mobile_max_width":0,"ocean_custom_logo_max_height":0,"ocean_custom_logo_tablet_max_height":0,"ocean_custom_logo_mobile_max_height":0,"ocean_header_custom_menu":"0","ocean_menu_typo_font_family":"0","ocean_menu_typo_font_subset":"","ocean_menu_typo_font_size":0,"ocean_menu_typo_font_size_tablet":0,"ocean_menu_typo_font_size_mobile":0,"ocean_menu_typo_font_size_unit":"px","ocean_menu_typo_font_weight":"","ocean_menu_typo_font_weight_tablet":"","ocean_menu_typo_font_weight_mobile":"","ocean_menu_typo_transform":"","ocean_menu_typo_transform_tablet":"","ocean_menu_typo_transform_mobile":"","ocean_menu_typo_line_height":0,"ocean_menu_typo_line_height_tablet":0,"ocean_menu_typo_line_height_mobile":0,"ocean_menu_typo_line_height_unit":"","ocean_menu_typo_spacing":0,"ocean_menu_typo_spacing_tablet":0,"ocean_menu_typo_spacing_mobile":0,"ocean_menu_typo_spacing_unit":"","ocean_menu_link_color":"","ocean_menu_link_color_hover":"","ocean_menu_link_color_active":"","ocean_menu_link_background":"","ocean_menu_link_hover_background":"","ocean_menu_link_active_background":"","ocean_menu_social_links_bg":"","ocean_menu_social_hover_links_bg":"","ocean_menu_social_links_color":"","ocean_menu_social_hover_links_color":"","ocean_disable_title":"default","ocean_disable_heading":"default","ocean_post_title":"","ocean_post_subheading":"","ocean_post_title_style":"","ocean_post_title_background_color":"","ocean_post_title_background":0,"ocean_post_title_bg_image_position":"","ocean_post_title_bg_image_attachment":"","ocean_post_title_bg_image_repeat":"","ocean_post_title_bg_image_size":"","ocean_post_title_height":0,"ocean_post_title_bg_overlay":0.5,"ocean_post_title_bg_overlay_color":"","ocean_disable_breadcrumbs":"default","ocean_breadcrumbs_color":"","ocean_breadcrumbs_separator_color":"","ocean_breadcrumbs_links_color":"","ocean_breadcrumbs_links_hover_color":"","ocean_display_footer_widgets":"default","ocean_display_footer_bottom":"default","ocean_custom_footer_template":"0","footnotes":""},"class_list":["post-7039","page","type-page","status-publish","has-post-thumbnail","hentry","entry","has-media","owp-thumbs-layout-horizontal","owp-btn-normal","owp-tabs-layout-horizontal","has-no-thumbnails","has-product-nav"],"yoast_head":"<!-- This site is optimized with the Yoast SEO plugin v27.4 - https:\/\/yoast.com\/product\/yoast-seo-wordpress\/ -->\n<title>Wer wir sind &#187; La Cultivada<\/title>\n<meta name=\"description\" content=\"Ein Team, das sich daf\u00fcr einsetzt, Ihnen in jedem Tropfen Oliven\u00f6l Spitzenqualit\u00e4t zu bieten. Entdecken Sie unsere Geschichte und unsere einzigartigen und nachhaltigen Oliven\u00f6l!\" \/>\n<meta name=\"robots\" content=\"index, follow, max-snippet:-1, max-image-preview:large, max-video-preview:-1\" \/>\n<link rel=\"canonical\" href=\"https:\/\/lacultivada.com\/de\/wer-wir-sind\/\" \/>\n<meta property=\"og:locale\" content=\"de_DE\" \/>\n<meta property=\"og:type\" content=\"article\" \/>\n<meta property=\"og:title\" content=\"\u00dcber uns &gt; La Cultivada Team\" \/>\n<meta property=\"og:description\" content=\"Wir sind ein Team, das es sich zur Aufgabe gemacht hat, Ihnen mit jedem Tropfen Oliven\u00f6l Spitzenqualit\u00e4t zu bieten. Entdecken Sie unsere Geschichte und unsere einzigartigen und nachhaltigen Oliven\u00f6l! \u25b7\" \/>\n<meta property=\"og:url\" content=\"https:\/\/lacultivada.com\/de\/wer-wir-sind\/\" \/>\n<meta property=\"og:site_name\" content=\"La Cultivada\" \/>\n<meta property=\"article:publisher\" content=\"https:\/\/www.facebook.com\/lacultivadaaceitedeolivavirgenextra\/\" \/>\n<meta property=\"article:modified_time\" content=\"2026-03-10T18:18:56+00:00\" \/>\n<meta property=\"og:image\" content=\"https:\/\/lacultivada.com\/wp-content\/uploads\/2023\/05\/catas-aove-premium.jpg\" \/>\n<meta name=\"twitter:card\" content=\"summary_large_image\" \/>\n<meta name=\"twitter:title\" content=\"\u00dcber uns &gt; La Cultivada Team\" \/>\n<meta name=\"twitter:description\" content=\"Wir sind ein Team, das es sich zur Aufgabe gemacht hat, Ihnen mit jedem Tropfen Oliven\u00f6l Spitzenqualit\u00e4t zu bieten. Entdecken Sie unsere Geschichte und unsere einzigartigen und nachhaltigen Oliven\u00f6l! \u25b7\" \/>\n<meta name=\"twitter:image\" content=\"https:\/\/lacultivada.com\/wp-content\/uploads\/2023\/05\/catas-aove-premium.jpg\" \/>\n<meta name=\"twitter:label1\" content=\"Gesch\u00e4tzte Lesezeit\" \/>\n\t<meta name=\"twitter:data1\" content=\"6\u00a0Minuten\" \/>\n<script type=\"application\/ld+json\" class=\"yoast-schema-graph\">{\"@context\":\"https:\\\/\\\/schema.org\",\"@graph\":[{\"@type\":\"WebPage\",\"@id\":\"https:\\\/\\\/lacultivada.com\\\/de\\\/wer-wir-sind\\\/\",\"url\":\"https:\\\/\\\/lacultivada.com\\\/de\\\/wer-wir-sind\\\/\",\"name\":\"Wer wir sind &#187; La Cultivada\",\"isPartOf\":{\"@id\":\"https:\\\/\\\/lacultivada.com\\\/de\\\/#website\"},\"primaryImageOfPage\":{\"@id\":\"https:\\\/\\\/lacultivada.com\\\/de\\\/wer-wir-sind\\\/#primaryimage\"},\"image\":{\"@id\":\"https:\\\/\\\/lacultivada.com\\\/de\\\/wer-wir-sind\\\/#primaryimage\"},\"thumbnailUrl\":\"https:\\\/\\\/lacultivada.com\\\/wp-content\\\/uploads\\\/2023\\\/05\\\/catas-aove-premium.jpg\",\"datePublished\":\"2023-06-08T11:16:23+00:00\",\"dateModified\":\"2026-03-10T18:18:56+00:00\",\"description\":\"Ein Team, das sich daf\u00fcr einsetzt, Ihnen in jedem Tropfen Oliven\u00f6l Spitzenqualit\u00e4t zu bieten. Entdecken Sie unsere Geschichte und unsere einzigartigen und nachhaltigen Oliven\u00f6l!\",\"breadcrumb\":{\"@id\":\"https:\\\/\\\/lacultivada.com\\\/de\\\/wer-wir-sind\\\/#breadcrumb\"},\"inLanguage\":\"de\",\"potentialAction\":[{\"@type\":\"ReadAction\",\"target\":[\"https:\\\/\\\/lacultivada.com\\\/de\\\/wer-wir-sind\\\/\"]}]},{\"@type\":\"ImageObject\",\"inLanguage\":\"de\",\"@id\":\"https:\\\/\\\/lacultivada.com\\\/de\\\/wer-wir-sind\\\/#primaryimage\",\"url\":\"https:\\\/\\\/lacultivada.com\\\/wp-content\\\/uploads\\\/2023\\\/05\\\/catas-aove-premium.jpg\",\"contentUrl\":\"https:\\\/\\\/lacultivada.com\\\/wp-content\\\/uploads\\\/2023\\\/05\\\/catas-aove-premium.jpg\",\"width\":512,\"height\":512,\"caption\":\"cata aceite olive virgen extra La Cultivada\"},{\"@type\":\"BreadcrumbList\",\"@id\":\"https:\\\/\\\/lacultivada.com\\\/de\\\/wer-wir-sind\\\/#breadcrumb\",\"itemListElement\":[{\"@type\":\"ListItem\",\"position\":1,\"name\":\"Portada\",\"item\":\"https:\\\/\\\/lacultivada.com\\\/de\\\/startseite\\\/\"},{\"@type\":\"ListItem\",\"position\":2,\"name\":\"Wer wir sind\"}]},{\"@type\":\"WebSite\",\"@id\":\"https:\\\/\\\/lacultivada.com\\\/de\\\/#website\",\"url\":\"https:\\\/\\\/lacultivada.com\\\/de\\\/\",\"name\":\"La Cultivada\",\"description\":\"AOVE Ecol\u00f3gico y Premium\",\"publisher\":{\"@id\":\"https:\\\/\\\/lacultivada.com\\\/de\\\/#organization\"},\"potentialAction\":[{\"@type\":\"SearchAction\",\"target\":{\"@type\":\"EntryPoint\",\"urlTemplate\":\"https:\\\/\\\/lacultivada.com\\\/de\\\/?s={search_term_string}\"},\"query-input\":{\"@type\":\"PropertyValueSpecification\",\"valueRequired\":true,\"valueName\":\"search_term_string\"}}],\"inLanguage\":\"de\"},{\"@type\":\"Organization\",\"@id\":\"https:\\\/\\\/lacultivada.com\\\/de\\\/#organization\",\"name\":\"La Cultivada\",\"alternateName\":\"La Cultivada\",\"url\":\"https:\\\/\\\/lacultivada.com\\\/de\\\/\",\"logo\":{\"@type\":\"ImageObject\",\"inLanguage\":\"de\",\"@id\":\"https:\\\/\\\/lacultivada.com\\\/de\\\/#\\\/schema\\\/logo\\\/image\\\/\",\"url\":\"https:\\\/\\\/lacultivada.com\\\/wp-content\\\/uploads\\\/2022\\\/12\\\/la-cultivada-aceites-aove.png\",\"contentUrl\":\"https:\\\/\\\/lacultivada.com\\\/wp-content\\\/uploads\\\/2022\\\/12\\\/la-cultivada-aceites-aove.png\",\"width\":726,\"height\":171,\"caption\":\"La Cultivada\"},\"image\":{\"@id\":\"https:\\\/\\\/lacultivada.com\\\/de\\\/#\\\/schema\\\/logo\\\/image\\\/\"},\"sameAs\":[\"https:\\\/\\\/www.facebook.com\\\/lacultivadaaceitedeolivavirgenextra\\\/\",\"https:\\\/\\\/www.instagram.com\\\/lacultivada\\\/\",\"https:\\\/\\\/www.youtube.com\\\/channel\\\/UCBEydcW4H3FqXkBMAaueJ9A\"]}]}<\/script>\n<!-- \/ Yoast SEO plugin. -->","yoast_head_json":{"title":"Wer wir sind &#187; La Cultivada","description":"Ein Team, das sich daf\u00fcr einsetzt, Ihnen in jedem Tropfen Oliven\u00f6l Spitzenqualit\u00e4t zu bieten. Entdecken Sie unsere Geschichte und unsere einzigartigen und nachhaltigen Oliven\u00f6l!","robots":{"index":"index","follow":"follow","max-snippet":"max-snippet:-1","max-image-preview":"max-image-preview:large","max-video-preview":"max-video-preview:-1"},"canonical":"https:\/\/lacultivada.com\/de\/wer-wir-sind\/","og_locale":"de_DE","og_type":"article","og_title":"\u00dcber uns > La Cultivada Team","og_description":"Wir sind ein Team, das es sich zur Aufgabe gemacht hat, Ihnen mit jedem Tropfen Oliven\u00f6l Spitzenqualit\u00e4t zu bieten. Entdecken Sie unsere Geschichte und unsere einzigartigen und nachhaltigen Oliven\u00f6l! \u25b7","og_url":"https:\/\/lacultivada.com\/de\/wer-wir-sind\/","og_site_name":"La Cultivada","article_publisher":"https:\/\/www.facebook.com\/lacultivadaaceitedeolivavirgenextra\/","article_modified_time":"2026-03-10T18:18:56+00:00","og_image":[{"url":"https:\/\/lacultivada.com\/wp-content\/uploads\/2023\/05\/catas-aove-premium.jpg","type":"","width":"","height":""}],"twitter_card":"summary_large_image","twitter_title":"\u00dcber uns > La Cultivada Team","twitter_description":"Wir sind ein Team, das es sich zur Aufgabe gemacht hat, Ihnen mit jedem Tropfen Oliven\u00f6l Spitzenqualit\u00e4t zu bieten. Entdecken Sie unsere Geschichte und unsere einzigartigen und nachhaltigen Oliven\u00f6l! \u25b7","twitter_image":"https:\/\/lacultivada.com\/wp-content\/uploads\/2023\/05\/catas-aove-premium.jpg","twitter_misc":{"Gesch\u00e4tzte Lesezeit":"6\u00a0Minuten"},"schema":{"@context":"https:\/\/schema.org","@graph":[{"@type":"WebPage","@id":"https:\/\/lacultivada.com\/de\/wer-wir-sind\/","url":"https:\/\/lacultivada.com\/de\/wer-wir-sind\/","name":"Wer wir sind &#187; La Cultivada","isPartOf":{"@id":"https:\/\/lacultivada.com\/de\/#website"},"primaryImageOfPage":{"@id":"https:\/\/lacultivada.com\/de\/wer-wir-sind\/#primaryimage"},"image":{"@id":"https:\/\/lacultivada.com\/de\/wer-wir-sind\/#primaryimage"},"thumbnailUrl":"https:\/\/lacultivada.com\/wp-content\/uploads\/2023\/05\/catas-aove-premium.jpg","datePublished":"2023-06-08T11:16:23+00:00","dateModified":"2026-03-10T18:18:56+00:00","description":"Ein Team, das sich daf\u00fcr einsetzt, Ihnen in jedem Tropfen Oliven\u00f6l Spitzenqualit\u00e4t zu bieten. Entdecken Sie unsere Geschichte und unsere einzigartigen und nachhaltigen Oliven\u00f6l!","breadcrumb":{"@id":"https:\/\/lacultivada.com\/de\/wer-wir-sind\/#breadcrumb"},"inLanguage":"de","potentialAction":[{"@type":"ReadAction","target":["https:\/\/lacultivada.com\/de\/wer-wir-sind\/"]}]},{"@type":"ImageObject","inLanguage":"de","@id":"https:\/\/lacultivada.com\/de\/wer-wir-sind\/#primaryimage","url":"https:\/\/lacultivada.com\/wp-content\/uploads\/2023\/05\/catas-aove-premium.jpg","contentUrl":"https:\/\/lacultivada.com\/wp-content\/uploads\/2023\/05\/catas-aove-premium.jpg","width":512,"height":512,"caption":"cata aceite olive virgen extra La Cultivada"},{"@type":"BreadcrumbList","@id":"https:\/\/lacultivada.com\/de\/wer-wir-sind\/#breadcrumb","itemListElement":[{"@type":"ListItem","position":1,"name":"Portada","item":"https:\/\/lacultivada.com\/de\/startseite\/"},{"@type":"ListItem","position":2,"name":"Wer wir sind"}]},{"@type":"WebSite","@id":"https:\/\/lacultivada.com\/de\/#website","url":"https:\/\/lacultivada.com\/de\/","name":"La Cultivada","description":"AOVE Ecol\u00f3gico y Premium","publisher":{"@id":"https:\/\/lacultivada.com\/de\/#organization"},"potentialAction":[{"@type":"SearchAction","target":{"@type":"EntryPoint","urlTemplate":"https:\/\/lacultivada.com\/de\/?s={search_term_string}"},"query-input":{"@type":"PropertyValueSpecification","valueRequired":true,"valueName":"search_term_string"}}],"inLanguage":"de"},{"@type":"Organization","@id":"https:\/\/lacultivada.com\/de\/#organization","name":"La Cultivada","alternateName":"La Cultivada","url":"https:\/\/lacultivada.com\/de\/","logo":{"@type":"ImageObject","inLanguage":"de","@id":"https:\/\/lacultivada.com\/de\/#\/schema\/logo\/image\/","url":"https:\/\/lacultivada.com\/wp-content\/uploads\/2022\/12\/la-cultivada-aceites-aove.png","contentUrl":"https:\/\/lacultivada.com\/wp-content\/uploads\/2022\/12\/la-cultivada-aceites-aove.png","width":726,"height":171,"caption":"La Cultivada"},"image":{"@id":"https:\/\/lacultivada.com\/de\/#\/schema\/logo\/image\/"},"sameAs":["https:\/\/www.facebook.com\/lacultivadaaceitedeolivavirgenextra\/","https:\/\/www.instagram.com\/lacultivada\/","https:\/\/www.youtube.com\/channel\/UCBEydcW4H3FqXkBMAaueJ9A"]}]}},"_links":{"self":[{"href":"https:\/\/lacultivada.com\/de\/wp-json\/wp\/v2\/pages\/7039","targetHints":{"allow":["GET"]}}],"collection":[{"href":"https:\/\/lacultivada.com\/de\/wp-json\/wp\/v2\/pages"}],"about":[{"href":"https:\/\/lacultivada.com\/de\/wp-json\/wp\/v2\/types\/page"}],"author":[{"embeddable":true,"href":"https:\/\/lacultivada.com\/de\/wp-json\/wp\/v2\/users\/1"}],"replies":[{"embeddable":true,"href":"https:\/\/lacultivada.com\/de\/wp-json\/wp\/v2\/comments?post=7039"}],"version-history":[{"count":8,"href":"https:\/\/lacultivada.com\/de\/wp-json\/wp\/v2\/pages\/7039\/revisions"}],"predecessor-version":[{"id":28956,"href":"https:\/\/lacultivada.com\/de\/wp-json\/wp\/v2\/pages\/7039\/revisions\/28956"}],"wp:featuredmedia":[{"embeddable":true,"href":"https:\/\/lacultivada.com\/de\/wp-json\/wp\/v2\/media\/3878"}],"wp:attachment":[{"href":"https:\/\/lacultivada.com\/de\/wp-json\/wp\/v2\/media?parent=7039"}],"curies":[{"name":"wp","href":"https:\/\/api.w.org\/{rel}","templated":true}]}}